{"id":4823,"date":"2022-09-12T13:53:32","date_gmt":"2022-09-12T13:53:32","guid":{"rendered":"https:\/\/www.acib.pt\/?page_id=4823"},"modified":"2026-04-14T14:56:33","modified_gmt":"2026-04-14T14:56:33","slug":"servicos","status":"publish","type":"page","link":"https:\/\/www.acib.pt\/index.php\/servicos\/","title":{"rendered":"Servi\u00e7os"},"content":{"rendered":"\t\t<div data-elementor-type=\"wp-page\" data-elementor-id=\"4823\" class=\"elementor elementor-4823\">\n\t\t\t\t\t\t<section class=\"elementor-section elementor-top-section elementor-element elementor-element-3b34715 elementor-section-boxed elementor-section-height-default elementor-section-height-default\" data-id=\"3b34715\" data-element_type=\"section\" id=\"servicos\">\n\t\t\t\t\t\t<div class=\"elementor-container elementor-column-gap-default\">\n\t\t\t\t\t<div class=\"elementor-column elementor-col-100 elementor-top-column elementor-element elementor-element-d08b074\" data-id=\"d08b074\" data-element_type=\"column\">\n\t\t\t<div class=\"elementor-widget-wrap elementor-element-populated\">\n\t\t\t\t\t\t<div class=\"elementor-element elementor-element-3e9175a elementor-widget elementor-widget-slider_revolution\" data-id=\"3e9175a\" data-element_type=\"widget\" data-widget_type=\"slider_revolution.default\">\n\t\t\t\t<div class=\"elementor-widget-container\">\n\t\t\t\t\t\r\n\t\t<div class=\"wp-block-themepunch-revslider\">\n\t\t\t<!-- START Servicos REVOLUTION SLIDER 6.3.9 --><p class=\"rs-p-wp-fix\"><\/p>\n\t\t\t<rs-module-wrap id=\"rev_slider_4_1_wrapper\" data-source=\"gallery\" style=\"background:transparent;padding:0;margin:0px auto;margin-top:0;margin-bottom:0;\">\n\t\t\t\t<rs-module id=\"rev_slider_4_1\" style=\"\" data-version=\"6.3.9\">\n\t\t\t\t\t<rs-slides>\n\t\t\t\t\t\t<rs-slide data-key=\"rs-8\" data-title=\"Slide\" data-anim=\"ei:d;eo:d;s:1000;r:0;t:fade;sl:0;\">\n\t\t\t\t\t\t\t<img fetchpriority=\"high\" decoding=\"async\" src=\"\/\/www.acib.pt\/wp-content\/uploads\/2022\/08\/ACIB_Banner_SERVICOS.jpg\" title=\"ACIB_Banner_SERVICOS\" width=\"1920\" height=\"540\" class=\"rev-slidebg\" data-no-retina>\n<!--\n\t\t\t\t\t\t\t--><rs-group\n\t\t\t\t\t\t\t\tid=\"slider-4-slide-8-layer-7\" \n\t\t\t\t\t\t\t\tdata-type=\"group\"\n\t\t\t\t\t\t\t\tdata-rsp_ch=\"on\"\n\t\t\t\t\t\t\t\tdata-xy=\"xo:581px,479px,363px,223px;yo:947px,782px,594px,366px;\"\n\t\t\t\t\t\t\t\tdata-text=\"w:normal;s:20,16,12,7;l:0,20,15,9;\"\n\t\t\t\t\t\t\t\tdata-dim=\"w:78px,64px,48px,29px;h:86px,71px,53px,32px;\"\n\t\t\t\t\t\t\t\tdata-frame_0=\"o:1;\"\n\t\t\t\t\t\t\t\tdata-frame_999=\"o:0;st:w;sA:9000;\"\n\t\t\t\t\t\t\t\tstyle=\"z-index:12;\"\n\t\t\t\t\t\t\t><!--\t\t\t\t\t\t\t--><\/rs-group><!--\n\n\t\t\t\t\t\t\t--><rs-layer\n\t\t\t\t\t\t\t\tid=\"slider-4-slide-8-layer-0\" \n\t\t\t\t\t\t\t\tdata-type=\"text\"\n\t\t\t\t\t\t\t\tdata-color=\"#0c0c0c\"\n\t\t\t\t\t\t\t\tdata-rsp_ch=\"on\"\n\t\t\t\t\t\t\t\tdata-xy=\"x:c;y:m;\"\n\t\t\t\t\t\t\t\tdata-text=\"w:normal;s:70,67,53,36;l:87,81,63,42;a:center;\"\n\t\t\t\t\t\t\t\tdata-frame_999=\"o:0;st:w;\"\n\t\t\t\t\t\t\t\tstyle=\"z-index:9;font-family:Montserrat;text-transform:uppercase;\"\n\t\t\t\t\t\t\t>Servi\u00e7os \n\t\t\t\t\t\t\t<\/rs-layer><!--\n\n\t\t\t\t\t\t\t--><rs-layer\n\t\t\t\t\t\t\t\tid=\"slider-4-slide-8-layer-1\" \n\t\t\t\t\t\t\t\tdata-type=\"shape\"\n\t\t\t\t\t\t\t\tdata-rsp_ch=\"on\"\n\t\t\t\t\t\t\t\tdata-xy=\"x:c;y:m;\"\n\t\t\t\t\t\t\t\tdata-text=\"w:normal;s:20,16,12,7;l:0,20,15,9;\"\n\t\t\t\t\t\t\t\tdata-dim=\"w:100%;h:100%;\"\n\t\t\t\t\t\t\t\tdata-vbility=\"f,f,f,f\"\n\t\t\t\t\t\t\t\tdata-basealign=\"slide\"\n\t\t\t\t\t\t\t\tdata-frame_999=\"o:0;st:w;\"\n\t\t\t\t\t\t\t\tstyle=\"z-index:8;background-color:rgba(0,0,0,0.3);\"\n\t\t\t\t\t\t\t> \n\t\t\t\t\t\t\t<\/rs-layer><!--\n\n\t\t\t\t\t\t\t--><rs-layer\n\t\t\t\t\t\t\t\tid=\"slider-4-slide-8-layer-2\" \n\t\t\t\t\t\t\t\tdata-type=\"object\"\n\t\t\t\t\t\t\t\tdata-rsp_ch=\"on\"\n\t\t\t\t\t\t\t\tdata-xy=\"xo:50px,41px,31px,19px;yo:67px,55px,41px,25px;\"\n\t\t\t\t\t\t\t\tdata-text=\"w:normal;s:20,16,12,7;l:0,20,15,9;\"\n\t\t\t\t\t\t\t\tdata-frame_999=\"o:0;st:w;\"\n\t\t\t\t\t\t\t\tstyle=\"z-index:10;font-family:Roboto;\"\n\t\t\t\t\t\t\t> \n\t\t\t\t\t\t\t<\/rs-layer><!--\n-->\t\t\t\t\t\t<\/rs-slide>\n\t\t\t\t\t<\/rs-slides>\n\t\t\t\t<\/rs-module>\n\t\t\t\t<script type=\"text\/javascript\">\n\t\t\t\t\tsetREVStartSize({c: 'rev_slider_4_1',rl:[1240,1024,778,480],el:[540,768,960,720],gw:[1240,1024,778,480],gh:[540,540,540,540],type:'standard',justify:'',layout:'fullwidth',mh:\"0\"});\n\t\t\t\t\tvar\trevapi4,\n\t\t\t\t\t\ttpj;\n\t\t\t\t\tfunction revinit_revslider41() {\n\t\t\t\t\tjQuery(function() {\n\t\t\t\t\t\ttpj = jQuery;\n\t\t\t\t\t\trevapi4 = tpj(\"#rev_slider_4_1\");\n\t\t\t\t\t\tif(revapi4==undefined || revapi4.revolution == undefined){\n\t\t\t\t\t\t\trevslider_showDoubleJqueryError(\"rev_slider_4_1\");\n\t\t\t\t\t\t}else{\n\t\t\t\t\t\t\trevapi4.revolution({\n\t\t\t\t\t\t\t\tsliderLayout:\"fullwidth\",\n\t\t\t\t\t\t\t\tvisibilityLevels:\"1240,1024,778,480\",\n\t\t\t\t\t\t\t\tgridwidth:\"1240,1024,778,480\",\n\t\t\t\t\t\t\t\tgridheight:\"540,540,540,540\",\n\t\t\t\t\t\t\t\tperspective:600,\n\t\t\t\t\t\t\t\tperspectiveType:\"global\",\n\t\t\t\t\t\t\t\teditorheight:\"540,768,960,720\",\n\t\t\t\t\t\t\t\tresponsiveLevels:\"1240,1024,778,480\",\n\t\t\t\t\t\t\t\tprogressBar:{disableProgressBar:true},\n\t\t\t\t\t\t\t\tnavigation: {\n\t\t\t\t\t\t\t\t\tonHoverStop:false\n\t\t\t\t\t\t\t\t},\n\t\t\t\t\t\t\t\tfallbacks: {\n\t\t\t\t\t\t\t\t\tallowHTML5AutoPlayOnAndroid:true\n\t\t\t\t\t\t\t\t},\n\t\t\t\t\t\t\t});\n\t\t\t\t\t\t}\n\t\t\t\t\t\t\n\t\t\t\t\t});\n\t\t\t\t\t} \/\/ End of RevInitScript\n\t\t\t\tvar once_revslider41 = false;\n\t\t\t\tif (document.readyState === \"loading\") {document.addEventListener('readystatechange',function() { if((document.readyState === \"interactive\" || document.readyState === \"complete\") && !once_revslider41 ) { once_revslider41 = true; revinit_revslider41();}});} else {once_revslider41 = true; revinit_revslider41();}\n\t\t\t\t<\/script>\n\t\t\t<\/rs-module-wrap>\n\t\t\t<!-- END REVOLUTION SLIDER -->\n<\/div>\r\n\r\n\t\t\t\t\t\t<\/div>\n\t\t\t\t<\/div>\n\t\t\t\t\t<\/div>\n\t\t<\/div>\n\t\t\t\t\t<\/div>\n\t\t<\/section>\n\t\t\t\t<section class=\"elementor-section elementor-top-section elementor-element elementor-element-8937c40 elementor-section-boxed elementor-section-height-default elementor-section-height-default\" data-id=\"8937c40\" data-element_type=\"section\">\n\t\t\t\t\t\t<div class=\"elementor-container elementor-column-gap-default\">\n\t\t\t\t\t<div class=\"elementor-column elementor-col-100 elementor-top-column elementor-element elementor-element-0b20aaf\" data-id=\"0b20aaf\" data-element_type=\"column\">\n\t\t\t<div class=\"elementor-widget-wrap elementor-element-populated\">\n\t\t\t\t\t\t<div class=\"elementor-element elementor-element-9558122 elementor-widget elementor-widget-heading\" data-id=\"9558122\" data-element_type=\"widget\" data-widget_type=\"heading.default\">\n\t\t\t\t<div class=\"elementor-widget-container\">\n\t\t\t\t\t<h3 class=\"elementor-heading-title elementor-size-default\">SERVI\u00c7OS <\/h3>\t\t\t\t<\/div>\n\t\t\t\t<\/div>\n\t\t\t\t<div class=\"elementor-element elementor-element-853507e elementor-widget-divider--view-line elementor-widget elementor-widget-divider\" data-id=\"853507e\" data-element_type=\"widget\" data-widget_type=\"divider.default\">\n\t\t\t\t<div class=\"elementor-widget-container\">\n\t\t\t\t\t\t\t<div class=\"elementor-divider\">\n\t\t\t<span class=\"elementor-divider-separator\">\n\t\t\t\t\t\t<\/span>\n\t\t<\/div>\n\t\t\t\t\t\t<\/div>\n\t\t\t\t<\/div>\n\t\t\t\t<div class=\"elementor-element elementor-element-b40a9aa paragraph-text elementor-widget elementor-widget-text-editor\" data-id=\"b40a9aa\" data-element_type=\"widget\" data-widget_type=\"text-editor.default\">\n\t\t\t\t<div class=\"elementor-widget-container\">\n\t\t\t\t\t\t\t\t\tA ACIB integra uma Equipa T\u00e9cnica, com profissionais qualificados em val\u00eancias distintas, que lidam diariamente com as Empresas, ouvindo e percebendo as suas necessidades, partilhando informa\u00e7\u00e3o que seja relevante para os Empres\u00e1rios e Gestores.\t\t\t\t\t\t\t\t<\/div>\n\t\t\t\t<\/div>\n\t\t\t\t<div class=\"elementor-element elementor-element-800d2ca paragraph-text elementor-widget elementor-widget-text-editor\" data-id=\"800d2ca\" data-element_type=\"widget\" data-widget_type=\"text-editor.default\">\n\t\t\t\t<div class=\"elementor-widget-container\">\n\t\t\t\t\t\t\t\t\tA experi\u00eancia adquirida, junto \u00e0 realidade empresarial da Regi\u00e3o, possibilitou desenvolver v\u00e1rios Servi\u00e7os especializados, para apoio ao Empres\u00e1rio Associado, em \u00e1reas importantes na sua atividade, ou na ajuda ao Empreendedor, que pretende desenvolver e instalar um novo projeto.\t\t\t\t\t\t\t\t<\/div>\n\t\t\t\t<\/div>\n\t\t\t\t<div class=\"elementor-element elementor-element-3b3092f paragraph-text elementor-widget elementor-widget-text-editor\" data-id=\"3b3092f\" data-element_type=\"widget\" data-widget_type=\"text-editor.default\">\n\t\t\t\t<div class=\"elementor-widget-container\">\n\t\t\t\t\t\t\t\t\tDestacamos os seguintes servi\u00e7os:\t\t\t\t\t\t\t\t<\/div>\n\t\t\t\t<\/div>\n\t\t\t\t<div class=\"elementor-element elementor-element-f111b0b paragraph-text elementor-widget elementor-widget-text-editor\" data-id=\"f111b0b\" data-element_type=\"widget\" data-widget_type=\"text-editor.default\">\n\t\t\t\t<div class=\"elementor-widget-container\">\n\t\t\t\t\t\t\t\t\t<ul class=\"custom-list\"><li><p>APOIO AO ASSOCIADO ;<\/p><\/li><li>APOIO AO EMPREENDEDOR;<\/li><li>RH \/ EMPREGO;<\/li><li>FORMA\u00c7\u00c3O PROFISSIONAL;<\/li><li>HIGIENE, SEGURAN\u00c7A E AMBIENTE;<\/li><li>PROJETOS DE APOIO AO INVESTIMENTO;<\/li><li>ESPA\u00c7OS, EQUIPAMENTOS E APOIO A EVENTOS.<\/li><\/ul>\t\t\t\t\t\t\t\t<\/div>\n\t\t\t\t<\/div>\n\t\t\t\t\t<\/div>\n\t\t<\/div>\n\t\t\t\t\t<\/div>\n\t\t<\/section>\n\t\t\t\t<section class=\"elementor-section elementor-top-section elementor-element elementor-element-c04d788 elementor-section-boxed elementor-section-height-default elementor-section-height-default\" data-id=\"c04d788\" data-element_type=\"section\">\n\t\t\t\t\t\t<div class=\"elementor-container elementor-column-gap-default\">\n\t\t\t\t\t<div class=\"elementor-column elementor-col-100 elementor-top-column elementor-element elementor-element-4444c8a\" data-id=\"4444c8a\" data-element_type=\"column\">\n\t\t\t<div class=\"elementor-widget-wrap elementor-element-populated\">\n\t\t\t\t\t\t<div class=\"elementor-element elementor-element-91c03c2 elementor-widget elementor-widget-heading\" data-id=\"91c03c2\" data-element_type=\"widget\" data-widget_type=\"heading.default\">\n\t\t\t\t<div class=\"elementor-widget-container\">\n\t\t\t\t\t<h3 class=\"elementor-heading-title elementor-size-default\">APOIO AO ASSOCIADO <\/h3>\t\t\t\t<\/div>\n\t\t\t\t<\/div>\n\t\t\t\t<div class=\"elementor-element elementor-element-d723960 elementor-widget-divider--view-line elementor-widget elementor-widget-divider\" data-id=\"d723960\" data-element_type=\"widget\" data-widget_type=\"divider.default\">\n\t\t\t\t<div class=\"elementor-widget-container\">\n\t\t\t\t\t\t\t<div class=\"elementor-divider\">\n\t\t\t<span class=\"elementor-divider-separator\">\n\t\t\t\t\t\t<\/span>\n\t\t<\/div>\n\t\t\t\t\t\t<\/div>\n\t\t\t\t<\/div>\n\t\t\t\t<div class=\"elementor-element elementor-element-f7ace76 paragraph-text elementor-widget elementor-widget-text-editor\" data-id=\"f7ace76\" data-element_type=\"widget\" data-widget_type=\"text-editor.default\">\n\t\t\t\t<div class=\"elementor-widget-container\">\n\t\t\t\t\t\t\t\t\tA Equipa ACIB disponibiliza servi\u00e7os e informa\u00e7\u00e3o de apoio\/suporte ao Associado, nas seguintes \u00e1reas:\t\t\t\t\t\t\t\t<\/div>\n\t\t\t\t<\/div>\n\t\t\t\t<section class=\"elementor-section elementor-inner-section elementor-element elementor-element-5a0f5cf elementor-section-boxed elementor-section-height-default elementor-section-height-default\" data-id=\"5a0f5cf\" data-element_type=\"section\">\n\t\t\t\t\t\t<div class=\"elementor-container elementor-column-gap-default\">\n\t\t\t\t\t<div class=\"elementor-column elementor-col-50 elementor-inner-column elementor-element elementor-element-279f011\" data-id=\"279f011\" data-element_type=\"column\">\n\t\t\t<div class=\"elementor-widget-wrap elementor-element-populated\">\n\t\t\t\t\t\t<div class=\"elementor-element elementor-element-3f72da8 elementor-widget elementor-widget-toggle\" data-id=\"3f72da8\" data-element_type=\"widget\" data-widget_type=\"toggle.default\">\n\t\t\t\t<div class=\"elementor-widget-container\">\n\t\t\t\t\t\t\t<div class=\"elementor-toggle\">\n\t\t\t\t\t\t\t<div class=\"elementor-toggle-item\">\n\t\t\t\t\t<div id=\"elementor-tab-title-6651\" class=\"elementor-tab-title\" data-tab=\"1\" role=\"button\" aria-controls=\"elementor-tab-content-6651\" aria-expanded=\"false\">\n\t\t\t\t\t\t\t\t\t\t\t\t<span class=\"elementor-toggle-icon elementor-toggle-icon-left\" aria-hidden=\"true\">\n\t\t\t\t\t\t\t\t\t\t\t\t\t\t\t<span class=\"elementor-toggle-icon-closed\"><i class=\"fas fa-plus\"><\/i><\/span>\n\t\t\t\t\t\t\t\t<span class=\"elementor-toggle-icon-opened\"><i class=\"elementor-toggle-icon-opened fas fa-minus\"><\/i><\/span>\n\t\t\t\t\t\t\t\t\t\t\t\t\t<\/span>\n\t\t\t\t\t\t\t\t\t\t\t\t<a class=\"elementor-toggle-title\" tabindex=\"0\">Legisla\u00e7\u00e3o obrigat\u00f3ria<\/a>\n\t\t\t\t\t<\/div>\n\n\t\t\t\t\t<div id=\"elementor-tab-content-6651\" class=\"elementor-tab-content elementor-clearfix\" data-tab=\"1\" role=\"region\" aria-labelledby=\"elementor-tab-title-6651\"><p>O Associado ACIB conta com apoio jur\u00eddico, para esclarecimento de aspetos legislativos relacionados com a sua atividade.<\/p><p>A nossa Equipa T\u00e9cnica, regularmente, divulga informa\u00e7\u00e3o sobre legisla\u00e7\u00e3o publicada, que seja considerada relevante para a atividade Empresarial, nomeadamente nas \u00e1reas de:<\/p><ul class=\"custom-list\"><li>Legisla\u00e7\u00e3o comercial;<\/li><li>Legisla\u00e7\u00e3o fiscal;<\/li><li>Legisla\u00e7\u00e3o empresarial;<\/li><li>Legisla\u00e7\u00e3o laboral e seguran\u00e7a social.<\/li><\/ul><\/div>\n\t\t\t\t<\/div>\n\t\t\t\t\t\t\t<div class=\"elementor-toggle-item\">\n\t\t\t\t\t<div id=\"elementor-tab-title-6652\" class=\"elementor-tab-title\" data-tab=\"2\" role=\"button\" aria-controls=\"elementor-tab-content-6652\" aria-expanded=\"false\">\n\t\t\t\t\t\t\t\t\t\t\t\t<span class=\"elementor-toggle-icon elementor-toggle-icon-left\" aria-hidden=\"true\">\n\t\t\t\t\t\t\t\t\t\t\t\t\t\t\t<span class=\"elementor-toggle-icon-closed\"><i class=\"fas fa-plus\"><\/i><\/span>\n\t\t\t\t\t\t\t\t<span class=\"elementor-toggle-icon-opened\"><i class=\"elementor-toggle-icon-opened fas fa-minus\"><\/i><\/span>\n\t\t\t\t\t\t\t\t\t\t\t\t\t<\/span>\n\t\t\t\t\t\t\t\t\t\t\t\t<a class=\"elementor-toggle-title\" tabindex=\"0\">Recursos Humanos<\/a>\n\t\t\t\t\t<\/div>\n\n\t\t\t\t\t<div id=\"elementor-tab-content-6652\" class=\"elementor-tab-content elementor-clearfix\" data-tab=\"2\" role=\"region\" aria-labelledby=\"elementor-tab-title-6652\"><ul class=\"custom-list\"><li><p>Apoios \u00e0 contrata\u00e7\u00e3o de Recursos Humanos;<\/p><\/li><li>Recrutamento e Gest\u00e3o de Recursos Humanos.<\/li><li style=\"margin-top: 20px; list-style-type: none;\"><a class=\"btn-saber-mais\" href=\"https:\/\/www.acib.pt\/index.php\/servicos\/#rh-emprego\">Saiba mais<\/a><\/li><\/ul><\/div>\n\t\t\t\t<\/div>\n\t\t\t\t\t\t\t<div class=\"elementor-toggle-item\">\n\t\t\t\t\t<div id=\"elementor-tab-title-6653\" class=\"elementor-tab-title\" data-tab=\"3\" role=\"button\" aria-controls=\"elementor-tab-content-6653\" aria-expanded=\"false\">\n\t\t\t\t\t\t\t\t\t\t\t\t<span class=\"elementor-toggle-icon elementor-toggle-icon-left\" aria-hidden=\"true\">\n\t\t\t\t\t\t\t\t\t\t\t\t\t\t\t<span class=\"elementor-toggle-icon-closed\"><i class=\"fas fa-plus\"><\/i><\/span>\n\t\t\t\t\t\t\t\t<span class=\"elementor-toggle-icon-opened\"><i class=\"elementor-toggle-icon-opened fas fa-minus\"><\/i><\/span>\n\t\t\t\t\t\t\t\t\t\t\t\t\t<\/span>\n\t\t\t\t\t\t\t\t\t\t\t\t<a class=\"elementor-toggle-title\" tabindex=\"0\">HIGIENE, SEGURAN\u00c7A E AMBIENTE<\/a>\n\t\t\t\t\t<\/div>\n\n\t\t\t\t\t<div id=\"elementor-tab-content-6653\" class=\"elementor-tab-content elementor-clearfix\" data-tab=\"3\" role=\"region\" aria-labelledby=\"elementor-tab-title-6653\"><ul class=\"custom-list\"><li><p>HACCP &#8211; Higiene e Seguran\u00e7a Alimentar;<\/p><\/li><li>SST \u2013 Higiene, Sa\u00fade e Seguran\u00e7a no Trabalho;<\/li><li>Ambiente.<\/li><li style=\"margin-top: 20px; list-style-type: none;\"><a class=\"btn-saber-mais\" href=\"https:\/\/www.acib.pt\/index.php\/servicos\/#higiene-seguranca-ambiente\">Saiba mais<\/a><\/li><\/ul><\/div>\n\t\t\t\t<\/div>\n\t\t\t\t\t\t\t<div class=\"elementor-toggle-item\">\n\t\t\t\t\t<div id=\"elementor-tab-title-6654\" class=\"elementor-tab-title\" data-tab=\"4\" role=\"button\" aria-controls=\"elementor-tab-content-6654\" aria-expanded=\"false\">\n\t\t\t\t\t\t\t\t\t\t\t\t<span class=\"elementor-toggle-icon elementor-toggle-icon-left\" aria-hidden=\"true\">\n\t\t\t\t\t\t\t\t\t\t\t\t\t\t\t<span class=\"elementor-toggle-icon-closed\"><i class=\"fas fa-plus\"><\/i><\/span>\n\t\t\t\t\t\t\t\t<span class=\"elementor-toggle-icon-opened\"><i class=\"elementor-toggle-icon-opened fas fa-minus\"><\/i><\/span>\n\t\t\t\t\t\t\t\t\t\t\t\t\t<\/span>\n\t\t\t\t\t\t\t\t\t\t\t\t<a class=\"elementor-toggle-title\" tabindex=\"0\">Networking<\/a>\n\t\t\t\t\t<\/div>\n\n\t\t\t\t\t<div id=\"elementor-tab-content-6654\" class=\"elementor-tab-content elementor-clearfix\" data-tab=\"4\" role=\"region\" aria-labelledby=\"elementor-tab-title-6654\"><ul class=\"custom-list\"><li>Media\u00e7\u00e3o de contatos com Entidades da Regi\u00e3o;<\/li><li>Identifica\u00e7\u00e3o de potenciais parceiros comerciais.<\/li><\/ul><\/div>\n\t\t\t\t<\/div>\n\t\t\t\t\t\t\t<div class=\"elementor-toggle-item\">\n\t\t\t\t\t<div id=\"elementor-tab-title-6655\" class=\"elementor-tab-title\" data-tab=\"5\" role=\"button\" aria-controls=\"elementor-tab-content-6655\" aria-expanded=\"false\">\n\t\t\t\t\t\t\t\t\t\t\t\t<span class=\"elementor-toggle-icon elementor-toggle-icon-left\" aria-hidden=\"true\">\n\t\t\t\t\t\t\t\t\t\t\t\t\t\t\t<span class=\"elementor-toggle-icon-closed\"><i class=\"fas fa-plus\"><\/i><\/span>\n\t\t\t\t\t\t\t\t<span class=\"elementor-toggle-icon-opened\"><i class=\"elementor-toggle-icon-opened fas fa-minus\"><\/i><\/span>\n\t\t\t\t\t\t\t\t\t\t\t\t\t<\/span>\n\t\t\t\t\t\t\t\t\t\t\t\t<a class=\"elementor-toggle-title\" tabindex=\"0\">Livros de Reclama\u00e7\u00f5es<\/a>\n\t\t\t\t\t<\/div>\n\n\t\t\t\t\t<div id=\"elementor-tab-content-6655\" class=\"elementor-tab-content elementor-clearfix\" data-tab=\"5\" role=\"region\" aria-labelledby=\"elementor-tab-title-6655\"><ul class=\"custom-list\"><li>Registo do Livro de Reclama\u00e7\u00f5es Eletr\u00f3nico;<\/li><li>Apoio \u00e0 realiza\u00e7\u00e3o de averbamentos do Livro de Reclama\u00e7\u00f5es na INCM;<\/li><li>Venda de Livro de Reclama\u00e7\u00f5es;<\/li><li>Esclarecimentos diversos acerca desta tem\u00e1tica.<\/li><\/ul><\/div>\n\t\t\t\t<\/div>\n\t\t\t\t\t\t\t\t<\/div>\n\t\t\t\t\t\t<\/div>\n\t\t\t\t<\/div>\n\t\t\t\t\t<\/div>\n\t\t<\/div>\n\t\t\t\t<div class=\"elementor-column elementor-col-50 elementor-inner-column elementor-element elementor-element-a575237\" data-id=\"a575237\" data-element_type=\"column\">\n\t\t\t<div class=\"elementor-widget-wrap elementor-element-populated\">\n\t\t\t\t\t\t<div class=\"elementor-element elementor-element-d292289 bold-green elementor-widget elementor-widget-toggle\" data-id=\"d292289\" data-element_type=\"widget\" data-widget_type=\"toggle.default\">\n\t\t\t\t<div class=\"elementor-widget-container\">\n\t\t\t\t\t\t\t<div class=\"elementor-toggle\">\n\t\t\t\t\t\t\t<div class=\"elementor-toggle-item\">\n\t\t\t\t\t<div id=\"elementor-tab-title-2201\" class=\"elementor-tab-title\" data-tab=\"1\" role=\"button\" aria-controls=\"elementor-tab-content-2201\" aria-expanded=\"false\">\n\t\t\t\t\t\t\t\t\t\t\t\t<span class=\"elementor-toggle-icon elementor-toggle-icon-left\" aria-hidden=\"true\">\n\t\t\t\t\t\t\t\t\t\t\t\t\t\t\t<span class=\"elementor-toggle-icon-closed\"><i class=\"fas fa-plus\"><\/i><\/span>\n\t\t\t\t\t\t\t\t<span class=\"elementor-toggle-icon-opened\"><i class=\"elementor-toggle-icon-opened fas fa-minus\"><\/i><\/span>\n\t\t\t\t\t\t\t\t\t\t\t\t\t<\/span>\n\t\t\t\t\t\t\t\t\t\t\t\t<a class=\"elementor-toggle-title\" tabindex=\"0\">Licenciamento<\/a>\n\t\t\t\t\t<\/div>\n\n\t\t\t\t\t<div id=\"elementor-tab-content-2201\" class=\"elementor-tab-content elementor-clearfix\" data-tab=\"1\" role=\"region\" aria-labelledby=\"elementor-tab-title-2201\"><ul class=\"custom-list\"><li><p>Esclarecimentos gerais em mat\u00e9ria de Licenciamentos;<\/p><\/li><li>Submiss\u00e3o de Comunica\u00e7\u00f5es Pr\u00e9vias de Com\u00e9rcio, Servi\u00e7os e Restaura\u00e7\u00e3o;<\/li><li>Legisla\u00e7\u00e3o empresarial;<\/li><li>Pedidos de Licenciamentos SPA e Passmusica; Alimentos Compostos; Operador HF (Hortofrut\u00edcola); NCV (N\u00famero de Controlo Veterin\u00e1rio).<\/li><\/ul><p><strong>Links de apoio<\/strong><\/p><ul class=\"custom-list\"><li><a class=\"link-text\" href=\"https:\/\/eportugal.gov.pt\/\" target=\"_blank\" rel=\"noopener\">e-Portugal<\/a><\/li><li><a class=\"link-text\" href=\"https:\/\/www.dgav.pt\" target=\"_blank\" rel=\"noopener\">Dire\u00e7\u00e3o Geral da Alimenta\u00e7\u00e3o e Veterin\u00e1ria<\/a><\/li><li><a class=\"link-text\" href=\"https:\/\/www.spautores.pt\/\" target=\"_blank\" rel=\"noopener\">Sociedade Portuguesa de Autores<\/a><\/li><li><a class=\"link-text\" href=\"https:\/\/servicolicenciamento.audiogest.pt\/\" target=\"_blank\" rel=\"noopener\">Passmusica <\/a><\/li><\/ul><\/div>\n\t\t\t\t<\/div>\n\t\t\t\t\t\t\t<div class=\"elementor-toggle-item\">\n\t\t\t\t\t<div id=\"elementor-tab-title-2202\" class=\"elementor-tab-title\" data-tab=\"2\" role=\"button\" aria-controls=\"elementor-tab-content-2202\" aria-expanded=\"false\">\n\t\t\t\t\t\t\t\t\t\t\t\t<span class=\"elementor-toggle-icon elementor-toggle-icon-left\" aria-hidden=\"true\">\n\t\t\t\t\t\t\t\t\t\t\t\t\t\t\t<span class=\"elementor-toggle-icon-closed\"><i class=\"fas fa-plus\"><\/i><\/span>\n\t\t\t\t\t\t\t\t<span class=\"elementor-toggle-icon-opened\"><i class=\"elementor-toggle-icon-opened fas fa-minus\"><\/i><\/span>\n\t\t\t\t\t\t\t\t\t\t\t\t\t<\/span>\n\t\t\t\t\t\t\t\t\t\t\t\t<a class=\"elementor-toggle-title\" tabindex=\"0\">Forma\u00e7\u00e3o Profissional<\/a>\n\t\t\t\t\t<\/div>\n\n\t\t\t\t\t<div id=\"elementor-tab-content-2202\" class=\"elementor-tab-content elementor-clearfix\" data-tab=\"2\" role=\"region\" aria-labelledby=\"elementor-tab-title-2202\"><ul class=\"custom-list\"><li><p>Desenvolvimento de compet\u00eancias e conhecimentos;<\/p><\/li><li>Identifica\u00e7\u00e3o de necessidades e elabora\u00e7\u00e3o de Plano de Forma\u00e7\u00e3o.<\/li><li style=\"margin-top: 20px; list-style-type: none;\"><a class=\"btn-saber-mais\" href=\"https:\/\/www.acib.pt\/index.php\/servicos\/#formacao\">Saiba mais<\/a><\/li><\/ul><\/div>\n\t\t\t\t<\/div>\n\t\t\t\t\t\t\t<div class=\"elementor-toggle-item\">\n\t\t\t\t\t<div id=\"elementor-tab-title-2203\" class=\"elementor-tab-title\" data-tab=\"3\" role=\"button\" aria-controls=\"elementor-tab-content-2203\" aria-expanded=\"false\">\n\t\t\t\t\t\t\t\t\t\t\t\t<span class=\"elementor-toggle-icon elementor-toggle-icon-left\" aria-hidden=\"true\">\n\t\t\t\t\t\t\t\t\t\t\t\t\t\t\t<span class=\"elementor-toggle-icon-closed\"><i class=\"fas fa-plus\"><\/i><\/span>\n\t\t\t\t\t\t\t\t<span class=\"elementor-toggle-icon-opened\"><i class=\"elementor-toggle-icon-opened fas fa-minus\"><\/i><\/span>\n\t\t\t\t\t\t\t\t\t\t\t\t\t<\/span>\n\t\t\t\t\t\t\t\t\t\t\t\t<a class=\"elementor-toggle-title\" tabindex=\"0\">Oportunidades de apoios ao investimento<\/a>\n\t\t\t\t\t<\/div>\n\n\t\t\t\t\t<div id=\"elementor-tab-content-2203\" class=\"elementor-tab-content elementor-clearfix\" data-tab=\"3\" role=\"region\" aria-labelledby=\"elementor-tab-title-2203\"><ul class=\"custom-list\"><li>Informa\u00e7\u00e3o sobre incentivos ao apoio ao investimento;<\/li><li>Colabora\u00e7\u00e3o no esclarecimento de d\u00favidas, para enquadramento da Empresa e dos Investimentos.<\/li><\/ul><\/div>\n\t\t\t\t<\/div>\n\t\t\t\t\t\t\t<div class=\"elementor-toggle-item\">\n\t\t\t\t\t<div id=\"elementor-tab-title-2204\" class=\"elementor-tab-title\" data-tab=\"4\" role=\"button\" aria-controls=\"elementor-tab-content-2204\" aria-expanded=\"false\">\n\t\t\t\t\t\t\t\t\t\t\t\t<span class=\"elementor-toggle-icon elementor-toggle-icon-left\" aria-hidden=\"true\">\n\t\t\t\t\t\t\t\t\t\t\t\t\t\t\t<span class=\"elementor-toggle-icon-closed\"><i class=\"fas fa-plus\"><\/i><\/span>\n\t\t\t\t\t\t\t\t<span class=\"elementor-toggle-icon-opened\"><i class=\"elementor-toggle-icon-opened fas fa-minus\"><\/i><\/span>\n\t\t\t\t\t\t\t\t\t\t\t\t\t<\/span>\n\t\t\t\t\t\t\t\t\t\t\t\t<a class=\"elementor-toggle-title\" tabindex=\"0\">Domicilia\u00e7\u00e3o de Empresas<\/a>\n\t\t\t\t\t<\/div>\n\n\t\t\t\t\t<div id=\"elementor-tab-content-2204\" class=\"elementor-tab-content elementor-clearfix\" data-tab=\"4\" role=\"region\" aria-labelledby=\"elementor-tab-title-2204\"><p>A ACIB coloca ao dispor de Empres\u00e1rios e Profissionais Liberais, a oportunidade de localizarem as suas empresas, atrav\u00e9s de escrit\u00f3rios virtuais, numa morada de prest\u00edgio, com recurso a uma op\u00e7\u00e3o econ\u00f3mica e simples.<\/p><p>Uma alternativa eficiente e pr\u00e1tica, para quem n\u00e3o tem necessidade de ter um escrit\u00f3rio f\u00edsico.<\/p><p><button class=\"accordion\">Servi\u00e7os inclu\u00eddos<\/button><\/p><div class=\"panel\"><p style=\"color: #000000;\">&#8211; Domicilia\u00e7\u00e3o Social e Fiscal;<br \/>&#8211; Um endere\u00e7o de prest\u00edgio que pode utilizar em todos os documentos oficias da sua empresa;<br \/>&#8211; Rece\u00e7\u00e3o de correio, reencaminhamento ou digitaliza\u00e7\u00e3o;<br \/>&#8211; Rece\u00e7\u00e3o de encomendas;<br \/>&#8211; Aviso imediato de rece\u00e7\u00e3o de encomendas ou correio urgente ou registado (via e-mail ou telefone);<br \/>&#8211; Disponibiliza\u00e7\u00e3o de sala para reuni\u00f5es (1 hora\/semana);<br \/>&#8211; Acesso aos restantes servi\u00e7os da associa\u00e7\u00e3o a pre\u00e7os especiais (Impress\u00e3o e reprodu\u00e7\u00e3o de material a cor\/preto e branco, aluguer de salas de forma\u00e7\u00e3o e ou material audiovisual, apoio log\u00edstico a reuni\u00f5es\u2026).<\/p><\/div><p><button class=\"accordion\">Instala\u00e7\u00f5es<\/button><\/p><div class=\"panel\"><p style=\"color: #000000;\">O Espa\u00e7o Inova\u00e7\u00e3o acolhe in\u00fameras iniciativas organizadas pelo Munic\u00edpio de Oliveira do Bairro e por entidades externas, sobretudo empresas.<\/p><p style=\"color: #000000;\">Trata-se de um espa\u00e7o amplo e moderno, com uma zona de escrit\u00f3rios e salas de forma\u00e7\u00e3o, onde funciona a sede da ACIB.<\/p><p style=\"color: #000000;\">Este edif\u00edcio disp\u00f5e de um audit\u00f3rio, que pode servir, igualmente, de sala de confer\u00eancias, uma \u00e1rea coberta destinada a exposi\u00e7\u00f5es e uma \u00e1rea exterior preparada para eventos ao ar livre, um espa\u00e7o de restaura\u00e7\u00e3o e estacionamento.<\/p><\/div><p><button class=\"accordion\">Localiza\u00e7\u00e3o<\/button><\/p><div class=\"panel\"><p style=\"color: #000000;\">Este servi\u00e7o encontra-se localizado, no Espa\u00e7o Inova\u00e7\u00e3o, em Oliveira do Bairro, com uma localiza\u00e7\u00e3o privilegiada, n\u00e3o apenas pela sua visibilidade a partir da A1, mas tamb\u00e9m pela proximidade a outros eixos relevantes nomeadamente: a linha ferrovi\u00e1ria do Norte, EN 235, ER 335, A17 e a A1.<\/p><\/div><p>Para mais informa\u00e7\u00f5es, contactar <a class=\"link-text\" href=\"mailto:apoioempresas@acib.pt\">apoioempresas@acib.pt<\/a><\/p><\/div>\n\t\t\t\t<\/div>\n\t\t\t\t\t\t\t<div class=\"elementor-toggle-item\">\n\t\t\t\t\t<div id=\"elementor-tab-title-2205\" class=\"elementor-tab-title\" data-tab=\"5\" role=\"button\" aria-controls=\"elementor-tab-content-2205\" aria-expanded=\"false\">\n\t\t\t\t\t\t\t\t\t\t\t\t<span class=\"elementor-toggle-icon elementor-toggle-icon-left\" aria-hidden=\"true\">\n\t\t\t\t\t\t\t\t\t\t\t\t\t\t\t<span class=\"elementor-toggle-icon-closed\"><i class=\"fas fa-plus\"><\/i><\/span>\n\t\t\t\t\t\t\t\t<span class=\"elementor-toggle-icon-opened\"><i class=\"elementor-toggle-icon-opened fas fa-minus\"><\/i><\/span>\n\t\t\t\t\t\t\t\t\t\t\t\t\t<\/span>\n\t\t\t\t\t\t\t\t\t\t\t\t<a class=\"elementor-toggle-title\" tabindex=\"0\">Livrete Individual de Controlo e outra doc. t\u00e9cnica<\/a>\n\t\t\t\t\t<\/div>\n\n\t\t\t\t\t<div id=\"elementor-tab-content-2205\" class=\"elementor-tab-content elementor-clearfix\" data-tab=\"5\" role=\"region\" aria-labelledby=\"elementor-tab-title-2205\"><p>Para mais informa\u00e7\u00f5es, contacte os nossos servi\u00e7os pelo email <a class=\"link-text\" href=\"mailto:acib@acib.pt\">acib@acib.pt<\/a><\/p><\/div>\n\t\t\t\t<\/div>\n\t\t\t\t\t\t\t\t<\/div>\n\t\t\t\t\t\t<\/div>\n\t\t\t\t<\/div>\n\t\t\t\t\t<\/div>\n\t\t<\/div>\n\t\t\t\t\t<\/div>\n\t\t<\/section>\n\t\t\t\t\t<\/div>\n\t\t<\/div>\n\t\t\t\t\t<\/div>\n\t\t<\/section>\n\t\t\t\t<section class=\"elementor-section elementor-top-section elementor-element elementor-element-edf3794 elementor-section-full_width elementor-section-height-default elementor-section-height-default\" data-id=\"edf3794\" data-element_type=\"section\" data-settings=\"{&quot;background_background&quot;:&quot;classic&quot;}\">\n\t\t\t\t\t\t<div class=\"elementor-container elementor-column-gap-extended\">\n\t\t\t\t\t<div class=\"elementor-column elementor-col-50 elementor-top-column elementor-element elementor-element-3761851 elementor-container\" data-id=\"3761851\" data-element_type=\"column\" data-settings=\"{&quot;background_background&quot;:&quot;classic&quot;}\">\n\t\t\t<div class=\"elementor-widget-wrap elementor-element-populated\">\n\t\t\t\t\t\t<div class=\"elementor-element elementor-element-2550bdf elementor-widget elementor-widget-spacer\" data-id=\"2550bdf\" data-element_type=\"widget\" data-widget_type=\"spacer.default\">\n\t\t\t\t<div class=\"elementor-widget-container\">\n\t\t\t\t\t\t\t<div class=\"elementor-spacer\">\n\t\t\t<div class=\"elementor-spacer-inner\"><\/div>\n\t\t<\/div>\n\t\t\t\t\t\t<\/div>\n\t\t\t\t<\/div>\n\t\t\t\t\t<\/div>\n\t\t<\/div>\n\t\t\t\t<div class=\"elementor-column elementor-col-50 elementor-top-column elementor-element elementor-element-7ad032d elementor-container\" data-id=\"7ad032d\" data-element_type=\"column\" data-settings=\"{&quot;background_background&quot;:&quot;classic&quot;}\">\n\t\t\t<div class=\"elementor-widget-wrap elementor-element-populated\">\n\t\t\t\t\t\t<div class=\"elementor-element elementor-element-fefeb54 elementor-widget elementor-widget-heading\" data-id=\"fefeb54\" data-element_type=\"widget\" data-widget_type=\"heading.default\">\n\t\t\t\t<div class=\"elementor-widget-container\">\n\t\t\t\t\t<h3 class=\"elementor-heading-title elementor-size-default\">APOIO AO EMPREENDEDOR <\/h3>\t\t\t\t<\/div>\n\t\t\t\t<\/div>\n\t\t\t\t<div class=\"elementor-element elementor-element-3d28ab7 elementor-widget-divider--view-line elementor-widget elementor-widget-divider\" data-id=\"3d28ab7\" data-element_type=\"widget\" data-widget_type=\"divider.default\">\n\t\t\t\t<div class=\"elementor-widget-container\">\n\t\t\t\t\t\t\t<div class=\"elementor-divider\">\n\t\t\t<span class=\"elementor-divider-separator\">\n\t\t\t\t\t\t<\/span>\n\t\t<\/div>\n\t\t\t\t\t\t<\/div>\n\t\t\t\t<\/div>\n\t\t\t\t<div class=\"elementor-element elementor-element-b3ca24e paragraph-text elementor-widget elementor-widget-text-editor\" data-id=\"b3ca24e\" data-element_type=\"widget\" data-widget_type=\"text-editor.default\">\n\t\t\t\t<div class=\"elementor-widget-container\">\n\t\t\t\t\t\t\t\t\t<p>A Equipa ACIB disponibiliza servi\u00e7os de apoio para Empreendedores\/as que pretendem desenvolver um novo neg\u00f3cio, assim como a Investidores\/as interessados\/as em se estabelecerem no nosso territ\u00f3rio.<br \/>Esta Associa\u00e7\u00e3o procura prestar informa\u00e7\u00e3o de suporte e apoiar o Empres\u00e1rio nas seguintes vertentes:<\/p>\t\t\t\t\t\t\t\t<\/div>\n\t\t\t\t<\/div>\n\t\t\t\t\t<\/div>\n\t\t<\/div>\n\t\t\t\t\t<\/div>\n\t\t<\/section>\n\t\t\t\t<section class=\"elementor-section elementor-top-section elementor-element elementor-element-74aef42 elementor-section-boxed elementor-section-height-default elementor-section-height-default\" data-id=\"74aef42\" data-element_type=\"section\" id=\"apoio-empreendedor\">\n\t\t\t\t\t\t<div class=\"elementor-container elementor-column-gap-default\">\n\t\t\t\t\t<div class=\"elementor-column elementor-col-100 elementor-top-column elementor-element elementor-element-db3c758\" data-id=\"db3c758\" data-element_type=\"column\">\n\t\t\t<div class=\"elementor-widget-wrap elementor-element-populated\">\n\t\t\t\t\t\t<section class=\"elementor-section elementor-inner-section elementor-element elementor-element-38bfc3f elementor-section-boxed elementor-section-height-default elementor-section-height-default\" data-id=\"38bfc3f\" data-element_type=\"section\">\n\t\t\t\t\t\t<div class=\"elementor-container elementor-column-gap-narrow\">\n\t\t\t\t\t<div class=\"elementor-column elementor-col-50 elementor-inner-column elementor-element elementor-element-94fced2\" data-id=\"94fced2\" data-element_type=\"column\">\n\t\t\t<div class=\"elementor-widget-wrap elementor-element-populated\">\n\t\t\t\t\t\t<div class=\"elementor-element elementor-element-f1304ab elementor-widget elementor-widget-toggle\" data-id=\"f1304ab\" data-element_type=\"widget\" data-widget_type=\"toggle.default\">\n\t\t\t\t<div class=\"elementor-widget-container\">\n\t\t\t\t\t\t\t<div class=\"elementor-toggle\">\n\t\t\t\t\t\t\t<div class=\"elementor-toggle-item\">\n\t\t\t\t\t<div id=\"elementor-tab-title-2521\" class=\"elementor-tab-title\" data-tab=\"1\" role=\"button\" aria-controls=\"elementor-tab-content-2521\" aria-expanded=\"false\">\n\t\t\t\t\t\t\t\t\t\t\t\t<span class=\"elementor-toggle-icon elementor-toggle-icon-left\" aria-hidden=\"true\">\n\t\t\t\t\t\t\t\t\t\t\t\t\t\t\t<span class=\"elementor-toggle-icon-closed\"><i class=\"fas fa-plus\"><\/i><\/span>\n\t\t\t\t\t\t\t\t<span class=\"elementor-toggle-icon-opened\"><i class=\"elementor-toggle-icon-opened fas fa-minus\"><\/i><\/span>\n\t\t\t\t\t\t\t\t\t\t\t\t\t<\/span>\n\t\t\t\t\t\t\t\t\t\t\t\t<a class=\"elementor-toggle-title\" tabindex=\"0\">Constitui\u00e7\u00e3o de Empresa <\/a>\n\t\t\t\t\t<\/div>\n\n\t\t\t\t\t<div id=\"elementor-tab-content-2521\" class=\"elementor-tab-content elementor-clearfix\" data-tab=\"1\" role=\"region\" aria-labelledby=\"elementor-tab-title-2521\"><p>A nossa Equipa T\u00e9cnica apoia Empreendedores a terem acesso a informa\u00e7\u00f5es essenciais para a tomarem decis\u00f5es sobre o formato e os requisitos legais inerentes \u00e0 constitui\u00e7\u00e3o de uma Empresa.<\/p><p>De igual modo, prestamos esclarecimentos em termos de requisitos importante, nomeadamente em termos fiscais, laborais e de licenciamento \u00e0 atividade.<\/p><\/div>\n\t\t\t\t<\/div>\n\t\t\t\t\t\t\t<div class=\"elementor-toggle-item\">\n\t\t\t\t\t<div id=\"elementor-tab-title-2522\" class=\"elementor-tab-title\" data-tab=\"2\" role=\"button\" aria-controls=\"elementor-tab-content-2522\" aria-expanded=\"false\">\n\t\t\t\t\t\t\t\t\t\t\t\t<span class=\"elementor-toggle-icon elementor-toggle-icon-left\" aria-hidden=\"true\">\n\t\t\t\t\t\t\t\t\t\t\t\t\t\t\t<span class=\"elementor-toggle-icon-closed\"><i class=\"fas fa-plus\"><\/i><\/span>\n\t\t\t\t\t\t\t\t<span class=\"elementor-toggle-icon-opened\"><i class=\"elementor-toggle-icon-opened fas fa-minus\"><\/i><\/span>\n\t\t\t\t\t\t\t\t\t\t\t\t\t<\/span>\n\t\t\t\t\t\t\t\t\t\t\t\t<a class=\"elementor-toggle-title\" tabindex=\"0\">Licenciamento<\/a>\n\t\t\t\t\t<\/div>\n\n\t\t\t\t\t<div id=\"elementor-tab-content-2522\" class=\"elementor-tab-content elementor-clearfix\" data-tab=\"2\" role=\"region\" aria-labelledby=\"elementor-tab-title-2522\"><ul class=\"custom-list\"><li>Esclarecimentos gerais em mat\u00e9ria de Licenciamentos;<\/li><li>Submiss\u00e3o de Comunica\u00e7\u00f5es Pr\u00e9vias de Com\u00e9rcio, Servi\u00e7os e Restaura\u00e7\u00e3o;<\/li><li>Pedidos de Licenciamentos SPA e Passmusica; Alimentos Compostos; Operador HF (Hortofrut\u00edcola); NCV (N\u00famero de Controlo Veterin\u00e1rio).<\/li><\/ul><\/div>\n\t\t\t\t<\/div>\n\t\t\t\t\t\t\t<div class=\"elementor-toggle-item\">\n\t\t\t\t\t<div id=\"elementor-tab-title-2523\" class=\"elementor-tab-title\" data-tab=\"3\" role=\"button\" aria-controls=\"elementor-tab-content-2523\" aria-expanded=\"false\">\n\t\t\t\t\t\t\t\t\t\t\t\t<span class=\"elementor-toggle-icon elementor-toggle-icon-left\" aria-hidden=\"true\">\n\t\t\t\t\t\t\t\t\t\t\t\t\t\t\t<span class=\"elementor-toggle-icon-closed\"><i class=\"fas fa-plus\"><\/i><\/span>\n\t\t\t\t\t\t\t\t<span class=\"elementor-toggle-icon-opened\"><i class=\"elementor-toggle-icon-opened fas fa-minus\"><\/i><\/span>\n\t\t\t\t\t\t\t\t\t\t\t\t\t<\/span>\n\t\t\t\t\t\t\t\t\t\t\t\t<a class=\"elementor-toggle-title\" tabindex=\"0\">Recursos Humanos<\/a>\n\t\t\t\t\t<\/div>\n\n\t\t\t\t\t<div id=\"elementor-tab-content-2523\" class=\"elementor-tab-content elementor-clearfix\" data-tab=\"3\" role=\"region\" aria-labelledby=\"elementor-tab-title-2523\"><ul class=\"custom-list\"><li><p>Apoios \u00e0 contrata\u00e7\u00e3o de Recursos Humanos;<\/p><\/li><li>Recrutamento e Gest\u00e3o de Recursos Humanos.<\/li><li style=\"margin-top: 20px; list-style-type: none;\"><a class=\"btn-saber-mais\" href=\"https:\/\/www.acib.pt\/index.php\/servicos\/#rh-emprego\">Saiba mais<\/a><\/li><\/ul><\/div>\n\t\t\t\t<\/div>\n\t\t\t\t\t\t\t<div class=\"elementor-toggle-item\">\n\t\t\t\t\t<div id=\"elementor-tab-title-2524\" class=\"elementor-tab-title\" data-tab=\"4\" role=\"button\" aria-controls=\"elementor-tab-content-2524\" aria-expanded=\"false\">\n\t\t\t\t\t\t\t\t\t\t\t\t<span class=\"elementor-toggle-icon elementor-toggle-icon-left\" aria-hidden=\"true\">\n\t\t\t\t\t\t\t\t\t\t\t\t\t\t\t<span class=\"elementor-toggle-icon-closed\"><i class=\"fas fa-plus\"><\/i><\/span>\n\t\t\t\t\t\t\t\t<span class=\"elementor-toggle-icon-opened\"><i class=\"elementor-toggle-icon-opened fas fa-minus\"><\/i><\/span>\n\t\t\t\t\t\t\t\t\t\t\t\t\t<\/span>\n\t\t\t\t\t\t\t\t\t\t\t\t<a class=\"elementor-toggle-title\" tabindex=\"0\">HIGIENE, SEGURAN\u00c7A E AMBIENTE<\/a>\n\t\t\t\t\t<\/div>\n\n\t\t\t\t\t<div id=\"elementor-tab-content-2524\" class=\"elementor-tab-content elementor-clearfix\" data-tab=\"4\" role=\"region\" aria-labelledby=\"elementor-tab-title-2524\"><ul class=\"custom-list\"><li><p>HACCP &#8211; Higiene e Seguran\u00e7a Alimentar;<\/p><\/li><li>SST \u2013 Sa\u00fade e Seguran\u00e7a no Trabalho;<\/li><li>Ambiente.<\/li><li style=\"margin-top: 20px; list-style-type: none;\"><a class=\"btn-saber-mais\" href=\"https:\/\/www.acib.pt\/index.php\/servicos\/#higiene-seguranca-ambiente\">Saiba mais<\/a><\/li><\/ul><\/div>\n\t\t\t\t<\/div>\n\t\t\t\t\t\t\t<div class=\"elementor-toggle-item\">\n\t\t\t\t\t<div id=\"elementor-tab-title-2525\" class=\"elementor-tab-title\" data-tab=\"5\" role=\"button\" aria-controls=\"elementor-tab-content-2525\" aria-expanded=\"false\">\n\t\t\t\t\t\t\t\t\t\t\t\t<span class=\"elementor-toggle-icon elementor-toggle-icon-left\" aria-hidden=\"true\">\n\t\t\t\t\t\t\t\t\t\t\t\t\t\t\t<span class=\"elementor-toggle-icon-closed\"><i class=\"fas fa-plus\"><\/i><\/span>\n\t\t\t\t\t\t\t\t<span class=\"elementor-toggle-icon-opened\"><i class=\"elementor-toggle-icon-opened fas fa-minus\"><\/i><\/span>\n\t\t\t\t\t\t\t\t\t\t\t\t\t<\/span>\n\t\t\t\t\t\t\t\t\t\t\t\t<a class=\"elementor-toggle-title\" tabindex=\"0\">Networking<\/a>\n\t\t\t\t\t<\/div>\n\n\t\t\t\t\t<div id=\"elementor-tab-content-2525\" class=\"elementor-tab-content elementor-clearfix\" data-tab=\"5\" role=\"region\" aria-labelledby=\"elementor-tab-title-2525\"><ul class=\"custom-list\"><li>Media\u00e7\u00e3o de contatos com Entidades da Regi\u00e3o;<\/li><li>Identifica\u00e7\u00e3o de potenciais parceiros comerciais.<\/li><\/ul><\/div>\n\t\t\t\t<\/div>\n\t\t\t\t\t\t\t<div class=\"elementor-toggle-item\">\n\t\t\t\t\t<div id=\"elementor-tab-title-2526\" class=\"elementor-tab-title\" data-tab=\"6\" role=\"button\" aria-controls=\"elementor-tab-content-2526\" aria-expanded=\"false\">\n\t\t\t\t\t\t\t\t\t\t\t\t<span class=\"elementor-toggle-icon elementor-toggle-icon-left\" aria-hidden=\"true\">\n\t\t\t\t\t\t\t\t\t\t\t\t\t\t\t<span class=\"elementor-toggle-icon-closed\"><i class=\"fas fa-plus\"><\/i><\/span>\n\t\t\t\t\t\t\t\t<span class=\"elementor-toggle-icon-opened\"><i class=\"elementor-toggle-icon-opened fas fa-minus\"><\/i><\/span>\n\t\t\t\t\t\t\t\t\t\t\t\t\t<\/span>\n\t\t\t\t\t\t\t\t\t\t\t\t<a class=\"elementor-toggle-title\" tabindex=\"0\">Livrete Individual de Controlo e outra doc. t\u00e9cnica<\/a>\n\t\t\t\t\t<\/div>\n\n\t\t\t\t\t<div id=\"elementor-tab-content-2526\" class=\"elementor-tab-content elementor-clearfix\" data-tab=\"6\" role=\"region\" aria-labelledby=\"elementor-tab-title-2526\"><p>Para mais informa\u00e7\u00f5es, contacte os nossos servi\u00e7os pelo email <a class=\"link-text\" href=\"mailto:acib@acib.pt\">acib@acib.pt<\/a><\/p><\/div>\n\t\t\t\t<\/div>\n\t\t\t\t\t\t\t\t<\/div>\n\t\t\t\t\t\t<\/div>\n\t\t\t\t<\/div>\n\t\t\t\t\t<\/div>\n\t\t<\/div>\n\t\t\t\t<div class=\"elementor-column elementor-col-50 elementor-inner-column elementor-element elementor-element-06db52c\" data-id=\"06db52c\" data-element_type=\"column\">\n\t\t\t<div class=\"elementor-widget-wrap elementor-element-populated\">\n\t\t\t\t\t\t<div class=\"elementor-element elementor-element-f3da5e0 elementor-widget elementor-widget-toggle\" data-id=\"f3da5e0\" data-element_type=\"widget\" data-widget_type=\"toggle.default\">\n\t\t\t\t<div class=\"elementor-widget-container\">\n\t\t\t\t\t\t\t<div class=\"elementor-toggle\">\n\t\t\t\t\t\t\t<div class=\"elementor-toggle-item\">\n\t\t\t\t\t<div id=\"elementor-tab-title-2551\" class=\"elementor-tab-title\" data-tab=\"1\" role=\"button\" aria-controls=\"elementor-tab-content-2551\" aria-expanded=\"false\">\n\t\t\t\t\t\t\t\t\t\t\t\t<span class=\"elementor-toggle-icon elementor-toggle-icon-left\" aria-hidden=\"true\">\n\t\t\t\t\t\t\t\t\t\t\t\t\t\t\t<span class=\"elementor-toggle-icon-closed\"><i class=\"fas fa-plus\"><\/i><\/span>\n\t\t\t\t\t\t\t\t<span class=\"elementor-toggle-icon-opened\"><i class=\"elementor-toggle-icon-opened fas fa-minus\"><\/i><\/span>\n\t\t\t\t\t\t\t\t\t\t\t\t\t<\/span>\n\t\t\t\t\t\t\t\t\t\t\t\t<a class=\"elementor-toggle-title\" tabindex=\"0\">Legisla\u00e7\u00e3o obrigat\u00f3ria<\/a>\n\t\t\t\t\t<\/div>\n\n\t\t\t\t\t<div id=\"elementor-tab-content-2551\" class=\"elementor-tab-content elementor-clearfix\" data-tab=\"1\" role=\"region\" aria-labelledby=\"elementor-tab-title-2551\"><ul class=\"custom-list\"><li>Legisla\u00e7\u00e3o comercial;<\/li><li>Legisla\u00e7\u00e3o fiscal;<\/li><li>Legisla\u00e7\u00e3o empresarial;<\/li><li>Legisla\u00e7\u00e3o laboral e seguran\u00e7a social.<\/li><\/ul><\/div>\n\t\t\t\t<\/div>\n\t\t\t\t\t\t\t<div class=\"elementor-toggle-item\">\n\t\t\t\t\t<div id=\"elementor-tab-title-2552\" class=\"elementor-tab-title\" data-tab=\"2\" role=\"button\" aria-controls=\"elementor-tab-content-2552\" aria-expanded=\"false\">\n\t\t\t\t\t\t\t\t\t\t\t\t<span class=\"elementor-toggle-icon elementor-toggle-icon-left\" aria-hidden=\"true\">\n\t\t\t\t\t\t\t\t\t\t\t\t\t\t\t<span class=\"elementor-toggle-icon-closed\"><i class=\"fas fa-plus\"><\/i><\/span>\n\t\t\t\t\t\t\t\t<span class=\"elementor-toggle-icon-opened\"><i class=\"elementor-toggle-icon-opened fas fa-minus\"><\/i><\/span>\n\t\t\t\t\t\t\t\t\t\t\t\t\t<\/span>\n\t\t\t\t\t\t\t\t\t\t\t\t<a class=\"elementor-toggle-title\" tabindex=\"0\">Desenvolvimento de Ideias de Neg\u00f3cio<\/a>\n\t\t\t\t\t<\/div>\n\n\t\t\t\t\t<div id=\"elementor-tab-content-2552\" class=\"elementor-tab-content elementor-clearfix\" data-tab=\"2\" role=\"region\" aria-labelledby=\"elementor-tab-title-2552\"><p>A Equipa T\u00e9cnica da ACIB ajuda a desenvolver Modelo de Neg\u00f3cio, para a cria\u00e7\u00e3o do pr\u00f3prio emprego.<\/p><\/div>\n\t\t\t\t<\/div>\n\t\t\t\t\t\t\t<div class=\"elementor-toggle-item\">\n\t\t\t\t\t<div id=\"elementor-tab-title-2553\" class=\"elementor-tab-title\" data-tab=\"3\" role=\"button\" aria-controls=\"elementor-tab-content-2553\" aria-expanded=\"false\">\n\t\t\t\t\t\t\t\t\t\t\t\t<span class=\"elementor-toggle-icon elementor-toggle-icon-left\" aria-hidden=\"true\">\n\t\t\t\t\t\t\t\t\t\t\t\t\t\t\t<span class=\"elementor-toggle-icon-closed\"><i class=\"fas fa-plus\"><\/i><\/span>\n\t\t\t\t\t\t\t\t<span class=\"elementor-toggle-icon-opened\"><i class=\"elementor-toggle-icon-opened fas fa-minus\"><\/i><\/span>\n\t\t\t\t\t\t\t\t\t\t\t\t\t<\/span>\n\t\t\t\t\t\t\t\t\t\t\t\t<a class=\"elementor-toggle-title\" tabindex=\"0\">Forma\u00e7\u00e3o Profissional<\/a>\n\t\t\t\t\t<\/div>\n\n\t\t\t\t\t<div id=\"elementor-tab-content-2553\" class=\"elementor-tab-content elementor-clearfix\" data-tab=\"3\" role=\"region\" aria-labelledby=\"elementor-tab-title-2553\"><ul class=\"custom-list\"><li><p>Desenvolvimento de compet\u00eancias e conhecimentos;<\/p><\/li><li>Identifica\u00e7\u00e3o de necessidades e elabora\u00e7\u00e3o de Plano de Forma\u00e7\u00e3o.<\/li><li style=\"margin-top: 20px; list-style-type: none;\"><a class=\"btn-saber-mais\" href=\"https:\/\/www.acib.pt\/index.php\/servicos\/#formacao\">Saiba mais<\/a><\/li><\/ul><\/div>\n\t\t\t\t<\/div>\n\t\t\t\t\t\t\t<div class=\"elementor-toggle-item\">\n\t\t\t\t\t<div id=\"elementor-tab-title-2554\" class=\"elementor-tab-title\" data-tab=\"4\" role=\"button\" aria-controls=\"elementor-tab-content-2554\" aria-expanded=\"false\">\n\t\t\t\t\t\t\t\t\t\t\t\t<span class=\"elementor-toggle-icon elementor-toggle-icon-left\" aria-hidden=\"true\">\n\t\t\t\t\t\t\t\t\t\t\t\t\t\t\t<span class=\"elementor-toggle-icon-closed\"><i class=\"fas fa-plus\"><\/i><\/span>\n\t\t\t\t\t\t\t\t<span class=\"elementor-toggle-icon-opened\"><i class=\"elementor-toggle-icon-opened fas fa-minus\"><\/i><\/span>\n\t\t\t\t\t\t\t\t\t\t\t\t\t<\/span>\n\t\t\t\t\t\t\t\t\t\t\t\t<a class=\"elementor-toggle-title\" tabindex=\"0\">Oportunidades de apoios ao investimento<\/a>\n\t\t\t\t\t<\/div>\n\n\t\t\t\t\t<div id=\"elementor-tab-content-2554\" class=\"elementor-tab-content elementor-clearfix\" data-tab=\"4\" role=\"region\" aria-labelledby=\"elementor-tab-title-2554\"><ul class=\"custom-list\"><li>Informa\u00e7\u00e3o sobre incentivos ao apoio ao investimento;<\/li><li>Colabora\u00e7\u00e3o no esclarecimento de d\u00favidas, para enquadramento da Empresa e dos Investimentos.<\/li><\/ul><\/div>\n\t\t\t\t<\/div>\n\t\t\t\t\t\t\t<div class=\"elementor-toggle-item\">\n\t\t\t\t\t<div id=\"elementor-tab-title-2555\" class=\"elementor-tab-title\" data-tab=\"5\" role=\"button\" aria-controls=\"elementor-tab-content-2555\" aria-expanded=\"false\">\n\t\t\t\t\t\t\t\t\t\t\t\t<span class=\"elementor-toggle-icon elementor-toggle-icon-left\" aria-hidden=\"true\">\n\t\t\t\t\t\t\t\t\t\t\t\t\t\t\t<span class=\"elementor-toggle-icon-closed\"><i class=\"fas fa-plus\"><\/i><\/span>\n\t\t\t\t\t\t\t\t<span class=\"elementor-toggle-icon-opened\"><i class=\"elementor-toggle-icon-opened fas fa-minus\"><\/i><\/span>\n\t\t\t\t\t\t\t\t\t\t\t\t\t<\/span>\n\t\t\t\t\t\t\t\t\t\t\t\t<a class=\"elementor-toggle-title\" tabindex=\"0\">\tDomicilia\u00e7\u00e3o de Empresas<\/a>\n\t\t\t\t\t<\/div>\n\n\t\t\t\t\t<div id=\"elementor-tab-content-2555\" class=\"elementor-tab-content elementor-clearfix\" data-tab=\"5\" role=\"region\" aria-labelledby=\"elementor-tab-title-2555\"><p>A ACIB coloca ao dispor de Empres\u00e1rios e Profissionais Liberais, a oportunidade de localizarem as suas empresas, atrav\u00e9s de escrit\u00f3rios virtuais, numa morada de prest\u00edgio, com recurso a uma op\u00e7\u00e3o econ\u00f3mica e simples.<br \/>Uma alternativa eficiente e pr\u00e1tica, para quem n\u00e3o tem necessidade de ter um escrit\u00f3rio f\u00edsico.<\/p><p><button class=\"accordion\">Servi\u00e7os inclu\u00eddos<\/button><\/p><div class=\"panel\"><p style=\"color: #000000;\">&#8211; Domicilia\u00e7\u00e3o Social e Fiscal;<br \/>&#8211; Um endere\u00e7o de prest\u00edgio que pode utilizar em todos os documentos oficias da sua empresa;<br \/>&#8211; Rece\u00e7\u00e3o de correio, reencaminhamento ou digitaliza\u00e7\u00e3o;<br \/>&#8211; Rece\u00e7\u00e3o de encomendas;<br \/>&#8211; Aviso imediato de rece\u00e7\u00e3o de encomendas ou correio urgente ou registado (via e-mail ou telefone);<br \/>&#8211; Disponibiliza\u00e7\u00e3o de sala para reuni\u00f5es (1 hora\/semana);<br \/>&#8211; Acesso aos restantes servi\u00e7os da associa\u00e7\u00e3o a pre\u00e7os especiais. (Impress\u00e3o e reprodu\u00e7\u00e3o de material a cor\/preto e branco, aluguer de salas de forma\u00e7\u00e3o e ou material audiovisual, apoio log\u00edstico a reuni\u00f5es\u2026);<\/p><\/div><p><button class=\"accordion\">Instala\u00e7\u00f5es<\/button><\/p><div class=\"panel\"><p style=\"color: #000000;\">O Espa\u00e7o Inova\u00e7\u00e3o acolhe in\u00fameras iniciativas organizadas pelo Munic\u00edpio de Oliveira do Bairro e por entidades externas, sobretudo empresas.<\/p><p style=\"color: #000000;\">Trata-se de um espa\u00e7o amplo e moderno, com uma zona de escrit\u00f3rios e salas de forma\u00e7\u00e3o, onde funciona a sede da ACIB.<\/p><p style=\"color: #000000;\">Este edif\u00edcio disp\u00f5e de um audit\u00f3rio, que pode servir, igualmente, de sala de confer\u00eancias, uma \u00e1rea coberta destinada a exposi\u00e7\u00f5es e uma \u00e1rea exterior preparada para eventos ao ar livre, um espa\u00e7o de restaura\u00e7\u00e3o e estacionamento.<\/p><\/div><p><button class=\"accordion\">Localiza\u00e7\u00e3o<\/button><\/p><div class=\"panel\"><p style=\"color: #000000;\">Este servi\u00e7o encontra-se localizado, no Espa\u00e7o Inova\u00e7\u00e3o, em Oliveira do Bairro, com uma localiza\u00e7\u00e3o privilegiada, n\u00e3o apenas pela sua visibilidade a partir da A1, mas tamb\u00e9m pela proximidade a outros eixos relevantes nomeadamente: a linha ferrovi\u00e1ria do Norte, EN 235, ER 335, A17 e a A1.<\/p><\/div><p>Para mais informa\u00e7\u00f5es, contactar <a class=\"link-text\" href=\"mailto:apoioempresas@acib.pt\">apoioempresas@acib.pt<\/a><\/p><\/div>\n\t\t\t\t<\/div>\n\t\t\t\t\t\t\t<div class=\"elementor-toggle-item\">\n\t\t\t\t\t<div id=\"elementor-tab-title-2556\" class=\"elementor-tab-title\" data-tab=\"6\" role=\"button\" aria-controls=\"elementor-tab-content-2556\" aria-expanded=\"false\">\n\t\t\t\t\t\t\t\t\t\t\t\t<span class=\"elementor-toggle-icon elementor-toggle-icon-left\" aria-hidden=\"true\">\n\t\t\t\t\t\t\t\t\t\t\t\t\t\t\t<span class=\"elementor-toggle-icon-closed\"><i class=\"fas fa-plus\"><\/i><\/span>\n\t\t\t\t\t\t\t\t<span class=\"elementor-toggle-icon-opened\"><i class=\"elementor-toggle-icon-opened fas fa-minus\"><\/i><\/span>\n\t\t\t\t\t\t\t\t\t\t\t\t\t<\/span>\n\t\t\t\t\t\t\t\t\t\t\t\t<a class=\"elementor-toggle-title\" tabindex=\"0\">Livros de Reclama\u00e7\u00f5es<\/a>\n\t\t\t\t\t<\/div>\n\n\t\t\t\t\t<div id=\"elementor-tab-content-2556\" class=\"elementor-tab-content elementor-clearfix\" data-tab=\"6\" role=\"region\" aria-labelledby=\"elementor-tab-title-2556\"><ul class=\"custom-list\"><li><p>Registo do Livro de Reclama\u00e7\u00f5es Eletr\u00f3nico;<\/p><\/li><li>Apoio \u00e0 realiza\u00e7\u00e3o de averbamentos do Livro de Reclama\u00e7\u00f5es na INCM;<\/li><li>Venda de Livro de Reclama\u00e7\u00f5es;<\/li><li>Esclarecimentos diversos acerca desta tem\u00e1tica.<\/li><\/ul><\/div>\n\t\t\t\t<\/div>\n\t\t\t\t\t\t\t\t<\/div>\n\t\t\t\t\t\t<\/div>\n\t\t\t\t<\/div>\n\t\t\t\t\t<\/div>\n\t\t<\/div>\n\t\t\t\t\t<\/div>\n\t\t<\/section>\n\t\t\t\t\t<\/div>\n\t\t<\/div>\n\t\t\t\t\t<\/div>\n\t\t<\/section>\n\t\t\t\t<section class=\"elementor-section elementor-top-section elementor-element elementor-element-3fe531e elementor-section-boxed elementor-section-height-default elementor-section-height-default\" data-id=\"3fe531e\" data-element_type=\"section\" id=\"rh-emprego\">\n\t\t\t\t\t\t<div class=\"elementor-container elementor-column-gap-default\">\n\t\t\t\t\t<div class=\"elementor-column elementor-col-100 elementor-top-column elementor-element elementor-element-27b9e00\" data-id=\"27b9e00\" data-element_type=\"column\">\n\t\t\t<div class=\"elementor-widget-wrap elementor-element-populated\">\n\t\t\t\t\t\t<div class=\"elementor-element elementor-element-400c44b elementor-widget elementor-widget-heading\" data-id=\"400c44b\" data-element_type=\"widget\" data-widget_type=\"heading.default\">\n\t\t\t\t<div class=\"elementor-widget-container\">\n\t\t\t\t\t<h3 class=\"elementor-heading-title elementor-size-default\">RECURSOS HUMANOS E EMPREGO<\/h3>\t\t\t\t<\/div>\n\t\t\t\t<\/div>\n\t\t\t\t<div class=\"elementor-element elementor-element-2456188 elementor-widget-divider--view-line elementor-widget elementor-widget-divider\" data-id=\"2456188\" data-element_type=\"widget\" data-widget_type=\"divider.default\">\n\t\t\t\t<div class=\"elementor-widget-container\">\n\t\t\t\t\t\t\t<div class=\"elementor-divider\">\n\t\t\t<span class=\"elementor-divider-separator\">\n\t\t\t\t\t\t<\/span>\n\t\t<\/div>\n\t\t\t\t\t\t<\/div>\n\t\t\t\t<\/div>\n\t\t\t\t<section class=\"elementor-section elementor-inner-section elementor-element elementor-element-ed73d53 elementor-section-full_width elementor-reverse-mobile elementor-section-height-default elementor-section-height-default\" data-id=\"ed73d53\" data-element_type=\"section\">\n\t\t\t\t\t\t<div class=\"elementor-container elementor-column-gap-no\">\n\t\t\t\t\t<div class=\"elementor-column elementor-col-100 elementor-inner-column elementor-element elementor-element-3925035\" data-id=\"3925035\" data-element_type=\"column\" data-settings=\"{&quot;background_background&quot;:&quot;classic&quot;}\">\n\t\t\t<div class=\"elementor-widget-wrap elementor-element-populated\">\n\t\t\t\t\t\t<div class=\"elementor-element elementor-element-6d62897 elementor-widget elementor-widget-heading\" data-id=\"6d62897\" data-element_type=\"widget\" data-widget_type=\"heading.default\">\n\t\t\t\t<div class=\"elementor-widget-container\">\n\t\t\t\t\t<h2 class=\"elementor-heading-title elementor-size-default\">Ofertas de Emprego<\/h2>\t\t\t\t<\/div>\n\t\t\t\t<\/div>\n\t\t\t\t<div class=\"elementor-element elementor-element-183fb89 elementor-widget-divider--view-line elementor-widget elementor-widget-divider\" data-id=\"183fb89\" data-element_type=\"widget\" data-widget_type=\"divider.default\">\n\t\t\t\t<div class=\"elementor-widget-container\">\n\t\t\t\t\t\t\t<div class=\"elementor-divider\">\n\t\t\t<span class=\"elementor-divider-separator\">\n\t\t\t\t\t\t<\/span>\n\t\t<\/div>\n\t\t\t\t\t\t<\/div>\n\t\t\t\t<\/div>\n\t\t\t\t<div class=\"elementor-element elementor-element-c5c2016 paragraph-text elementor-widget elementor-widget-text-editor\" data-id=\"c5c2016\" data-element_type=\"widget\" data-widget_type=\"text-editor.default\">\n\t\t\t\t<div class=\"elementor-widget-container\">\n\t\t\t\t\t\t\t\t\tA Equipa T\u00e9cnica de RH da ACIB divulga oportunidades de trabalho disponibilizadas pelos nossos Associados.\t\t\t\t\t\t\t\t<\/div>\n\t\t\t\t<\/div>\n\t\t\t\t<div class=\"elementor-element elementor-element-bcb9210 paragraph-text elementor-widget elementor-widget-text-editor\" data-id=\"bcb9210\" data-element_type=\"widget\" data-widget_type=\"text-editor.default\">\n\t\t\t\t<div class=\"elementor-widget-container\">\n\t\t\t\t\t\t\t\t\t<p>Lista de ofertas de emprego<\/p>\t\t\t\t\t\t\t\t<\/div>\n\t\t\t\t<\/div>\n\t\t\t\t<div class=\"elementor-element elementor-element-cffc8a5 bold-green elementor-widget elementor-widget-toggle\" data-id=\"cffc8a5\" data-element_type=\"widget\" data-widget_type=\"toggle.default\">\n\t\t\t\t<div class=\"elementor-widget-container\">\n\t\t\t\t\t\t\t<div class=\"elementor-toggle\">\n\t\t\t\t\t\t\t<div class=\"elementor-toggle-item\">\n\t\t\t\t\t<div id=\"elementor-tab-title-2181\" class=\"elementor-tab-title\" data-tab=\"1\" role=\"button\" aria-controls=\"elementor-tab-content-2181\" aria-expanded=\"false\">\n\t\t\t\t\t\t\t\t\t\t\t\t<span class=\"elementor-toggle-icon elementor-toggle-icon-left\" aria-hidden=\"true\">\n\t\t\t\t\t\t\t\t\t\t\t\t\t\t\t<span class=\"elementor-toggle-icon-closed\"><i class=\"fas fa-plus\"><\/i><\/span>\n\t\t\t\t\t\t\t\t<span class=\"elementor-toggle-icon-opened\"><i class=\"elementor-toggle-icon-opened fas fa-minus\"><\/i><\/span>\n\t\t\t\t\t\t\t\t\t\t\t\t\t<\/span>\n\t\t\t\t\t\t\t\t\t\t\t\t<a class=\"elementor-toggle-title\" tabindex=\"0\">DESENHADOR DE PRODUTO (PRESENCIAL)<\/a>\n\t\t\t\t\t<\/div>\n\n\t\t\t\t\t<div id=\"elementor-tab-content-2181\" class=\"elementor-tab-content elementor-clearfix\" data-tab=\"1\" role=\"region\" aria-labelledby=\"elementor-tab-title-2181\"><p><strong>Local:\u00a0 <\/strong><\/p><p><span class=\"OYPEnA font-feature-liga-off font-feature-clig-off font-feature-calt-off text-decoration-none text-strikethrough-none\">Oi\u00e3<\/span><\/p><p>A Biselarte, empresa de refer\u00eancia no setor da transforma\u00e7\u00e3o de vidro e espelho sediada em Oi\u00e3, Oliveira do Bairro, procura Desenhador de Produto para apoio \u00e0s equipas de design e produ\u00e7\u00e3o.<\/p><p style=\"font-weight: 400;\"><strong>Principais fun\u00e7\u00f5es:<\/strong><\/p><ul style=\"font-weight: 400;\"><li>Elabora\u00e7\u00e3o de CAD 3D e 2D (Solid Edge e\/ou SolidWorks);<\/li><li>Apoio t\u00e9cnico ao ch\u00e3o de f\u00e1brica;<\/li><li>Colabora\u00e7\u00e3o com os departamentos Comercial e Compras.<\/li><\/ul><p style=\"font-weight: 400;\"><strong>Requisitos:<\/strong><\/p><ul style=\"font-weight: 400;\"><li>Curso n\u00edvel 5 (preferencial, n\u00e3o obrigat\u00f3rio);<\/li><li>Fortes conhecimentos em CAD 3D e 2D (obrigat\u00f3rio);<\/li><li>Conhecimentos em software vetorial (Illustrator) e edi\u00e7\u00e3o de imagem (Photoshop);<\/li><li>Resid\u00eancia no distrito de Aveiro (preferencial);<\/li><li>Disponibilidade para est\u00e1gio profissional.<\/li><\/ul><p style=\"font-weight: 400;\"><strong>Oferecemos:<\/strong><\/p><ul style=\"font-weight: 400;\"><li>Contrato de trabalho com possibilidade de integra\u00e7\u00e3o;<\/li><li>Equipa jovem e din\u00e2mica, envolvida em projetos internacionais;<\/li><li>Remunera\u00e7\u00e3o adequada;<\/li><li>Subs\u00eddio de alimenta\u00e7\u00e3o em cart\u00e3o e seguro de sa\u00fade.<\/li><\/ul><p style=\"font-weight: 400;\"><strong>\u00a0<\/strong><\/p><p style=\"font-weight: 400;\"><strong>Candidaturas:<\/strong><br \/>Enviar CV para: <strong><a href=\"mailto:designer@biselarte.com\">designer@biselarte.com<\/a><\/strong><\/p><\/div>\n\t\t\t\t<\/div>\n\t\t\t\t\t\t\t<div class=\"elementor-toggle-item\">\n\t\t\t\t\t<div id=\"elementor-tab-title-2182\" class=\"elementor-tab-title\" data-tab=\"2\" role=\"button\" aria-controls=\"elementor-tab-content-2182\" aria-expanded=\"false\">\n\t\t\t\t\t\t\t\t\t\t\t\t<span class=\"elementor-toggle-icon elementor-toggle-icon-left\" aria-hidden=\"true\">\n\t\t\t\t\t\t\t\t\t\t\t\t\t\t\t<span class=\"elementor-toggle-icon-closed\"><i class=\"fas fa-plus\"><\/i><\/span>\n\t\t\t\t\t\t\t\t<span class=\"elementor-toggle-icon-opened\"><i class=\"elementor-toggle-icon-opened fas fa-minus\"><\/i><\/span>\n\t\t\t\t\t\t\t\t\t\t\t\t\t<\/span>\n\t\t\t\t\t\t\t\t\t\t\t\t<a class=\"elementor-toggle-title\" tabindex=\"0\">CENTRO ESTUDOS BAGAMENTE<\/a>\n\t\t\t\t\t<\/div>\n\n\t\t\t\t\t<div id=\"elementor-tab-content-2182\" class=\"elementor-tab-content elementor-clearfix\" data-tab=\"2\" role=\"region\" aria-labelledby=\"elementor-tab-title-2182\"><p style=\"font-weight: 400;\">Estamos a recrutar profissionais licenciados nas seguintes \u00e1reas:<\/p><ul style=\"font-weight: 400;\"><li>Ensino B\u00e1sico<\/li><li>L\u00edngua Portuguesa<\/li><li>Matem\u00e1tica<\/li><\/ul><p style=\"font-weight: 400;\">Procuramos pessoas din\u00e2micas, com boa capacidade de comunica\u00e7\u00e3o e vontade de contribuir para o desenvolvimento educativo dos nossos alunos.<\/p><p style=\"font-weight: 400;\">As pessoas interessadas dever\u00e3o enviar as suas candidaturas para <strong><em><u><a href=\"mailto:estudarbaga.mente@gmail.com\">estudarbaga.mente@gmail.com <\/a><\/u><\/em><\/strong>ou contactar o <u><\/u>n\u00famero de telem\u00f3vel: <em><strong>911 138 577<\/strong><\/em><\/p><\/div>\n\t\t\t\t<\/div>\n\t\t\t\t\t\t\t<div class=\"elementor-toggle-item\">\n\t\t\t\t\t<div id=\"elementor-tab-title-2183\" class=\"elementor-tab-title\" data-tab=\"3\" role=\"button\" aria-controls=\"elementor-tab-content-2183\" aria-expanded=\"false\">\n\t\t\t\t\t\t\t\t\t\t\t\t<span class=\"elementor-toggle-icon elementor-toggle-icon-left\" aria-hidden=\"true\">\n\t\t\t\t\t\t\t\t\t\t\t\t\t\t\t<span class=\"elementor-toggle-icon-closed\"><i class=\"fas fa-plus\"><\/i><\/span>\n\t\t\t\t\t\t\t\t<span class=\"elementor-toggle-icon-opened\"><i class=\"elementor-toggle-icon-opened fas fa-minus\"><\/i><\/span>\n\t\t\t\t\t\t\t\t\t\t\t\t\t<\/span>\n\t\t\t\t\t\t\t\t\t\t\t\t<a class=\"elementor-toggle-title\" tabindex=\"0\">Empresa especializada em produ\u00e7\u00e3o e repara\u00e7\u00e3o de paletes.<\/a>\n\t\t\t\t\t<\/div>\n\n\t\t\t\t\t<div id=\"elementor-tab-content-2183\" class=\"elementor-tab-content elementor-clearfix\" data-tab=\"3\" role=\"region\" aria-labelledby=\"elementor-tab-title-2183\"><p><strong>Local:<\/strong><br \/>Aguim<\/p><p>A nossa empresa, especializada na produ\u00e7\u00e3o e repara\u00e7\u00e3o de paletes, procura refor\u00e7ar a sua equipa com colaboradores(as) motivados(as) e com vontade de aprender.<\/p><p><strong>Requisitos:<\/strong><br \/>Sentido de responsabilidade e pontualidade;<br \/>Gosto pelo trabalho em equipa;<br \/>Disponibilidade imediata;<br \/>Experi\u00eancia em ambiente fabril\/industrial (valorizada, mas n\u00e3o obrigat\u00f3ria).<\/p><p><strong>Fun\u00e7\u00f5es:<\/strong><br \/>Pregar e montar paletes;<br \/>Apoio na linha de produ\u00e7\u00e3o;<br \/>Repara\u00e7\u00e3o e separa\u00e7\u00e3o de material;<br \/>Cargas e descargas;<\/p><p>As pessoas interessadas dever\u00e3o enviar as suas candidaturas para <strong>madeigrou@gmail.com<\/strong> ou contactar atrav\u00e9s do seguinte n\u00ba telemovel: <strong>967403592.<\/strong><\/p><\/div>\n\t\t\t\t<\/div>\n\t\t\t\t\t\t\t<div class=\"elementor-toggle-item\">\n\t\t\t\t\t<div id=\"elementor-tab-title-2184\" class=\"elementor-tab-title\" data-tab=\"4\" role=\"button\" aria-controls=\"elementor-tab-content-2184\" aria-expanded=\"false\">\n\t\t\t\t\t\t\t\t\t\t\t\t<span class=\"elementor-toggle-icon elementor-toggle-icon-left\" aria-hidden=\"true\">\n\t\t\t\t\t\t\t\t\t\t\t\t\t\t\t<span class=\"elementor-toggle-icon-closed\"><i class=\"fas fa-plus\"><\/i><\/span>\n\t\t\t\t\t\t\t\t<span class=\"elementor-toggle-icon-opened\"><i class=\"elementor-toggle-icon-opened fas fa-minus\"><\/i><\/span>\n\t\t\t\t\t\t\t\t\t\t\t\t\t<\/span>\n\t\t\t\t\t\t\t\t\t\t\t\t<a class=\"elementor-toggle-title\" tabindex=\"0\">IEFP - OFERTAS DE EMPREGO<\/a>\n\t\t\t\t\t<\/div>\n\n\t\t\t\t\t<div id=\"elementor-tab-content-2184\" class=\"elementor-tab-content elementor-clearfix\" data-tab=\"4\" role=\"region\" aria-labelledby=\"elementor-tab-title-2184\"><p>Caso se encontre em situa\u00e7\u00e3o de desemprego e inscrito no IEFP, pode consultar aqui as ofertas de trabalho dispon\u00edveis por esta Entidade, no concelho de Anadia.<\/p><p>Para mais informa\u00e7\u00f5es contactar, a Delega\u00e7\u00e3o de Anadia atrav\u00e9s do n\u00famero &#8211; 937 300 255 ou atrav\u00e9s do e-mail: <span style=\"text-decoration: underline;\">gip@acib.pt<\/span><\/p><p><strong>NOTA: S\u00f3 s\u00e3o identificadas as empresas aos interessados, caso estes estejam inscritos no IEFP<\/strong><strong> e mediante informa\u00e7\u00e3o do n\u00ba de cart\u00e3o de cidad\u00e3o.<\/strong><\/p><p><a class=\"btn-saber-mais\" href=\"https:\/\/www.acib.pt\/wp-content\/uploads\/2025\/10\/ACIB_Ofertas-de-empregro_Outubro2025_GIP.pdf\" target=\"_blank\" rel=\"noopener\">Consultar ofertas<\/a><\/p><\/div>\n\t\t\t\t<\/div>\n\t\t\t\t\t\t\t\t<\/div>\n\t\t\t\t\t\t<\/div>\n\t\t\t\t<\/div>\n\t\t\t\t\t<\/div>\n\t\t<\/div>\n\t\t\t\t\t<\/div>\n\t\t<\/section>\n\t\t\t\t<div class=\"elementor-element elementor-element-9dea423 elementor-widget elementor-widget-heading\" data-id=\"9dea423\" data-element_type=\"widget\" data-widget_type=\"heading.default\">\n\t\t\t\t<div class=\"elementor-widget-container\">\n\t\t\t\t\t<h2 class=\"elementor-heading-title elementor-size-default\">Servi\u00e7os de Apoio \u00e0 Gest\u00e3o de Recursos Humanos<\/h2>\t\t\t\t<\/div>\n\t\t\t\t<\/div>\n\t\t\t\t<div class=\"elementor-element elementor-element-c218cdc elementor-widget-divider--view-line elementor-widget elementor-widget-divider\" data-id=\"c218cdc\" data-element_type=\"widget\" data-widget_type=\"divider.default\">\n\t\t\t\t<div class=\"elementor-widget-container\">\n\t\t\t\t\t\t\t<div class=\"elementor-divider\">\n\t\t\t<span class=\"elementor-divider-separator\">\n\t\t\t\t\t\t<\/span>\n\t\t<\/div>\n\t\t\t\t\t\t<\/div>\n\t\t\t\t<\/div>\n\t\t\t\t<div class=\"elementor-element elementor-element-9f85ace paragraph-text elementor-widget elementor-widget-text-editor\" data-id=\"9f85ace\" data-element_type=\"widget\" data-widget_type=\"text-editor.default\">\n\t\t\t\t<div class=\"elementor-widget-container\">\n\t\t\t\t\t\t\t\t\tDestacamos os seguintes servi\u00e7os de apoio aos Associados:\t\t\t\t\t\t\t\t<\/div>\n\t\t\t\t<\/div>\n\t\t\t\t<div class=\"elementor-element elementor-element-caee7f5 paragraph-text elementor-widget elementor-widget-text-editor\" data-id=\"caee7f5\" data-element_type=\"widget\" data-widget_type=\"text-editor.default\">\n\t\t\t\t<div class=\"elementor-widget-container\">\n\t\t\t\t\t\t\t\t\t<p>Compreendendo que os Recursos Humanos s\u00e3o uma base fundamental para o sucesso empresarial, a ACIB disponibiliza uma Equipa T\u00e9cnica especializada e com compet\u00eancias importantes para ajudar as Empresas Associadas na gest\u00e3o desta \u00e1rea, assim como nos respetivos processos T\u00e9cnico\/administrativos.<\/p>\t\t\t\t\t\t\t\t<\/div>\n\t\t\t\t<\/div>\n\t\t\t\t<div class=\"elementor-element elementor-element-4d5297f bold-green elementor-widget elementor-widget-toggle\" data-id=\"4d5297f\" data-element_type=\"widget\" data-widget_type=\"toggle.default\">\n\t\t\t\t<div class=\"elementor-widget-container\">\n\t\t\t\t\t\t\t<div class=\"elementor-toggle\">\n\t\t\t\t\t\t\t<div class=\"elementor-toggle-item\">\n\t\t\t\t\t<div id=\"elementor-tab-title-8101\" class=\"elementor-tab-title\" data-tab=\"1\" role=\"button\" aria-controls=\"elementor-tab-content-8101\" aria-expanded=\"false\">\n\t\t\t\t\t\t\t\t\t\t\t\t<span class=\"elementor-toggle-icon elementor-toggle-icon-left\" aria-hidden=\"true\">\n\t\t\t\t\t\t\t\t\t\t\t\t\t\t\t<span class=\"elementor-toggle-icon-closed\"><i class=\"fas fa-plus\"><\/i><\/span>\n\t\t\t\t\t\t\t\t<span class=\"elementor-toggle-icon-opened\"><i class=\"elementor-toggle-icon-opened fas fa-minus\"><\/i><\/span>\n\t\t\t\t\t\t\t\t\t\t\t\t\t<\/span>\n\t\t\t\t\t\t\t\t\t\t\t\t<a class=\"elementor-toggle-title\" tabindex=\"0\">Submiss\u00e3o de Ofertas de Emprego \u2013 Empresas<\/a>\n\t\t\t\t\t<\/div>\n\n\t\t\t\t\t<div id=\"elementor-tab-content-8101\" class=\"elementor-tab-content elementor-clearfix\" data-tab=\"1\" role=\"region\" aria-labelledby=\"elementor-tab-title-8101\"><p>Sempre que solicitado pelo Associado, a ACIB divulga as necessidades de recrutamento para as suas Empresas, publicando as ofertas de emprego.<br \/>O Associado tem ainda acesso \u00e0s candidaturas na Bolsa de Emprego que se encaixam nas suas necessidades de recrutamento, bastando, para o efeito, consultar a Equipa T\u00e9cnica.<\/p><p><strong>Envio de Oportunidades de Trabalho<\/strong><br \/>Para divulgar Oportunidades de Trabalho, o Associado disponibiliza o Descritivo da Fun\u00e7\u00e3o em aberto e a nossa Equipa prepara a divulga\u00e7\u00e3o da mesma, atrav\u00e9s dos suportes de comunica\u00e7\u00e3o digitais (Website\/Redes Sociais) e dentro da Bolsa de Emprego da ACIB.<\/p><p><a class=\"btn-saber-mais\" href=\"https:\/\/www.acib.pt\/index.php\/submissao-de-ofertas-de-emprego-empresas\/\" target=\"_blank\" rel=\"noopener\">Enviar oferta<\/a><\/p><\/div>\n\t\t\t\t<\/div>\n\t\t\t\t\t\t\t<div class=\"elementor-toggle-item\">\n\t\t\t\t\t<div id=\"elementor-tab-title-8102\" class=\"elementor-tab-title\" data-tab=\"2\" role=\"button\" aria-controls=\"elementor-tab-content-8102\" aria-expanded=\"false\">\n\t\t\t\t\t\t\t\t\t\t\t\t<span class=\"elementor-toggle-icon elementor-toggle-icon-left\" aria-hidden=\"true\">\n\t\t\t\t\t\t\t\t\t\t\t\t\t\t\t<span class=\"elementor-toggle-icon-closed\"><i class=\"fas fa-plus\"><\/i><\/span>\n\t\t\t\t\t\t\t\t<span class=\"elementor-toggle-icon-opened\"><i class=\"elementor-toggle-icon-opened fas fa-minus\"><\/i><\/span>\n\t\t\t\t\t\t\t\t\t\t\t\t\t<\/span>\n\t\t\t\t\t\t\t\t\t\t\t\t<a class=\"elementor-toggle-title\" tabindex=\"0\">Bolsa de Emprego - Candidatos<\/a>\n\t\t\t\t\t<\/div>\n\n\t\t\t\t\t<div id=\"elementor-tab-content-8102\" class=\"elementor-tab-content elementor-clearfix\" data-tab=\"2\" role=\"region\" aria-labelledby=\"elementor-tab-title-8102\"><p>As pessoas que se encontram em situa\u00e7\u00e3o de desemprego, e as pessoas empregadas que pretendam mudar de emprego podem inscrever-se na Bolsa de emprego da ACIB.<br \/>As Candidaturas espont\u00e2neas que os nossos Servi\u00e7os T\u00e9cnicos recebem s\u00e3o integradas numa Bolsa de Candidatos, a qual \u00e9 disponibilizada \u00e0s Empresas Associadas da ACIB.<br \/>As pessoas interessadas em integrar esta Bolsa de Emprego, podem enviar a Candidatura Espont\u00e2nea ao preencher o Formul\u00e1rio seguinte.<\/p><p><a class=\"btn-saber-mais\" href=\"https:\/\/www.acib.pt\/index.php\/bolsa-de-emprego-candidatos\/\" target=\"_blank\" rel=\"noopener\">Enviar candidatura<\/a><\/p><\/div>\n\t\t\t\t<\/div>\n\t\t\t\t\t\t\t<div class=\"elementor-toggle-item\">\n\t\t\t\t\t<div id=\"elementor-tab-title-8103\" class=\"elementor-tab-title\" data-tab=\"3\" role=\"button\" aria-controls=\"elementor-tab-content-8103\" aria-expanded=\"false\">\n\t\t\t\t\t\t\t\t\t\t\t\t<span class=\"elementor-toggle-icon elementor-toggle-icon-left\" aria-hidden=\"true\">\n\t\t\t\t\t\t\t\t\t\t\t\t\t\t\t<span class=\"elementor-toggle-icon-closed\"><i class=\"fas fa-plus\"><\/i><\/span>\n\t\t\t\t\t\t\t\t<span class=\"elementor-toggle-icon-opened\"><i class=\"elementor-toggle-icon-opened fas fa-minus\"><\/i><\/span>\n\t\t\t\t\t\t\t\t\t\t\t\t\t<\/span>\n\t\t\t\t\t\t\t\t\t\t\t\t<a class=\"elementor-toggle-title\" tabindex=\"0\">Apoio \u00e0 Gest\u00e3o Global de Recursos Humanos<\/a>\n\t\t\t\t\t<\/div>\n\n\t\t\t\t\t<div id=\"elementor-tab-content-8103\" class=\"elementor-tab-content elementor-clearfix\" data-tab=\"3\" role=\"region\" aria-labelledby=\"elementor-tab-title-8103\"><p>A Equipa T\u00e9cnica de RH coloca \u00e0 disposi\u00e7\u00e3o dos Associados apoio no \u00e2mbito da Gest\u00e3o Global de Recursos Humanos, nomeadamente:<\/p><ul class=\"custom-list\"><li>Processos de Recrutamento &amp; Sele\u00e7\u00e3o;<\/li><li>Desenvolvimento de documentos e procedimento internos (Manual de Acolhimento; Regulamento Interno; C\u00f3digo de boa conduta; An\u00e1lise e descri\u00e7\u00e3o de fun\u00e7\u00f5es, Avalia\u00e7\u00e3o de desempenho, etc.);<\/li><li>Desenvolvimento ou atualiza\u00e7\u00e3o de documentos de registo e suporte \u00e0 gest\u00e3o de Recursos Humanos;<\/li><li>Estrutura\u00e7\u00e3o da comunica\u00e7\u00e3o com os Colaboradores;<\/li><li>Apoio \u00e0 cria\u00e7\u00e3o de uma imagem do Associado como Empresa capaz de atrair e reter Colaboradores;<\/li><li>Apoio \u00e0 gest\u00e3o de benef\u00edcios, cargos e sal\u00e1rios;<\/li><li>Apoio \u00e0 identifica\u00e7\u00e3o de oportunidades de melhoria e implementa\u00e7\u00e3o de projetos de melhoria na gest\u00e3o de Recursos Humanos;<\/li><li>Apoio \u00e0 estrutura\u00e7\u00e3o de a\u00e7\u00f5es de promo\u00e7\u00e3o de um clima de trabalho agrad\u00e1vel, estimulante, produtivo e promotor da sa\u00fade mental dos trabalhadores;<\/li><li>Outras necessidades no \u00e2mbito dos Recursos Humanos, identificadas pelo Associado.<\/li><\/ul><\/div>\n\t\t\t\t<\/div>\n\t\t\t\t\t\t\t<div class=\"elementor-toggle-item\">\n\t\t\t\t\t<div id=\"elementor-tab-title-8104\" class=\"elementor-tab-title\" data-tab=\"4\" role=\"button\" aria-controls=\"elementor-tab-content-8104\" aria-expanded=\"false\">\n\t\t\t\t\t\t\t\t\t\t\t\t<span class=\"elementor-toggle-icon elementor-toggle-icon-left\" aria-hidden=\"true\">\n\t\t\t\t\t\t\t\t\t\t\t\t\t\t\t<span class=\"elementor-toggle-icon-closed\"><i class=\"fas fa-plus\"><\/i><\/span>\n\t\t\t\t\t\t\t\t<span class=\"elementor-toggle-icon-opened\"><i class=\"elementor-toggle-icon-opened fas fa-minus\"><\/i><\/span>\n\t\t\t\t\t\t\t\t\t\t\t\t\t<\/span>\n\t\t\t\t\t\t\t\t\t\t\t\t<a class=\"elementor-toggle-title\" tabindex=\"0\">Legisla\u00e7\u00e3o Laboral<\/a>\n\t\t\t\t\t<\/div>\n\n\t\t\t\t\t<div id=\"elementor-tab-content-8104\" class=\"elementor-tab-content elementor-clearfix\" data-tab=\"4\" role=\"region\" aria-labelledby=\"elementor-tab-title-8104\"><p>Em articula\u00e7\u00e3o como Departamento Jur\u00eddico, a nossa Equipa T\u00e9cnica de RH atualiza e divulga informa\u00e7\u00e3o e legisla\u00e7\u00e3o no \u00e2mbito da legisla\u00e7\u00e3o laboral, Seguran\u00e7a Social e Emprego, esclarecendo o Associado sempre que necess\u00e1rio.<\/p><\/div>\n\t\t\t\t<\/div>\n\t\t\t\t\t\t\t<div class=\"elementor-toggle-item\">\n\t\t\t\t\t<div id=\"elementor-tab-title-8105\" class=\"elementor-tab-title\" data-tab=\"5\" role=\"button\" aria-controls=\"elementor-tab-content-8105\" aria-expanded=\"false\">\n\t\t\t\t\t\t\t\t\t\t\t\t<span class=\"elementor-toggle-icon elementor-toggle-icon-left\" aria-hidden=\"true\">\n\t\t\t\t\t\t\t\t\t\t\t\t\t\t\t<span class=\"elementor-toggle-icon-closed\"><i class=\"fas fa-plus\"><\/i><\/span>\n\t\t\t\t\t\t\t\t<span class=\"elementor-toggle-icon-opened\"><i class=\"elementor-toggle-icon-opened fas fa-minus\"><\/i><\/span>\n\t\t\t\t\t\t\t\t\t\t\t\t\t<\/span>\n\t\t\t\t\t\t\t\t\t\t\t\t<a class=\"elementor-toggle-title\" tabindex=\"0\">Apoios \u00e0 contrata\u00e7\u00e3o e est\u00e1gios profissionais<\/a>\n\t\t\t\t\t<\/div>\n\n\t\t\t\t\t<div id=\"elementor-tab-content-8105\" class=\"elementor-tab-content elementor-clearfix\" data-tab=\"5\" role=\"region\" aria-labelledby=\"elementor-tab-title-8105\"><p>A nossa Equipa T\u00e9cnica de RH divulga informa\u00e7\u00e3o e esclarece d\u00favidas sobre as medidas de incentivo ao emprego em vigor.<br \/>Se a Empresa Associada estiver em condi\u00e7\u00f5es de ter acesso \u00e0s medidas de apoio \u00e0 contrata\u00e7\u00e3o, a Equipa T\u00e9cnica de RH apoia a prepara\u00e7\u00e3o e submiss\u00e3o de candidaturas e garante o acompanhamento do processo at\u00e9 ao seu encerramento.<\/p><p>As Empresas interessadas poder\u00e3o nos contatar no seguinte n\u00famero: 937 300 255 ou atrav\u00e9s do e-mail: <a href=\"mailto:recrutamento@acib.pt\"><span style=\"text-decoration: underline;\"><span style=\"color: #000000; text-decoration: underline;\">recrutamento@acib.pt<\/span><\/span><\/a> no<br \/>Espa\u00e7o Inova\u00e7\u00e3o: Edif\u00edcio da Proximidade \u2013\u00a0Pra\u00e7a da Juventude \u2013\u00a03780-323 Anadia<\/p><\/div>\n\t\t\t\t<\/div>\n\t\t\t\t\t\t\t<div class=\"elementor-toggle-item\">\n\t\t\t\t\t<div id=\"elementor-tab-title-8106\" class=\"elementor-tab-title\" data-tab=\"6\" role=\"button\" aria-controls=\"elementor-tab-content-8106\" aria-expanded=\"false\">\n\t\t\t\t\t\t\t\t\t\t\t\t<span class=\"elementor-toggle-icon elementor-toggle-icon-left\" aria-hidden=\"true\">\n\t\t\t\t\t\t\t\t\t\t\t\t\t\t\t<span class=\"elementor-toggle-icon-closed\"><i class=\"fas fa-plus\"><\/i><\/span>\n\t\t\t\t\t\t\t\t<span class=\"elementor-toggle-icon-opened\"><i class=\"elementor-toggle-icon-opened fas fa-minus\"><\/i><\/span>\n\t\t\t\t\t\t\t\t\t\t\t\t\t<\/span>\n\t\t\t\t\t\t\t\t\t\t\t\t<a class=\"elementor-toggle-title\" tabindex=\"0\">GIP - Gabinete de Inser\u00e7\u00e3o Profissional<\/a>\n\t\t\t\t\t<\/div>\n\n\t\t\t\t\t<div id=\"elementor-tab-content-8106\" class=\"elementor-tab-content elementor-clearfix\" data-tab=\"6\" role=\"region\" aria-labelledby=\"elementor-tab-title-8106\"><p>A ACIB tem um GIP \u2013 Gabinete de Inser\u00e7\u00e3o Profissional, que tem como objetivo prestar apoio na resolu\u00e7\u00e3o de problemas de inser\u00e7\u00e3o profissional na Regi\u00e3o.<br \/>Este Gabinete, em estreita articula\u00e7\u00e3o com o Centro de Emprego e Forma\u00e7\u00e3o Profissional, presta apoio a jovens e adultos desempregados no seu percurso de inser\u00e7\u00e3o ou reinser\u00e7\u00e3o no mercado de trabalho.<\/p><p>As pessoas interessadas dever\u00e3o contatar o Gabinete de Inser\u00e7\u00e3o Profissional (GIP) atrav\u00e9s do n\u00famero &#8211; 937 300 255 ou atrav\u00e9s do e-mail: <span style=\"text-decoration: underline;\">gip@acib.pt<\/span><br \/>Espa\u00e7o Inova\u00e7\u00e3o: Edif\u00edcio da Proximidade \u2013\u00a0Pra\u00e7a da Juventude \u2013\u00a03780-323 Anadia<\/p><\/div>\n\t\t\t\t<\/div>\n\t\t\t\t\t\t\t<div class=\"elementor-toggle-item\">\n\t\t\t\t\t<div id=\"elementor-tab-title-8107\" class=\"elementor-tab-title\" data-tab=\"7\" role=\"button\" aria-controls=\"elementor-tab-content-8107\" aria-expanded=\"false\">\n\t\t\t\t\t\t\t\t\t\t\t\t<span class=\"elementor-toggle-icon elementor-toggle-icon-left\" aria-hidden=\"true\">\n\t\t\t\t\t\t\t\t\t\t\t\t\t\t\t<span class=\"elementor-toggle-icon-closed\"><i class=\"fas fa-plus\"><\/i><\/span>\n\t\t\t\t\t\t\t\t<span class=\"elementor-toggle-icon-opened\"><i class=\"elementor-toggle-icon-opened fas fa-minus\"><\/i><\/span>\n\t\t\t\t\t\t\t\t\t\t\t\t\t<\/span>\n\t\t\t\t\t\t\t\t\t\t\t\t<a class=\"elementor-toggle-title\" tabindex=\"0\">IEFP \u2013 PLANO DE FORMA\u00c7\u00c3O VIDA ATIVA<\/a>\n\t\t\t\t\t<\/div>\n\n\t\t\t\t\t<div id=\"elementor-tab-content-8107\" class=\"elementor-tab-content elementor-clearfix\" data-tab=\"7\" role=\"region\" aria-labelledby=\"elementor-tab-title-8107\"><p>Se est\u00e1 em situa\u00e7\u00e3o de desemprego e pretende aumentar as suas compet\u00eancias, pode consultar aqui ofertas formativas do Plano Vida Ativa.<\/p><p>Para mais informa\u00e7\u00f5es contactar, o Gabinete de Inser\u00e7\u00e3o Profissional (GIP) atrav\u00e9s do n\u00famero &#8211; 937 300 255 ou atrav\u00e9s do e-mail: <span style=\"text-decoration: underline;\">gip@acib.pt.<\/span><\/p><p><!--<a class=\"btn-saber-mais\" href=\"#\">Saber Mais<\/a>--><\/p><p><a class=\"btn-saber-mais\" href=\"https:\/\/www.acib.pt\/wp-content\/uploads\/2025\/04\/ilovepdf_merged.pdf\" target=\"_blank\" rel=\"noopener\">Saber mais<\/a><\/p><\/div>\n\t\t\t\t<\/div>\n\t\t\t\t\t\t\t\t<\/div>\n\t\t\t\t\t\t<\/div>\n\t\t\t\t<\/div>\n\t\t\t\t\t<\/div>\n\t\t<\/div>\n\t\t\t\t\t<\/div>\n\t\t<\/section>\n\t\t\t\t<section class=\"elementor-section elementor-top-section elementor-element elementor-element-53b8ecc elementor-section-full_width elementor-section-height-default elementor-section-height-default\" data-id=\"53b8ecc\" data-element_type=\"section\" data-settings=\"{&quot;background_background&quot;:&quot;classic&quot;}\">\n\t\t\t\t\t\t<div class=\"elementor-container elementor-column-gap-extended\">\n\t\t\t\t\t<div class=\"elementor-column elementor-col-50 elementor-top-column elementor-element elementor-element-077855c elementor-container\" data-id=\"077855c\" data-element_type=\"column\" data-settings=\"{&quot;background_background&quot;:&quot;classic&quot;}\">\n\t\t\t<div class=\"elementor-widget-wrap elementor-element-populated\">\n\t\t\t\t\t\t<div class=\"elementor-element elementor-element-9ea49b9 elementor-widget elementor-widget-spacer\" data-id=\"9ea49b9\" data-element_type=\"widget\" data-widget_type=\"spacer.default\">\n\t\t\t\t<div class=\"elementor-widget-container\">\n\t\t\t\t\t\t\t<div class=\"elementor-spacer\">\n\t\t\t<div class=\"elementor-spacer-inner\"><\/div>\n\t\t<\/div>\n\t\t\t\t\t\t<\/div>\n\t\t\t\t<\/div>\n\t\t\t\t\t<\/div>\n\t\t<\/div>\n\t\t\t\t<div class=\"elementor-column elementor-col-50 elementor-top-column elementor-element elementor-element-76303dd elementor-container\" data-id=\"76303dd\" data-element_type=\"column\" data-settings=\"{&quot;background_background&quot;:&quot;classic&quot;}\">\n\t\t\t<div class=\"elementor-widget-wrap elementor-element-populated\">\n\t\t\t\t\t\t<div class=\"elementor-element elementor-element-7ba8652 elementor-widget elementor-widget-heading\" data-id=\"7ba8652\" data-element_type=\"widget\" data-widget_type=\"heading.default\">\n\t\t\t\t<div class=\"elementor-widget-container\">\n\t\t\t\t\t<h3 class=\"elementor-heading-title elementor-size-default\">FORMA\u00c7\u00c3O<\/h3>\t\t\t\t<\/div>\n\t\t\t\t<\/div>\n\t\t\t\t<div class=\"elementor-element elementor-element-189b902 elementor-widget-divider--view-line elementor-widget elementor-widget-divider\" data-id=\"189b902\" data-element_type=\"widget\" data-widget_type=\"divider.default\">\n\t\t\t\t<div class=\"elementor-widget-container\">\n\t\t\t\t\t\t\t<div class=\"elementor-divider\">\n\t\t\t<span class=\"elementor-divider-separator\">\n\t\t\t\t\t\t<\/span>\n\t\t<\/div>\n\t\t\t\t\t\t<\/div>\n\t\t\t\t<\/div>\n\t\t\t\t<div class=\"elementor-element elementor-element-c2f2ab4 paragraph-text elementor-widget elementor-widget-text-editor\" data-id=\"c2f2ab4\" data-element_type=\"widget\" data-widget_type=\"text-editor.default\">\n\t\t\t\t<div class=\"elementor-widget-container\">\n\t\t\t\t\t\t\t\t\t<p>A ACIB \u00e9 uma Entidade Certificada pela DGERT \u2013 Dire\u00e7\u00e3o Geral do Emprego e das Rela\u00e7\u00f5es do Trabalho, com cursos tamb\u00e9m reconhecidos pelo ACT e IEFP.<br \/>Com base em diagn\u00f3sticos realizados nas Empresas Associadas, a nossa Equipa T\u00e9cnica apresenta solu\u00e7\u00f5es formativas integradas num Plano de Forma\u00e7\u00e3o anual, com a\u00e7\u00f5es financiadas e outras n\u00e3o financiadas.<br \/>T\u00e3o importante como cumprir as 40 horas de forma\u00e7\u00e3o continua, previsto no c\u00f3digo de trabalho, \u00e9 assegurar a qualidade da forma\u00e7\u00e3o realizada e que esta corresponda \u00e0s reais necessidades da Empresa e dos Colaboradores\/Formandos. Para tal, as tem\u00e1ticas e conte\u00fados selecionados procuram ser transversais aos interesses dos diferentes setores empresarias da Regi\u00e3o e o Quadro de Formadores selecionado segue crit\u00e9rios de qualidade, considerados ess\u00eancias para o sucesso da forma\u00e7\u00e3o.<br \/>Estas a\u00e7\u00f5es de forma\u00e7\u00e3o podem ser realizadas em Sala ou online.<\/p>\t\t\t\t\t\t\t\t<\/div>\n\t\t\t\t<\/div>\n\t\t\t\t\t<\/div>\n\t\t<\/div>\n\t\t\t\t\t<\/div>\n\t\t<\/section>\n\t\t\t\t<section class=\"elementor-section elementor-top-section elementor-element elementor-element-c37b021 elementor-section-boxed elementor-section-height-default elementor-section-height-default\" data-id=\"c37b021\" data-element_type=\"section\" id=\"formacao\">\n\t\t\t\t\t\t<div class=\"elementor-container elementor-column-gap-default\">\n\t\t\t\t\t<div class=\"elementor-column elementor-col-100 elementor-top-column elementor-element elementor-element-284d229\" data-id=\"284d229\" data-element_type=\"column\">\n\t\t\t<div class=\"elementor-widget-wrap elementor-element-populated\">\n\t\t\t\t\t\t<section class=\"elementor-section elementor-inner-section elementor-element elementor-element-2f67d3b elementor-section-full_width elementor-reverse-mobile elementor-section-height-default elementor-section-height-default\" data-id=\"2f67d3b\" data-element_type=\"section\">\n\t\t\t\t\t\t<div class=\"elementor-container elementor-column-gap-no\">\n\t\t\t\t\t<div class=\"elementor-column elementor-col-100 elementor-inner-column elementor-element elementor-element-9b128e6\" data-id=\"9b128e6\" data-element_type=\"column\" data-settings=\"{&quot;background_background&quot;:&quot;classic&quot;}\">\n\t\t\t<div class=\"elementor-widget-wrap elementor-element-populated\">\n\t\t\t\t\t\t<div class=\"elementor-element elementor-element-7833759 elementor-widget elementor-widget-heading\" data-id=\"7833759\" data-element_type=\"widget\" data-widget_type=\"heading.default\">\n\t\t\t\t<div class=\"elementor-widget-container\">\n\t\t\t\t\t<h2 class=\"elementor-heading-title elementor-size-default\">\u00c1reas de Forma\u00e7\u00e3o<\/h2>\t\t\t\t<\/div>\n\t\t\t\t<\/div>\n\t\t\t\t<div class=\"elementor-element elementor-element-611b330 elementor-widget-divider--view-line elementor-widget elementor-widget-divider\" data-id=\"611b330\" data-element_type=\"widget\" data-widget_type=\"divider.default\">\n\t\t\t\t<div class=\"elementor-widget-container\">\n\t\t\t\t\t\t\t<div class=\"elementor-divider\">\n\t\t\t<span class=\"elementor-divider-separator\">\n\t\t\t\t\t\t<\/span>\n\t\t<\/div>\n\t\t\t\t\t\t<\/div>\n\t\t\t\t<\/div>\n\t\t\t\t<div class=\"elementor-element elementor-element-a1ebe37 paragraph-text elementor-widget elementor-widget-text-editor\" data-id=\"a1ebe37\" data-element_type=\"widget\" data-widget_type=\"text-editor.default\">\n\t\t\t\t<div class=\"elementor-widget-container\">\n\t\t\t\t\t\t\t\t\tConhe\u00e7as as principais \u00c1reas de Forma\u00e7\u00e3o do nosso <a class=\"link-text\" href=\"#plano_formacao\">Plano de Forma\u00e7\u00e3o<\/a>\t\t\t\t\t\t\t\t<\/div>\n\t\t\t\t<\/div>\n\t\t\t\t\t<\/div>\n\t\t<\/div>\n\t\t\t\t\t<\/div>\n\t\t<\/section>\n\t\t\t\t<section class=\"elementor-section elementor-inner-section elementor-element elementor-element-56124f8 elementor-section-full_width elementor-reverse-mobile elementor-section-height-default elementor-section-height-default\" data-id=\"56124f8\" data-element_type=\"section\">\n\t\t\t\t\t\t<div class=\"elementor-container elementor-column-gap-custom\">\n\t\t\t\t\t<div class=\"elementor-column elementor-col-25 elementor-inner-column elementor-element elementor-element-9feb40c\" data-id=\"9feb40c\" data-element_type=\"column\">\n\t\t\t<div class=\"elementor-widget-wrap elementor-element-populated\">\n\t\t\t\t\t\t<div class=\"elementor-element elementor-element-98039d7 elementor-widget elementor-widget-html\" data-id=\"98039d7\" data-element_type=\"widget\" data-widget_type=\"html.default\">\n\t\t\t\t<div class=\"elementor-widget-container\">\n\t\t\t\t\t<div class=\"container-image\">\n   \n    <div class=\"overlay-container\"><\/div>\n    <a class=\"title-link\" href=\"https:\/\/www.acib.pt\/index.php\/mkt-venda\" style=\"width:100%\" >Comercial, Vendas <br>\nMarketing\n    <\/a>\n<\/div>\n\t\t\t\t<\/div>\n\t\t\t\t<\/div>\n\t\t\t\t\t<\/div>\n\t\t<\/div>\n\t\t\t\t<div class=\"elementor-column elementor-col-25 elementor-inner-column elementor-element elementor-element-453662c\" data-id=\"453662c\" data-element_type=\"column\">\n\t\t\t<div class=\"elementor-widget-wrap elementor-element-populated\">\n\t\t\t\t\t\t<div class=\"elementor-element elementor-element-bfff97b elementor-widget elementor-widget-html\" data-id=\"bfff97b\" data-element_type=\"widget\" data-widget_type=\"html.default\">\n\t\t\t\t<div class=\"elementor-widget-container\">\n\t\t\t\t\t<div class=\"container-image\">\n   \n    <div class=\"overlay-container\"><\/div>\n    <a class=\"title-link\" href=\"https:\/\/www.acib.pt\/index.php\/contabilidade-e-fiscalidade\" style=\"width:100%\" >Contabilidade Fiscalidade\n    <\/a>\n<\/div>\n\t\t\t\t<\/div>\n\t\t\t\t<\/div>\n\t\t\t\t\t<\/div>\n\t\t<\/div>\n\t\t\t\t<div class=\"elementor-column elementor-col-25 elementor-inner-column elementor-element elementor-element-8a0b251\" data-id=\"8a0b251\" data-element_type=\"column\">\n\t\t\t<div class=\"elementor-widget-wrap elementor-element-populated\">\n\t\t\t\t\t\t<div class=\"elementor-element elementor-element-eccc67f elementor-widget elementor-widget-html\" data-id=\"eccc67f\" data-element_type=\"widget\" data-widget_type=\"html.default\">\n\t\t\t\t<div class=\"elementor-widget-container\">\n\t\t\t\t\t<div class=\"container-image\">\n    \n    <div class=\"overlay-container\"><\/div>\n    <a class=\"title-link\" href=\"https:\/\/www.acib.pt\/index.php\/recursos-humanos-e-legislacao-laboral\" style=\"width:100%\" >Recursos Humanos<br>\nLegisla\u00e7\u00e3o Laboral\n\n    <\/a>\n<\/div>\n\t\t\t\t<\/div>\n\t\t\t\t<\/div>\n\t\t\t\t\t<\/div>\n\t\t<\/div>\n\t\t\t\t<div class=\"elementor-column elementor-col-25 elementor-inner-column elementor-element elementor-element-ff727f3\" data-id=\"ff727f3\" data-element_type=\"column\">\n\t\t\t<div class=\"elementor-widget-wrap elementor-element-populated\">\n\t\t\t\t\t\t<div class=\"elementor-element elementor-element-afeecd7 elementor-widget elementor-widget-html\" data-id=\"afeecd7\" data-element_type=\"widget\" data-widget_type=\"html.default\">\n\t\t\t\t<div class=\"elementor-widget-container\">\n\t\t\t\t\t<div class=\"container-image\">\n   \n    <div class=\"overlay-container\"><\/div>\n    <a class=\"title-link\" href=\"https:\/\/www.acib.pt\/index.php\/desenvolvimento-pessoal\" style=\"width:100%\" >Desenvolvimento Pessoal\n    <\/a>\n<\/div>\n\t\t\t\t<\/div>\n\t\t\t\t<\/div>\n\t\t\t\t\t<\/div>\n\t\t<\/div>\n\t\t\t\t\t<\/div>\n\t\t<\/section>\n\t\t\t\t<section class=\"elementor-section elementor-inner-section elementor-element elementor-element-75f25b1 elementor-section-full_width elementor-reverse-mobile elementor-section-height-default elementor-section-height-default\" data-id=\"75f25b1\" data-element_type=\"section\">\n\t\t\t\t\t\t<div class=\"elementor-container elementor-column-gap-custom\">\n\t\t\t\t\t<div class=\"elementor-column elementor-col-25 elementor-inner-column elementor-element elementor-element-b3d6b9f\" data-id=\"b3d6b9f\" data-element_type=\"column\">\n\t\t\t<div class=\"elementor-widget-wrap elementor-element-populated\">\n\t\t\t\t\t\t<div class=\"elementor-element elementor-element-1c3b5ff elementor-widget elementor-widget-html\" data-id=\"1c3b5ff\" data-element_type=\"widget\" data-widget_type=\"html.default\">\n\t\t\t\t<div class=\"elementor-widget-container\">\n\t\t\t\t\t<div class=\"container-image\">\n    \n    <div class=\"overlay-container\"><\/div>\n    <a class=\"title-link\" href=\"https:\/\/www.acib.pt\/index.php\/seguranca-higiene-no-trabalho-ambiente\" style=\"width:100%\" >Seguran\u00e7a & Higiene no Trabalho <br> Ambiente\n    <\/a>\n<\/div>\n\t\t\t\t<\/div>\n\t\t\t\t<\/div>\n\t\t\t\t\t<\/div>\n\t\t<\/div>\n\t\t\t\t<div class=\"elementor-column elementor-col-25 elementor-inner-column elementor-element elementor-element-8eea364\" data-id=\"8eea364\" data-element_type=\"column\">\n\t\t\t<div class=\"elementor-widget-wrap elementor-element-populated\">\n\t\t\t\t\t\t<div class=\"elementor-element elementor-element-ebd61ef elementor-widget elementor-widget-html\" data-id=\"ebd61ef\" data-element_type=\"widget\" data-widget_type=\"html.default\">\n\t\t\t\t<div class=\"elementor-widget-container\">\n\t\t\t\t\t<div class=\"container-image\">\n  \n    <div class=\"overlay-container\"><\/div>\n    <a class=\"title-link\" href=\"https:\/\/www.acib.pt\/index.php\/gestao-organizacional-qualidade\" style=\"width:100%\" >Gest\u00e3o Organizacional <br> Qualidade\n    <\/a>\n<\/div>\n\t\t\t\t<\/div>\n\t\t\t\t<\/div>\n\t\t\t\t\t<\/div>\n\t\t<\/div>\n\t\t\t\t<div class=\"elementor-column elementor-col-25 elementor-inner-column elementor-element elementor-element-c6b6254\" data-id=\"c6b6254\" data-element_type=\"column\">\n\t\t\t<div class=\"elementor-widget-wrap elementor-element-populated\">\n\t\t\t\t\t\t<div class=\"elementor-element elementor-element-db3065e elementor-widget elementor-widget-html\" data-id=\"db3065e\" data-element_type=\"widget\" data-widget_type=\"html.default\">\n\t\t\t\t<div class=\"elementor-widget-container\">\n\t\t\t\t\t<div class=\"container-image\">\n   \n    <div class=\"overlay-container\"><\/div>\n    <a class=\"title-link\" href=\"https:\/\/www.acib.pt\/index.php\/secretariado-e-linguas\" style=\"width:100%\" >Secretariado<br> L\u00ednguas\n\n    <\/a>\n<\/div>\n\t\t\t\t<\/div>\n\t\t\t\t<\/div>\n\t\t\t\t\t<\/div>\n\t\t<\/div>\n\t\t\t\t<div class=\"elementor-column elementor-col-25 elementor-inner-column elementor-element elementor-element-626ea2f\" data-id=\"626ea2f\" data-element_type=\"column\">\n\t\t\t<div class=\"elementor-widget-wrap elementor-element-populated\">\n\t\t\t\t\t\t<div class=\"elementor-element elementor-element-ecd182a elementor-widget elementor-widget-html\" data-id=\"ecd182a\" data-element_type=\"widget\" data-widget_type=\"html.default\">\n\t\t\t\t<div class=\"elementor-widget-container\">\n\t\t\t\t\t<div class=\"container-image\">\n    \n    <div class=\"overlay-container\"><\/div>\n    <a class=\"title-link\" href=\"https:\/\/www.acib.pt\/index.php\/area-nao-encontrada\" style=\"width:100%\" >Forma\u00e7\u00e3o de Formadores\n    <\/a>\n<\/div>\n\t\t\t\t<\/div>\n\t\t\t\t<\/div>\n\t\t\t\t\t<\/div>\n\t\t<\/div>\n\t\t\t\t\t<\/div>\n\t\t<\/section>\n\t\t\t\t<section class=\"elementor-section elementor-inner-section elementor-element elementor-element-27b8efa elementor-section-full_width elementor-reverse-mobile elementor-section-height-default elementor-section-height-default\" data-id=\"27b8efa\" data-element_type=\"section\">\n\t\t\t\t\t\t<div class=\"elementor-container elementor-column-gap-custom\">\n\t\t\t\t\t<div class=\"elementor-column elementor-col-25 elementor-inner-column elementor-element elementor-element-0143d4f\" data-id=\"0143d4f\" data-element_type=\"column\">\n\t\t\t<div class=\"elementor-widget-wrap elementor-element-populated\">\n\t\t\t\t\t\t<div class=\"elementor-element elementor-element-4cb3bc1 elementor-widget elementor-widget-html\" data-id=\"4cb3bc1\" data-element_type=\"widget\" data-widget_type=\"html.default\">\n\t\t\t\t<div class=\"elementor-widget-container\">\n\t\t\t\t\t<div class=\"container-image\">\n  \n    <div class=\"overlay-container\"><\/div>\n    <a class=\"title-link\" href=\"https:\/\/www.acib.pt\/index.php\/area-nao-encontrada\" style=\"width:100%\" >Inform\u00e1tica\n    <\/a>\n<\/div>\n\t\t\t\t<\/div>\n\t\t\t\t<\/div>\n\t\t\t\t\t<\/div>\n\t\t<\/div>\n\t\t\t\t<div class=\"elementor-column elementor-col-25 elementor-inner-column elementor-element elementor-element-49390e0\" data-id=\"49390e0\" data-element_type=\"column\">\n\t\t\t<div class=\"elementor-widget-wrap elementor-element-populated\">\n\t\t\t\t\t\t<div class=\"elementor-element elementor-element-792d4cf elementor-widget elementor-widget-html\" data-id=\"792d4cf\" data-element_type=\"widget\" data-widget_type=\"html.default\">\n\t\t\t\t<div class=\"elementor-widget-container\">\n\t\t\t\t\t<div class=\"container-image\">\n    \n    <div class=\"overlay-container\"><\/div>\n    <a class=\"title-link\" href=\"https:\/\/www.acib.pt\/index.php\/hotelaria-e-restauracao\" style=\"width:100%\" >Hotelaria <br> Restaura\u00e7\u00e3o\n    <\/a>\n<\/div>\n\t\t\t\t<\/div>\n\t\t\t\t<\/div>\n\t\t\t\t\t<\/div>\n\t\t<\/div>\n\t\t\t\t<div class=\"elementor-column elementor-col-25 elementor-inner-column elementor-element elementor-element-0626f66\" data-id=\"0626f66\" data-element_type=\"column\">\n\t\t\t<div class=\"elementor-widget-wrap elementor-element-populated\">\n\t\t\t\t\t\t<div class=\"elementor-element elementor-element-e09ccf3 elementor-widget elementor-widget-html\" data-id=\"e09ccf3\" data-element_type=\"widget\" data-widget_type=\"html.default\">\n\t\t\t\t<div class=\"elementor-widget-container\">\n\t\t\t\t\t<div class=\"container-image\">\n   \n    <div class=\"overlay-container\"><\/div>\n    <a class=\"title-link\" href=\"https:\/\/www.acib.pt\/index.php\/area-nao-encontrada\" style=\"width:100%\" >Ind\u00fastria Alimentar\n    <\/a>\n<\/div>\n\t\t\t\t<\/div>\n\t\t\t\t<\/div>\n\t\t\t\t\t<\/div>\n\t\t<\/div>\n\t\t\t\t<div class=\"elementor-column elementor-col-25 elementor-inner-column elementor-element elementor-element-941878e\" data-id=\"941878e\" data-element_type=\"column\">\n\t\t\t<div class=\"elementor-widget-wrap elementor-element-populated\">\n\t\t\t\t\t\t<div class=\"elementor-element elementor-element-ffa2951 elementor-widget elementor-widget-html\" data-id=\"ffa2951\" data-element_type=\"widget\" data-widget_type=\"html.default\">\n\t\t\t\t<div class=\"elementor-widget-container\">\n\t\t\t\t\t<div class=\"container-image\">\n \n    <div class=\"overlay-container\"><\/div>\n    <a class=\"title-link\" href=\"https:\/\/www.acib.pt\/index.php\/area-nao-encontrada\" style=\"width:100%\" >Trabalho Social e Orienta\u00e7\u00e3o <br> Apoio a Crian\u00e7as e Jovens\n    <\/a>\n<\/div>\n\t\t\t\t<\/div>\n\t\t\t\t<\/div>\n\t\t\t\t\t<\/div>\n\t\t<\/div>\n\t\t\t\t\t<\/div>\n\t\t<\/section>\n\t\t\t\t<section class=\"elementor-section elementor-inner-section elementor-element elementor-element-5fd14f7 elementor-section-full_width elementor-reverse-mobile elementor-section-height-default elementor-section-height-default\" data-id=\"5fd14f7\" data-element_type=\"section\" id=\"plano_formacao\">\n\t\t\t\t\t\t<div class=\"elementor-container elementor-column-gap-no\">\n\t\t\t\t\t<div class=\"elementor-column elementor-col-100 elementor-inner-column elementor-element elementor-element-c5d616e\" data-id=\"c5d616e\" data-element_type=\"column\" data-settings=\"{&quot;background_background&quot;:&quot;classic&quot;}\">\n\t\t\t<div class=\"elementor-widget-wrap elementor-element-populated\">\n\t\t\t\t\t\t<div class=\"elementor-element elementor-element-0e5e4f2 elementor-widget elementor-widget-heading\" data-id=\"0e5e4f2\" data-element_type=\"widget\" data-widget_type=\"heading.default\">\n\t\t\t\t<div class=\"elementor-widget-container\">\n\t\t\t\t\t<h2 class=\"elementor-heading-title elementor-size-default\">Plano Forma\u00e7\u00e3o<\/h2>\t\t\t\t<\/div>\n\t\t\t\t<\/div>\n\t\t\t\t<div class=\"elementor-element elementor-element-9c70dea elementor-widget-divider--view-line elementor-widget elementor-widget-divider\" data-id=\"9c70dea\" data-element_type=\"widget\" data-widget_type=\"divider.default\">\n\t\t\t\t<div class=\"elementor-widget-container\">\n\t\t\t\t\t\t\t<div class=\"elementor-divider\">\n\t\t\t<span class=\"elementor-divider-separator\">\n\t\t\t\t\t\t<\/span>\n\t\t<\/div>\n\t\t\t\t\t\t<\/div>\n\t\t\t\t<\/div>\n\t\t\t\t<div class=\"elementor-element elementor-element-5482d78 paragraph-text elementor-widget elementor-widget-text-editor\" data-id=\"5482d78\" data-element_type=\"widget\" data-widget_type=\"text-editor.default\">\n\t\t\t\t<div class=\"elementor-widget-container\">\n\t\t\t\t\t\t\t\t\t<p>Propostas formativas por tem\u00e1ticas, que agregam interesses comuns \u00e0 realidade das Empresas da Regi\u00e3o. Estas forma\u00e7\u00f5es s\u00e3o orientadas para ativos das Empresas e\/ou desempregados, que procurem aperfei\u00e7oar as suas compet\u00eancias ou conhecimentos, podendo ser realizadas na modalidade presencial, nas instala\u00e7\u00f5es da ACIB, ou online.<\/p><p><a class=\"btn-saber-mais\" href=\"https:\/\/www.acib.pt\/wp-content\/uploads\/2025\/07\/PlanoFormacao2oSemestre2025.pdf\" target=\"_blank\" rel=\"noopener\">Ver planos<\/a><\/p>\t\t\t\t\t\t\t\t<\/div>\n\t\t\t\t<\/div>\n\t\t\t\t<div class=\"elementor-element elementor-element-d535c62 bold-green elementor-widget elementor-widget-toggle\" data-id=\"d535c62\" data-element_type=\"widget\" data-widget_type=\"toggle.default\">\n\t\t\t\t<div class=\"elementor-widget-container\">\n\t\t\t\t\t\t\t<div class=\"elementor-toggle\">\n\t\t\t\t\t\t\t<div class=\"elementor-toggle-item\">\n\t\t\t\t\t<div id=\"elementor-tab-title-2231\" class=\"elementor-tab-title\" data-tab=\"1\" role=\"button\" aria-controls=\"elementor-tab-content-2231\" aria-expanded=\"false\">\n\t\t\t\t\t\t\t\t\t\t\t\t<span class=\"elementor-toggle-icon elementor-toggle-icon-left\" aria-hidden=\"true\">\n\t\t\t\t\t\t\t\t\t\t\t\t\t\t\t<span class=\"elementor-toggle-icon-closed\"><i class=\"fas fa-plus\"><\/i><\/span>\n\t\t\t\t\t\t\t\t<span class=\"elementor-toggle-icon-opened\"><i class=\"elementor-toggle-icon-opened fas fa-minus\"><\/i><\/span>\n\t\t\t\t\t\t\t\t\t\t\t\t\t<\/span>\n\t\t\t\t\t\t\t\t\t\t\t\t<a class=\"elementor-toggle-title\" tabindex=\"0\">Forma\u00e7\u00e3o financiada<\/a>\n\t\t\t\t\t<\/div>\n\n\t\t\t\t\t<div id=\"elementor-tab-content-2231\" class=\"elementor-tab-content elementor-clearfix\" data-tab=\"1\" role=\"region\" aria-labelledby=\"elementor-tab-title-2231\"><p><a class=\"btn-saber-mais\" style=\"margin-right: 20px;\" href=\"https:\/\/www.acib.pt\/wp-content\/uploads\/2025\/07\/PlanoFormacao2oSemestre2025.pdf\" target=\"_blank\" rel=\"noopener\">Ver Plano<\/a><\/p><\/div>\n\t\t\t\t<\/div>\n\t\t\t\t\t\t\t<div class=\"elementor-toggle-item\">\n\t\t\t\t\t<div id=\"elementor-tab-title-2232\" class=\"elementor-tab-title\" data-tab=\"2\" role=\"button\" aria-controls=\"elementor-tab-content-2232\" aria-expanded=\"false\">\n\t\t\t\t\t\t\t\t\t\t\t\t<span class=\"elementor-toggle-icon elementor-toggle-icon-left\" aria-hidden=\"true\">\n\t\t\t\t\t\t\t\t\t\t\t\t\t\t\t<span class=\"elementor-toggle-icon-closed\"><i class=\"fas fa-plus\"><\/i><\/span>\n\t\t\t\t\t\t\t\t<span class=\"elementor-toggle-icon-opened\"><i class=\"elementor-toggle-icon-opened fas fa-minus\"><\/i><\/span>\n\t\t\t\t\t\t\t\t\t\t\t\t\t<\/span>\n\t\t\t\t\t\t\t\t\t\t\t\t<a class=\"elementor-toggle-title\" tabindex=\"0\">Forma\u00e7\u00e3o n\u00e3o financiada<\/a>\n\t\t\t\t\t<\/div>\n\n\t\t\t\t\t<div id=\"elementor-tab-content-2232\" class=\"elementor-tab-content elementor-clearfix\" data-tab=\"2\" role=\"region\" aria-labelledby=\"elementor-tab-title-2232\"><p><a class=\"btn-saber-mais\" style=\"margin-right: 20px;\" href=\"https:\/\/www.acib.pt\/wp-content\/uploads\/2025\/07\/PlanoFormacao2oSemestre2025.pdf\">Ver Plano<\/a><\/p><\/div>\n\t\t\t\t<\/div>\n\t\t\t\t\t\t\t\t<\/div>\n\t\t\t\t\t\t<\/div>\n\t\t\t\t<\/div>\n\t\t\t\t\t<\/div>\n\t\t<\/div>\n\t\t\t\t\t<\/div>\n\t\t<\/section>\n\t\t\t\t<section class=\"elementor-section elementor-inner-section elementor-element elementor-element-25c2e31 elementor-section-full_width elementor-reverse-mobile elementor-section-height-default elementor-section-height-default\" data-id=\"25c2e31\" data-element_type=\"section\">\n\t\t\t\t\t\t<div class=\"elementor-container elementor-column-gap-no\">\n\t\t\t\t\t<div class=\"elementor-column elementor-col-100 elementor-inner-column elementor-element elementor-element-3d98ef0\" data-id=\"3d98ef0\" data-element_type=\"column\" data-settings=\"{&quot;background_background&quot;:&quot;classic&quot;}\">\n\t\t\t<div class=\"elementor-widget-wrap elementor-element-populated\">\n\t\t\t\t\t\t<div class=\"elementor-element elementor-element-f39425d elementor-widget elementor-widget-heading\" data-id=\"f39425d\" data-element_type=\"widget\" data-widget_type=\"heading.default\">\n\t\t\t\t<div class=\"elementor-widget-container\">\n\t\t\t\t\t<h2 class=\"elementor-heading-title elementor-size-default\">Servi\u00e7os de Forma\u00e7\u00e3o<\/h2>\t\t\t\t<\/div>\n\t\t\t\t<\/div>\n\t\t\t\t<div class=\"elementor-element elementor-element-a62732d elementor-widget-divider--view-line elementor-widget elementor-widget-divider\" data-id=\"a62732d\" data-element_type=\"widget\" data-widget_type=\"divider.default\">\n\t\t\t\t<div class=\"elementor-widget-container\">\n\t\t\t\t\t\t\t<div class=\"elementor-divider\">\n\t\t\t<span class=\"elementor-divider-separator\">\n\t\t\t\t\t\t<\/span>\n\t\t<\/div>\n\t\t\t\t\t\t<\/div>\n\t\t\t\t<\/div>\n\t\t\t\t<div class=\"elementor-element elementor-element-abc4db7 bold-green elementor-widget elementor-widget-toggle\" data-id=\"abc4db7\" data-element_type=\"widget\" data-widget_type=\"toggle.default\">\n\t\t\t\t<div class=\"elementor-widget-container\">\n\t\t\t\t\t\t\t<div class=\"elementor-toggle\">\n\t\t\t\t\t\t\t<div class=\"elementor-toggle-item\">\n\t\t\t\t\t<div id=\"elementor-tab-title-1801\" class=\"elementor-tab-title\" data-tab=\"1\" role=\"button\" aria-controls=\"elementor-tab-content-1801\" aria-expanded=\"false\">\n\t\t\t\t\t\t\t\t\t\t\t\t<span class=\"elementor-toggle-icon elementor-toggle-icon-left\" aria-hidden=\"true\">\n\t\t\t\t\t\t\t\t\t\t\t\t\t\t\t<span class=\"elementor-toggle-icon-closed\"><i class=\"fas fa-plus\"><\/i><\/span>\n\t\t\t\t\t\t\t\t<span class=\"elementor-toggle-icon-opened\"><i class=\"elementor-toggle-icon-opened fas fa-minus\"><\/i><\/span>\n\t\t\t\t\t\t\t\t\t\t\t\t\t<\/span>\n\t\t\t\t\t\t\t\t\t\t\t\t<a class=\"elementor-toggle-title\" tabindex=\"0\">Elabora\u00e7\u00e3o de Planos de Forma\u00e7\u00e3o intra - empresa<\/a>\n\t\t\t\t\t<\/div>\n\n\t\t\t\t\t<div id=\"elementor-tab-content-1801\" class=\"elementor-tab-content elementor-clearfix\" data-tab=\"1\" role=\"region\" aria-labelledby=\"elementor-tab-title-1801\"><p>Apoio \u00e0s Empresas Associadas, para o desenvolvimento dos seus pr\u00f3prios Planos de Forma\u00e7\u00e3o, que inclui as seguintes atividades:<\/p><ul class=\"custom-list\"><li>Diagn\u00f3stico de Necessidades de Forma\u00e7\u00e3o;<\/li><li>Elabora\u00e7\u00e3o de Plano de Forma\u00e7\u00e3o;<\/li><li>Planeamento e Organiza\u00e7\u00e3o de A\u00e7\u00f5es de Forma\u00e7\u00e3o;<\/li><li>Planeamento e Organiza\u00e7\u00e3o de A\u00e7\u00f5es de Forma\u00e7\u00e3o;<\/li><li>Avalia\u00e7\u00e3o da Forma\u00e7\u00e3o.<\/li><\/ul><p>As principais tem\u00e1ticas est\u00e3o relacionadas com: Gest\u00e3o, Novas Tecnologias, Multim\u00e9dia, Comunica\u00e7\u00e3o, Gest\u00e3o de Recursos Humanos e Rela\u00e7\u00f5es Laborais, Secretariado, Contabilidade e Fiscalidade e Higiene, Seguran\u00e7a e Sa\u00fade no Trabalho.<\/p><\/div>\n\t\t\t\t<\/div>\n\t\t\t\t\t\t\t<div class=\"elementor-toggle-item\">\n\t\t\t\t\t<div id=\"elementor-tab-title-1802\" class=\"elementor-tab-title\" data-tab=\"2\" role=\"button\" aria-controls=\"elementor-tab-content-1802\" aria-expanded=\"false\">\n\t\t\t\t\t\t\t\t\t\t\t\t<span class=\"elementor-toggle-icon elementor-toggle-icon-left\" aria-hidden=\"true\">\n\t\t\t\t\t\t\t\t\t\t\t\t\t\t\t<span class=\"elementor-toggle-icon-closed\"><i class=\"fas fa-plus\"><\/i><\/span>\n\t\t\t\t\t\t\t\t<span class=\"elementor-toggle-icon-opened\"><i class=\"elementor-toggle-icon-opened fas fa-minus\"><\/i><\/span>\n\t\t\t\t\t\t\t\t\t\t\t\t\t<\/span>\n\t\t\t\t\t\t\t\t\t\t\t\t<a class=\"elementor-toggle-title\" tabindex=\"0\">Forma\u00e7\u00e3o Intra - Empresa<\/a>\n\t\t\t\t\t<\/div>\n\n\t\t\t\t\t<div id=\"elementor-tab-content-1802\" class=\"elementor-tab-content elementor-clearfix\" data-tab=\"2\" role=\"region\" aria-labelledby=\"elementor-tab-title-1802\"><p><strong>Forma\u00e7\u00e3o \u00e0 medida da Empresa (na Empresa)<\/strong><\/p><p>Solu\u00e7\u00f5es formativas \u00e0 medida das necessidades espec\u00edficas de cada Empresa.Consulte a nossa Equipa T\u00e9cnica, para dar a conhecer as necessidades de forma\u00e7\u00e3o, que em conjunto apresentaremos as solu\u00e7\u00f5es mais adequadas \u00e0 realidade da sua Empresa.<\/p><\/div>\n\t\t\t\t<\/div>\n\t\t\t\t\t\t\t<div class=\"elementor-toggle-item\">\n\t\t\t\t\t<div id=\"elementor-tab-title-1803\" class=\"elementor-tab-title\" data-tab=\"3\" role=\"button\" aria-controls=\"elementor-tab-content-1803\" aria-expanded=\"false\">\n\t\t\t\t\t\t\t\t\t\t\t\t<span class=\"elementor-toggle-icon elementor-toggle-icon-left\" aria-hidden=\"true\">\n\t\t\t\t\t\t\t\t\t\t\t\t\t\t\t<span class=\"elementor-toggle-icon-closed\"><i class=\"fas fa-plus\"><\/i><\/span>\n\t\t\t\t\t\t\t\t<span class=\"elementor-toggle-icon-opened\"><i class=\"elementor-toggle-icon-opened fas fa-minus\"><\/i><\/span>\n\t\t\t\t\t\t\t\t\t\t\t\t\t<\/span>\n\t\t\t\t\t\t\t\t\t\t\t\t<a class=\"elementor-toggle-title\" tabindex=\"0\">Levantamento de Necessidades<\/a>\n\t\t\t\t\t<\/div>\n\n\t\t\t\t\t<div id=\"elementor-tab-content-1803\" class=\"elementor-tab-content elementor-clearfix\" data-tab=\"3\" role=\"region\" aria-labelledby=\"elementor-tab-title-1803\"><p>A Equipa T\u00e9cnica da ACIB procura recolher o m\u00e1ximo de informa\u00e7\u00e3o sobre necessidades de desenvolvimento de compet\u00eancias, para poder melhorar continuamente a oferta de cursos do Plano de Forma\u00e7\u00e3o.<\/p><p>Caso n\u00e3o tenha encontrado cursos de forma\u00e7\u00e3o que respondam \u00e0s necessidades de desenvolvimento das compet\u00eancias que pretende, agradecemos que as manifeste aqui, ao preencher este simples formul\u00e1rio.<\/p><ul class=\"custom-list\"><li><a class=\"link-text\" href=\"https:\/\/forms.gle\/1mxX86UBBU4UT9Vp9\" target=\"_blank\" rel=\"noopener\">Empresas<\/a><\/li><li><a class=\"link-text\" href=\"https:\/\/forms.gle\/oZ2JwSkMRtavF6yt6\" target=\"_blank\" rel=\"noopener\">Trabalhadores<\/a><\/li><\/ul><\/div>\n\t\t\t\t<\/div>\n\t\t\t\t\t\t\t<div class=\"elementor-toggle-item\">\n\t\t\t\t\t<div id=\"elementor-tab-title-1804\" class=\"elementor-tab-title\" data-tab=\"4\" role=\"button\" aria-controls=\"elementor-tab-content-1804\" aria-expanded=\"false\">\n\t\t\t\t\t\t\t\t\t\t\t\t<span class=\"elementor-toggle-icon elementor-toggle-icon-left\" aria-hidden=\"true\">\n\t\t\t\t\t\t\t\t\t\t\t\t\t\t\t<span class=\"elementor-toggle-icon-closed\"><i class=\"fas fa-plus\"><\/i><\/span>\n\t\t\t\t\t\t\t\t<span class=\"elementor-toggle-icon-opened\"><i class=\"elementor-toggle-icon-opened fas fa-minus\"><\/i><\/span>\n\t\t\t\t\t\t\t\t\t\t\t\t\t<\/span>\n\t\t\t\t\t\t\t\t\t\t\t\t<a class=\"elementor-toggle-title\" tabindex=\"0\">Workshops \/ Webinars \/ Semin\u00e1rios<\/a>\n\t\t\t\t\t<\/div>\n\n\t\t\t\t\t<div id=\"elementor-tab-content-1804\" class=\"elementor-tab-content elementor-clearfix\" data-tab=\"4\" role=\"region\" aria-labelledby=\"elementor-tab-title-1804\"><p>Sess\u00f5es formativas, informativas e\/ou de esclarecimento, para aprofundamento de temas mais t\u00e9cnicos, conforme a \u00e1rea de conhecimento.<\/p><\/div>\n\t\t\t\t<\/div>\n\t\t\t\t\t\t\t<div class=\"elementor-toggle-item\">\n\t\t\t\t\t<div id=\"elementor-tab-title-1805\" class=\"elementor-tab-title\" data-tab=\"5\" role=\"button\" aria-controls=\"elementor-tab-content-1805\" aria-expanded=\"false\">\n\t\t\t\t\t\t\t\t\t\t\t\t<span class=\"elementor-toggle-icon elementor-toggle-icon-left\" aria-hidden=\"true\">\n\t\t\t\t\t\t\t\t\t\t\t\t\t\t\t<span class=\"elementor-toggle-icon-closed\"><i class=\"fas fa-plus\"><\/i><\/span>\n\t\t\t\t\t\t\t\t<span class=\"elementor-toggle-icon-opened\"><i class=\"elementor-toggle-icon-opened fas fa-minus\"><\/i><\/span>\n\t\t\t\t\t\t\t\t\t\t\t\t\t<\/span>\n\t\t\t\t\t\t\t\t\t\t\t\t<a class=\"elementor-toggle-title\" tabindex=\"0\">Bolsa de Formadores<\/a>\n\t\t\t\t\t<\/div>\n\n\t\t\t\t\t<div id=\"elementor-tab-content-1805\" class=\"elementor-tab-content elementor-clearfix\" data-tab=\"5\" role=\"region\" aria-labelledby=\"elementor-tab-title-1805\"><p>A ACIB disponibiliza uma variedade de tem\u00e1ticas formativas \u00e0s Empresas abrangidas pelo nosso Territ\u00f3rio.<\/p><p>Caso esteja habilitado para realizar forma\u00e7\u00e3o pela nossa Associa\u00e7\u00e3o e tenha interesse em integrar a nossa Bolsa de Formadores, sugerimos que preencha e submeta uma Manifesta\u00e7\u00e3o de Interesse, acompanhada do seu CV.<\/p><p><a class=\"btn-saber-mais\" href=\"https:\/\/www.acib.pt\/index.php\/bolsa-de-formadores\/\" target=\"_blank\" rel=\"noopener\">Integrar<\/a><\/p><\/div>\n\t\t\t\t<\/div>\n\t\t\t\t\t\t\t<div class=\"elementor-toggle-item\">\n\t\t\t\t\t<div id=\"elementor-tab-title-1806\" class=\"elementor-tab-title\" data-tab=\"6\" role=\"button\" aria-controls=\"elementor-tab-content-1806\" aria-expanded=\"false\">\n\t\t\t\t\t\t\t\t\t\t\t\t<span class=\"elementor-toggle-icon elementor-toggle-icon-left\" aria-hidden=\"true\">\n\t\t\t\t\t\t\t\t\t\t\t\t\t\t\t<span class=\"elementor-toggle-icon-closed\"><i class=\"fas fa-plus\"><\/i><\/span>\n\t\t\t\t\t\t\t\t<span class=\"elementor-toggle-icon-opened\"><i class=\"elementor-toggle-icon-opened fas fa-minus\"><\/i><\/span>\n\t\t\t\t\t\t\t\t\t\t\t\t\t<\/span>\n\t\t\t\t\t\t\t\t\t\t\t\t<a class=\"elementor-toggle-title\" tabindex=\"0\">Programa Forma\u00e7\u00e3o - A\u00e7\u00e3o<\/a>\n\t\t\t\t\t<\/div>\n\n\t\t\t\t\t<div id=\"elementor-tab-content-1806\" class=\"elementor-tab-content elementor-clearfix\" data-tab=\"6\" role=\"region\" aria-labelledby=\"elementor-tab-title-1806\"><p>Conhe\u00e7a este Programa, que tem como objetivo refor\u00e7ar a competitividade das Micro e PME&#8217;s da Regi\u00e3o atrav\u00e9s do aumento da qualifica\u00e7\u00e3o dos seus Colaboradores, Gestores e Empres\u00e1rios.<\/p><p><a class=\"btn-saber-mais\" href=\"#projetos\">Saiba Mais<\/a><\/p><\/div>\n\t\t\t\t<\/div>\n\t\t\t\t\t\t\t\t<\/div>\n\t\t\t\t\t\t<\/div>\n\t\t\t\t<\/div>\n\t\t\t\t\t<\/div>\n\t\t<\/div>\n\t\t\t\t\t<\/div>\n\t\t<\/section>\n\t\t\t\t\t<\/div>\n\t\t<\/div>\n\t\t\t\t\t<\/div>\n\t\t<\/section>\n\t\t\t\t<section class=\"elementor-section elementor-top-section elementor-element elementor-element-051b979 elementor-section-boxed elementor-section-height-default elementor-section-height-default\" data-id=\"051b979\" data-element_type=\"section\">\n\t\t\t\t\t\t<div class=\"elementor-container elementor-column-gap-default\">\n\t\t\t\t\t<div class=\"elementor-column elementor-col-100 elementor-top-column elementor-element elementor-element-8517ce4\" data-id=\"8517ce4\" data-element_type=\"column\">\n\t\t\t<div class=\"elementor-widget-wrap elementor-element-populated\">\n\t\t\t\t\t\t<section class=\"elementor-section elementor-inner-section elementor-element elementor-element-e35cbbf elementor-section-full_width elementor-reverse-mobile elementor-section-height-default elementor-section-height-default\" data-id=\"e35cbbf\" data-element_type=\"section\" data-settings=\"{&quot;background_background&quot;:&quot;slideshow&quot;,&quot;background_slideshow_gallery&quot;:[],&quot;background_slideshow_loop&quot;:&quot;yes&quot;,&quot;background_slideshow_slide_duration&quot;:5000,&quot;background_slideshow_slide_transition&quot;:&quot;fade&quot;,&quot;background_slideshow_transition_duration&quot;:500}\">\n\t\t\t\t\t\t<div class=\"elementor-container elementor-column-gap-no\">\n\t\t\t\t\t<div class=\"elementor-column elementor-col-100 elementor-inner-column elementor-element elementor-element-b433efe\" data-id=\"b433efe\" data-element_type=\"column\" data-settings=\"{&quot;background_background&quot;:&quot;classic&quot;}\">\n\t\t\t<div class=\"elementor-widget-wrap elementor-element-populated\">\n\t\t\t\t\t\t<div class=\"elementor-element elementor-element-fbe8f35 elementor-widget elementor-widget-heading\" data-id=\"fbe8f35\" data-element_type=\"widget\" data-widget_type=\"heading.default\">\n\t\t\t\t<div class=\"elementor-widget-container\">\n\t\t\t\t\t<h2 class=\"elementor-heading-title elementor-size-default\">Forma\u00e7\u00f5es em Destaque<\/h2>\t\t\t\t<\/div>\n\t\t\t\t<\/div>\n\t\t\t\t<div class=\"elementor-element elementor-element-383730e elementor-widget-divider--view-line elementor-widget elementor-widget-divider\" data-id=\"383730e\" data-element_type=\"widget\" data-widget_type=\"divider.default\">\n\t\t\t\t<div class=\"elementor-widget-container\">\n\t\t\t\t\t\t\t<div class=\"elementor-divider\">\n\t\t\t<span class=\"elementor-divider-separator\">\n\t\t\t\t\t\t<\/span>\n\t\t<\/div>\n\t\t\t\t\t\t<\/div>\n\t\t\t\t<\/div>\n\t\t\t\t<div class=\"elementor-element elementor-element-a228c6f premium-blog-align-left elementor-widget elementor-widget-premium-addon-blog\" data-id=\"a228c6f\" data-element_type=\"widget\" data-settings=\"{&quot;premium_blog_columns_number&quot;:&quot;33.33%&quot;,&quot;force_height&quot;:&quot;true&quot;,&quot;premium_blog_carousel&quot;:&quot;yes&quot;,&quot;slides_to_scroll&quot;:1,&quot;premium_blog_grid&quot;:&quot;yes&quot;,&quot;premium_blog_layout&quot;:&quot;even&quot;,&quot;premium_blog_columns_number_tablet&quot;:&quot;50%&quot;,&quot;premium_blog_columns_number_mobile&quot;:&quot;100%&quot;,&quot;carousel_speed&quot;:300,&quot;premium_blog_carousel_arrows&quot;:&quot;yes&quot;}\" data-widget_type=\"premium-addon-blog.default\">\n\t\t\t\t<div class=\"elementor-widget-container\">\n\t\t\t\t\t\r\n\t\t\t\t<div class=\"premium-blog-wrap  premium-blog-even premium-carousel-hidden\" data-page=\"4823\">\r\n\t\t\t\t\t<div class=\"premium-blog-post-outer-container\" data-total=\"1\">\n\t\t\t<div class=\"premium-blog-post-container premium-blog-skin-classic\">\n\t\t\t\t\t\t\t\t\t<div class=\"premium-blog-thumb-effect-wrapper\">\n\t\t\t\t\t\t<div class=\"premium-blog-thumbnail-container premium-blog-zoomin-effect\">\n\t\t\t\t\t\t\t<img decoding=\"async\" width=\"1080\" height=\"530\" src=\"https:\/\/www.acib.pt\/wp-content\/uploads\/2026\/03\/Folha_Calculo.png\" class=\"attachment-full size-full wp-image-11031\" alt=\"Produzir documentos em folhas de c\u00e1lculo\" srcset=\"https:\/\/www.acib.pt\/wp-content\/uploads\/2026\/03\/Folha_Calculo.png 1080w, https:\/\/www.acib.pt\/wp-content\/uploads\/2026\/03\/Folha_Calculo-300x147.png 300w, https:\/\/www.acib.pt\/wp-content\/uploads\/2026\/03\/Folha_Calculo-1024x503.png 1024w, https:\/\/www.acib.pt\/wp-content\/uploads\/2026\/03\/Folha_Calculo-768x377.png 768w\" sizes=\"(max-width: 1080px) 100vw, 1080px\" \/>\t\t\t\t\t\t<\/div>\n\t\t\t\t\t\t\t\t\t\t\t\t\t<div class=\"premium-blog-thumbnail-overlay\">\n\t\t\t\t\t\t\t\t<a class=\"elementor-icon\" href=\"https:\/\/www.acib.pt\/index.php\/2026\/03\/30\/uc02775-produzir-documentos-em-folha-de-calculo-25h\/\" target=\"_blank\" aria-hidden=\"true\"><\/a>\n\t\t\t\t\t\t\t<\/div>\n\t\t\t\t\t\t\t\t\t\t\t<\/div>\n\t\t\t\t\t\t\t\t\t\t\t\t<div class=\"premium-blog-content-wrapper \">\n\n\t\t\t\t\t<div class=\"premium-blog-inner-container\">\n\n\t\t\t\t\t\t\t\t\t\t\t\t\t\t<h2 class=\"premium-blog-entry-title\">\n\t\t\t<a href=\"https:\/\/www.acib.pt\/index.php\/2026\/03\/30\/uc02775-produzir-documentos-em-folha-de-calculo-25h\/\" target=\"_blank\">\n\t\t\t\tUC02775: Produzir Documentos em Folha de C\u00e1lculo (25H)\t\t\t<\/a>\n\t\t<\/h2>\n\t\t\t\t<div class=\"premium-blog-entry-meta\">\n\t\t\t\n\t\t\t\n\t\t\t\t\t\t\t<span class=\"premium-blog-meta-separator\">\u2022<\/span>\n\t\t\t\t<div class=\"premium-blog-post-categories premium-blog-meta-data\">\n\t\t\t\t\t<i class=\"fa fa-align-left fa-fw\" aria-hidden=\"true\"><\/i>\n\t\t\t\t\t<a href=\"https:\/\/www.acib.pt\/index.php\/category\/formacao\/\" rel=\"category tag\">Forma\u00e7\u00e3o<\/a>\t\t\t\t<\/div>\n\t\t\t\n\t\t\t\t\t<\/div>\n\t\t\n\t\t\t\t\t<\/div>\n\n\t\t\t\t\t\t\t\t\t\t\t\t\t\t\t\t<div class=\"premium-blog-post-tags-container\">\n\t\t\t\t\t\t\t\t<i class=\"fa fa-tags fa-fw\" aria-hidden=\"true\"><\/i>\n\t\t\t\t\t\t\t\t <a href=\"https:\/\/www.acib.pt\/index.php\/tag\/emprego-mais-digital\/\" rel=\"tag\">Emprego Mais Digital<\/a>, <a href=\"https:\/\/www.acib.pt\/index.php\/tag\/formacao-financiada\/\" rel=\"tag\">Forma\u00e7\u00e3o Financiada<\/a>\t\t\t\t\t\t<\/div>\n\t\t\t\t\t\n\t\t\t\t<\/div>\n\t\t\t<\/div>\n\t\t<\/div>\n\n\t\t\t\t<div class=\"premium-blog-post-outer-container\" data-total=\"1\">\n\t\t\t<div class=\"premium-blog-post-container premium-blog-skin-classic\">\n\t\t\t\t\t\t\t\t\t<div class=\"premium-blog-thumb-effect-wrapper\">\n\t\t\t\t\t\t<div class=\"premium-blog-thumbnail-container premium-blog-zoomin-effect\">\n\t\t\t\t\t\t\t<img decoding=\"async\" width=\"1080\" height=\"672\" src=\"https:\/\/www.acib.pt\/wp-content\/uploads\/2026\/03\/Parte-3.png\" class=\"attachment-full size-full wp-image-10959\" alt=\"ACIB Forma\u00e7\u00e3o\" srcset=\"https:\/\/www.acib.pt\/wp-content\/uploads\/2026\/03\/Parte-3.png 1080w, https:\/\/www.acib.pt\/wp-content\/uploads\/2026\/03\/Parte-3-300x187.png 300w, https:\/\/www.acib.pt\/wp-content\/uploads\/2026\/03\/Parte-3-1024x637.png 1024w, https:\/\/www.acib.pt\/wp-content\/uploads\/2026\/03\/Parte-3-768x478.png 768w\" sizes=\"(max-width: 1080px) 100vw, 1080px\" \/>\t\t\t\t\t\t<\/div>\n\t\t\t\t\t\t\t\t\t\t\t\t\t<div class=\"premium-blog-thumbnail-overlay\">\n\t\t\t\t\t\t\t\t<a class=\"elementor-icon\" href=\"https:\/\/www.acib.pt\/index.php\/2026\/03\/30\/seguranca-na-utilizacao-de-empilhadores\/\" target=\"_blank\" aria-hidden=\"true\"><\/a>\n\t\t\t\t\t\t\t<\/div>\n\t\t\t\t\t\t\t\t\t\t\t<\/div>\n\t\t\t\t\t\t\t\t\t\t\t\t<div class=\"premium-blog-content-wrapper \">\n\n\t\t\t\t\t<div class=\"premium-blog-inner-container\">\n\n\t\t\t\t\t\t\t\t\t\t\t\t\t\t<h2 class=\"premium-blog-entry-title\">\n\t\t\t<a href=\"https:\/\/www.acib.pt\/index.php\/2026\/03\/30\/seguranca-na-utilizacao-de-empilhadores\/\" target=\"_blank\">\n\t\t\t\tSeguran\u00e7a na Utiliza\u00e7\u00e3o de Empilhadores\t\t\t<\/a>\n\t\t<\/h2>\n\t\t\t\t<div class=\"premium-blog-entry-meta\">\n\t\t\t\n\t\t\t\n\t\t\t\t\t\t\t<span class=\"premium-blog-meta-separator\">\u2022<\/span>\n\t\t\t\t<div class=\"premium-blog-post-categories premium-blog-meta-data\">\n\t\t\t\t\t<i class=\"fa fa-align-left fa-fw\" aria-hidden=\"true\"><\/i>\n\t\t\t\t\t<a href=\"https:\/\/www.acib.pt\/index.php\/category\/formacao\/\" rel=\"category tag\">Forma\u00e7\u00e3o<\/a>\t\t\t\t<\/div>\n\t\t\t\n\t\t\t\t\t<\/div>\n\t\t\n\t\t\t\t\t<\/div>\n\n\t\t\t\t\t\t\t\t\t\t\t\t\t\t\t\t<div class=\"premium-blog-post-tags-container\">\n\t\t\t\t\t\t\t\t<i class=\"fa fa-tags fa-fw\" aria-hidden=\"true\"><\/i>\n\t\t\t\t\t\t\t\t <a href=\"https:\/\/www.acib.pt\/index.php\/tag\/nao-financiado\/\" rel=\"tag\">Forma\u00e7\u00e3o N\u00e3o Financiada<\/a>\t\t\t\t\t\t<\/div>\n\t\t\t\t\t\n\t\t\t\t<\/div>\n\t\t\t<\/div>\n\t\t<\/div>\n\n\t\t\t\t<div class=\"premium-blog-post-outer-container\" data-total=\"1\">\n\t\t\t<div class=\"premium-blog-post-container premium-blog-skin-classic\">\n\t\t\t\t\t\t\t\t\t<div class=\"premium-blog-thumb-effect-wrapper\">\n\t\t\t\t\t\t<div class=\"premium-blog-thumbnail-container premium-blog-zoomin-effect\">\n\t\t\t\t\t\t\t<img loading=\"lazy\" decoding=\"async\" width=\"1080\" height=\"496\" src=\"https:\/\/www.acib.pt\/wp-content\/uploads\/2026\/03\/Cont_Dig.png\" class=\"attachment-full size-full wp-image-11027\" alt=\"Forma\u00e7\u00e3o em Gest\u00e3o de Conte\u00fados Digitais\" srcset=\"https:\/\/www.acib.pt\/wp-content\/uploads\/2026\/03\/Cont_Dig.png 1080w, https:\/\/www.acib.pt\/wp-content\/uploads\/2026\/03\/Cont_Dig-300x138.png 300w, https:\/\/www.acib.pt\/wp-content\/uploads\/2026\/03\/Cont_Dig-1024x470.png 1024w, https:\/\/www.acib.pt\/wp-content\/uploads\/2026\/03\/Cont_Dig-768x353.png 768w\" sizes=\"(max-width: 1080px) 100vw, 1080px\" \/>\t\t\t\t\t\t<\/div>\n\t\t\t\t\t\t\t\t\t\t\t\t\t<div class=\"premium-blog-thumbnail-overlay\">\n\t\t\t\t\t\t\t\t<a class=\"elementor-icon\" href=\"https:\/\/www.acib.pt\/index.php\/2026\/03\/27\/uc0279-gerir-canais-de-comunicacao-digital-25h\/\" target=\"_blank\" aria-hidden=\"true\"><\/a>\n\t\t\t\t\t\t\t<\/div>\n\t\t\t\t\t\t\t\t\t\t\t<\/div>\n\t\t\t\t\t\t\t\t\t\t\t\t<div class=\"premium-blog-content-wrapper \">\n\n\t\t\t\t\t<div class=\"premium-blog-inner-container\">\n\n\t\t\t\t\t\t\t\t\t\t\t\t\t\t<h2 class=\"premium-blog-entry-title\">\n\t\t\t<a href=\"https:\/\/www.acib.pt\/index.php\/2026\/03\/27\/uc0279-gerir-canais-de-comunicacao-digital-25h\/\" target=\"_blank\">\n\t\t\t\tUC0279: Gerir Canais de Comunica\u00e7\u00e3o Digital (25H)\t\t\t<\/a>\n\t\t<\/h2>\n\t\t\t\t<div class=\"premium-blog-entry-meta\">\n\t\t\t\n\t\t\t\n\t\t\t\t\t\t\t<span class=\"premium-blog-meta-separator\">\u2022<\/span>\n\t\t\t\t<div class=\"premium-blog-post-categories premium-blog-meta-data\">\n\t\t\t\t\t<i class=\"fa fa-align-left fa-fw\" aria-hidden=\"true\"><\/i>\n\t\t\t\t\t<a href=\"https:\/\/www.acib.pt\/index.php\/category\/formacao\/\" rel=\"category tag\">Forma\u00e7\u00e3o<\/a>\t\t\t\t<\/div>\n\t\t\t\n\t\t\t\t\t<\/div>\n\t\t\n\t\t\t\t\t<\/div>\n\n\t\t\t\t\t\t\t\t\t\t\t\t\t\t\t\t<div class=\"premium-blog-post-tags-container\">\n\t\t\t\t\t\t\t\t<i class=\"fa fa-tags fa-fw\" aria-hidden=\"true\"><\/i>\n\t\t\t\t\t\t\t\t <a href=\"https:\/\/www.acib.pt\/index.php\/tag\/emprego-mais-digital\/\" rel=\"tag\">Emprego Mais Digital<\/a>, <a href=\"https:\/\/www.acib.pt\/index.php\/tag\/formacao-financiada\/\" rel=\"tag\">Forma\u00e7\u00e3o Financiada<\/a>\t\t\t\t\t\t<\/div>\n\t\t\t\t\t\n\t\t\t\t<\/div>\n\t\t\t<\/div>\n\t\t<\/div>\n\n\t\t\t\t<div class=\"premium-blog-post-outer-container\" data-total=\"1\">\n\t\t\t<div class=\"premium-blog-post-container premium-blog-skin-classic\">\n\t\t\t\t\t\t\t\t\t<div class=\"premium-blog-thumb-effect-wrapper\">\n\t\t\t\t\t\t<div class=\"premium-blog-thumbnail-container premium-blog-zoomin-effect\">\n\t\t\t\t\t\t\t<img loading=\"lazy\" decoding=\"async\" width=\"1080\" height=\"668\" src=\"https:\/\/www.acib.pt\/wp-content\/uploads\/2026\/03\/Parte2.jpg\" class=\"attachment-full size-full wp-image-10955\" alt=\"ACIB Forma\u00e7\u00e3o\" srcset=\"https:\/\/www.acib.pt\/wp-content\/uploads\/2026\/03\/Parte2.jpg 1080w, https:\/\/www.acib.pt\/wp-content\/uploads\/2026\/03\/Parte2-300x186.jpg 300w, https:\/\/www.acib.pt\/wp-content\/uploads\/2026\/03\/Parte2-1024x633.jpg 1024w, https:\/\/www.acib.pt\/wp-content\/uploads\/2026\/03\/Parte2-768x475.jpg 768w\" sizes=\"(max-width: 1080px) 100vw, 1080px\" \/>\t\t\t\t\t\t<\/div>\n\t\t\t\t\t\t\t\t\t\t\t\t\t<div class=\"premium-blog-thumbnail-overlay\">\n\t\t\t\t\t\t\t\t<a class=\"elementor-icon\" href=\"https:\/\/www.acib.pt\/index.php\/2026\/03\/27\/uc0295-interagir-em-ingles-no-setor-dos-servicos-as-empresas-50h\/\" target=\"_blank\" aria-hidden=\"true\"><\/a>\n\t\t\t\t\t\t\t<\/div>\n\t\t\t\t\t\t\t\t\t\t\t<\/div>\n\t\t\t\t\t\t\t\t\t\t\t\t<div class=\"premium-blog-content-wrapper \">\n\n\t\t\t\t\t<div class=\"premium-blog-inner-container\">\n\n\t\t\t\t\t\t\t\t\t\t\t\t\t\t<h2 class=\"premium-blog-entry-title\">\n\t\t\t<a href=\"https:\/\/www.acib.pt\/index.php\/2026\/03\/27\/uc0295-interagir-em-ingles-no-setor-dos-servicos-as-empresas-50h\/\" target=\"_blank\">\n\t\t\t\tUC0295: Interagir em Ingl\u00eas no setor dos servi\u00e7os \u00e0s Empresas (50H)\t\t\t<\/a>\n\t\t<\/h2>\n\t\t\t\t<div class=\"premium-blog-entry-meta\">\n\t\t\t\n\t\t\t\n\t\t\t\t\t\t\t<span class=\"premium-blog-meta-separator\">\u2022<\/span>\n\t\t\t\t<div class=\"premium-blog-post-categories premium-blog-meta-data\">\n\t\t\t\t\t<i class=\"fa fa-align-left fa-fw\" aria-hidden=\"true\"><\/i>\n\t\t\t\t\t<a href=\"https:\/\/www.acib.pt\/index.php\/category\/formacao\/\" rel=\"category tag\">Forma\u00e7\u00e3o<\/a>\t\t\t\t<\/div>\n\t\t\t\n\t\t\t\t\t<\/div>\n\t\t\n\t\t\t\t\t<\/div>\n\n\t\t\t\t\t\t\t\t\t\t\t\t\t\t\t\t<div class=\"premium-blog-post-tags-container\">\n\t\t\t\t\t\t\t\t<i class=\"fa fa-tags fa-fw\" aria-hidden=\"true\"><\/i>\n\t\t\t\t\t\t\t\t <a href=\"https:\/\/www.acib.pt\/index.php\/tag\/emprego-mais-digital\/\" rel=\"tag\">Emprego Mais Digital<\/a>, <a href=\"https:\/\/www.acib.pt\/index.php\/tag\/formacao-financiada\/\" rel=\"tag\">Forma\u00e7\u00e3o Financiada<\/a>\t\t\t\t\t\t<\/div>\n\t\t\t\t\t\n\t\t\t\t<\/div>\n\t\t\t<\/div>\n\t\t<\/div>\n\n\t\t\t\t<div class=\"premium-blog-post-outer-container\" data-total=\"1\">\n\t\t\t<div class=\"premium-blog-post-container premium-blog-skin-classic\">\n\t\t\t\t\t\t\t\t\t<div class=\"premium-blog-thumb-effect-wrapper\">\n\t\t\t\t\t\t<div class=\"premium-blog-thumbnail-container premium-blog-zoomin-effect\">\n\t\t\t\t\t\t\t<img loading=\"lazy\" decoding=\"async\" width=\"1080\" height=\"682\" src=\"https:\/\/www.acib.pt\/wp-content\/uploads\/2026\/03\/Formacao22.jpg\" class=\"attachment-full size-full wp-image-10935\" alt=\"\" srcset=\"https:\/\/www.acib.pt\/wp-content\/uploads\/2026\/03\/Formacao22.jpg 1080w, https:\/\/www.acib.pt\/wp-content\/uploads\/2026\/03\/Formacao22-300x189.jpg 300w, https:\/\/www.acib.pt\/wp-content\/uploads\/2026\/03\/Formacao22-1024x647.jpg 1024w, https:\/\/www.acib.pt\/wp-content\/uploads\/2026\/03\/Formacao22-768x485.jpg 768w\" sizes=\"(max-width: 1080px) 100vw, 1080px\" \/>\t\t\t\t\t\t<\/div>\n\t\t\t\t\t\t\t\t\t\t\t\t\t<div class=\"premium-blog-thumbnail-overlay\">\n\t\t\t\t\t\t\t\t<a class=\"elementor-icon\" href=\"https:\/\/www.acib.pt\/index.php\/2026\/03\/27\/uc033-comunicar-e-interagir-em-contexto-profissional-50h\/\" target=\"_blank\" aria-hidden=\"true\"><\/a>\n\t\t\t\t\t\t\t<\/div>\n\t\t\t\t\t\t\t\t\t\t\t<\/div>\n\t\t\t\t\t\t\t\t\t\t\t\t<div class=\"premium-blog-content-wrapper \">\n\n\t\t\t\t\t<div class=\"premium-blog-inner-container\">\n\n\t\t\t\t\t\t\t\t\t\t\t\t\t\t<h2 class=\"premium-blog-entry-title\">\n\t\t\t<a href=\"https:\/\/www.acib.pt\/index.php\/2026\/03\/27\/uc033-comunicar-e-interagir-em-contexto-profissional-50h\/\" target=\"_blank\">\n\t\t\t\tUC033: Comunicar e Interagir em Contexto Profissional (50H)\t\t\t<\/a>\n\t\t<\/h2>\n\t\t\t\t<div class=\"premium-blog-entry-meta\">\n\t\t\t\n\t\t\t\n\t\t\t\t\t\t\t<span class=\"premium-blog-meta-separator\">\u2022<\/span>\n\t\t\t\t<div class=\"premium-blog-post-categories premium-blog-meta-data\">\n\t\t\t\t\t<i class=\"fa fa-align-left fa-fw\" aria-hidden=\"true\"><\/i>\n\t\t\t\t\t<a href=\"https:\/\/www.acib.pt\/index.php\/category\/formacao\/\" rel=\"category tag\">Forma\u00e7\u00e3o<\/a>\t\t\t\t<\/div>\n\t\t\t\n\t\t\t\t\t<\/div>\n\t\t\n\t\t\t\t\t<\/div>\n\n\t\t\t\t\t\t\t\t\t\t\t\t\t\t\t\t<div class=\"premium-blog-post-tags-container\">\n\t\t\t\t\t\t\t\t<i class=\"fa fa-tags fa-fw\" aria-hidden=\"true\"><\/i>\n\t\t\t\t\t\t\t\t <a href=\"https:\/\/www.acib.pt\/index.php\/tag\/emprego-mais-digital\/\" rel=\"tag\">Emprego Mais Digital<\/a>, <a href=\"https:\/\/www.acib.pt\/index.php\/tag\/formacao-financiada\/\" rel=\"tag\">Forma\u00e7\u00e3o Financiada<\/a>\t\t\t\t\t\t<\/div>\n\t\t\t\t\t\n\t\t\t\t<\/div>\n\t\t\t<\/div>\n\t\t<\/div>\n\n\t\t\t\t<div class=\"premium-blog-post-outer-container\" data-total=\"1\">\n\t\t\t<div class=\"premium-blog-post-container premium-blog-skin-classic\">\n\t\t\t\t\t\t\t\t\t<div class=\"premium-blog-thumb-effect-wrapper\">\n\t\t\t\t\t\t<div class=\"premium-blog-thumbnail-container premium-blog-zoomin-effect\">\n\t\t\t\t\t\t\t<img loading=\"lazy\" decoding=\"async\" width=\"1920\" height=\"1080\" src=\"https:\/\/www.acib.pt\/wp-content\/uploads\/2025\/10\/E-mail-MKT-1.png\" class=\"attachment-full size-full wp-image-10333\" alt=\"\" srcset=\"https:\/\/www.acib.pt\/wp-content\/uploads\/2025\/10\/E-mail-MKT-1.png 1920w, https:\/\/www.acib.pt\/wp-content\/uploads\/2025\/10\/E-mail-MKT-1-300x169.png 300w, https:\/\/www.acib.pt\/wp-content\/uploads\/2025\/10\/E-mail-MKT-1-1024x576.png 1024w, https:\/\/www.acib.pt\/wp-content\/uploads\/2025\/10\/E-mail-MKT-1-768x432.png 768w, https:\/\/www.acib.pt\/wp-content\/uploads\/2025\/10\/E-mail-MKT-1-1536x864.png 1536w\" sizes=\"(max-width: 1920px) 100vw, 1920px\" \/>\t\t\t\t\t\t<\/div>\n\t\t\t\t\t\t\t\t\t\t\t\t\t<div class=\"premium-blog-thumbnail-overlay\">\n\t\t\t\t\t\t\t\t<a class=\"elementor-icon\" href=\"https:\/\/www.acib.pt\/index.php\/2025\/10\/24\/encerramento-de-contas-2025\/\" target=\"_blank\" aria-hidden=\"true\"><\/a>\n\t\t\t\t\t\t\t<\/div>\n\t\t\t\t\t\t\t\t\t\t\t<\/div>\n\t\t\t\t\t\t\t\t\t\t\t\t<div class=\"premium-blog-content-wrapper \">\n\n\t\t\t\t\t<div class=\"premium-blog-inner-container\">\n\n\t\t\t\t\t\t\t\t\t\t\t\t\t\t<h2 class=\"premium-blog-entry-title\">\n\t\t\t<a href=\"https:\/\/www.acib.pt\/index.php\/2025\/10\/24\/encerramento-de-contas-2025\/\" target=\"_blank\">\n\t\t\t\tEncerramento de Contas de 2025: Aspetos Contabil\u00edsticos e Fiscais\t\t\t<\/a>\n\t\t<\/h2>\n\t\t\t\t<div class=\"premium-blog-entry-meta\">\n\t\t\t\n\t\t\t\n\t\t\t\t\t\t\t<span class=\"premium-blog-meta-separator\">\u2022<\/span>\n\t\t\t\t<div class=\"premium-blog-post-categories premium-blog-meta-data\">\n\t\t\t\t\t<i class=\"fa fa-align-left fa-fw\" aria-hidden=\"true\"><\/i>\n\t\t\t\t\t<a href=\"https:\/\/www.acib.pt\/index.php\/category\/cont-fisc\/\" rel=\"category tag\">Contabilidade fiscalidade<\/a>, <a href=\"https:\/\/www.acib.pt\/index.php\/category\/eventos\/\" rel=\"category tag\">Eventos<\/a>, <a href=\"https:\/\/www.acib.pt\/index.php\/category\/formacao\/\" rel=\"category tag\">Forma\u00e7\u00e3o<\/a>\t\t\t\t<\/div>\n\t\t\t\n\t\t\t\t\t<\/div>\n\t\t\n\t\t\t\t\t<\/div>\n\n\t\t\t\t\t\t\t\t\t\t\t\t\t\t\t\t<div class=\"premium-blog-post-tags-container\">\n\t\t\t\t\t\t\t\t<i class=\"fa fa-tags fa-fw\" aria-hidden=\"true\"><\/i>\n\t\t\t\t\t\t\t\t <a href=\"https:\/\/www.acib.pt\/index.php\/tag\/eventos\/\" rel=\"tag\">eventos<\/a>, <a href=\"https:\/\/www.acib.pt\/index.php\/tag\/nao-financiado\/\" rel=\"tag\">Forma\u00e7\u00e3o N\u00e3o Financiada<\/a>\t\t\t\t\t\t<\/div>\n\t\t\t\t\t\n\t\t\t\t<\/div>\n\t\t\t<\/div>\n\t\t<\/div>\n\n\t\t\t\t<\/div>\r\n\r\n\t\t\t\t\t\t<\/div>\n\t\t\t\t<\/div>\n\t\t\t\t\t<\/div>\n\t\t<\/div>\n\t\t\t\t\t<\/div>\n\t\t<\/section>\n\t\t\t\t\t<\/div>\n\t\t<\/div>\n\t\t\t\t\t<\/div>\n\t\t<\/section>\n\t\t\t\t<section class=\"elementor-section elementor-top-section elementor-element elementor-element-05ad856 elementor-section-boxed elementor-section-height-default elementor-section-height-default\" data-id=\"05ad856\" data-element_type=\"section\" id=\"higiene-seguranca-ambiente\">\n\t\t\t\t\t\t<div class=\"elementor-container elementor-column-gap-default\">\n\t\t\t\t\t<div class=\"elementor-column elementor-col-100 elementor-top-column elementor-element elementor-element-c4df90f\" data-id=\"c4df90f\" data-element_type=\"column\">\n\t\t\t<div class=\"elementor-widget-wrap elementor-element-populated\">\n\t\t\t\t\t\t<div class=\"elementor-element elementor-element-280961d elementor-widget elementor-widget-heading\" data-id=\"280961d\" data-element_type=\"widget\" data-widget_type=\"heading.default\">\n\t\t\t\t<div class=\"elementor-widget-container\">\n\t\t\t\t\t<h3 class=\"elementor-heading-title elementor-size-default\">HIGIENE, SEGURAN\u00c7A E AMBIENTE<\/h3>\t\t\t\t<\/div>\n\t\t\t\t<\/div>\n\t\t\t\t<div class=\"elementor-element elementor-element-f609ea3 elementor-widget-divider--view-line elementor-widget elementor-widget-divider\" data-id=\"f609ea3\" data-element_type=\"widget\" data-widget_type=\"divider.default\">\n\t\t\t\t<div class=\"elementor-widget-container\">\n\t\t\t\t\t\t\t<div class=\"elementor-divider\">\n\t\t\t<span class=\"elementor-divider-separator\">\n\t\t\t\t\t\t<\/span>\n\t\t<\/div>\n\t\t\t\t\t\t<\/div>\n\t\t\t\t<\/div>\n\t\t\t\t<div class=\"elementor-element elementor-element-9819d68 paragraph-text elementor-widget elementor-widget-text-editor\" data-id=\"9819d68\" data-element_type=\"widget\" data-widget_type=\"text-editor.default\">\n\t\t\t\t<div class=\"elementor-widget-container\">\n\t\t\t\t\t\t\t\t\tAs Empresas lidam regularmente com a necessidade de cumprir com requisitos legais necess\u00e1rios \u00e0 boa execu\u00e7\u00e3o das suas atividades. \t\t\t\t\t\t\t\t<\/div>\n\t\t\t\t<\/div>\n\t\t\t\t<div class=\"elementor-element elementor-element-c516dfe paragraph-text elementor-widget elementor-widget-text-editor\" data-id=\"c516dfe\" data-element_type=\"widget\" data-widget_type=\"text-editor.default\">\n\t\t\t\t<div class=\"elementor-widget-container\">\n\t\t\t\t\t\t\t\t\tA ACIB disponibiliza uma Equipa T\u00e9cnica conhecedora da realidade dos setores empresariais do nosso territ\u00f3rio, prestando apoio aos nossos Associados, com servi\u00e7os t\u00e9cnicos nas \u00e1reas de:\t\t\t\t\t\t\t\t<\/div>\n\t\t\t\t<\/div>\n\t\t\t\t<div class=\"elementor-element elementor-element-7aa239c bold-green elementor-widget elementor-widget-toggle\" data-id=\"7aa239c\" data-element_type=\"widget\" data-widget_type=\"toggle.default\">\n\t\t\t\t<div class=\"elementor-widget-container\">\n\t\t\t\t\t\t\t<div class=\"elementor-toggle\">\n\t\t\t\t\t\t\t<div class=\"elementor-toggle-item\">\n\t\t\t\t\t<div id=\"elementor-tab-title-1281\" class=\"elementor-tab-title\" data-tab=\"1\" role=\"button\" aria-controls=\"elementor-tab-content-1281\" aria-expanded=\"false\">\n\t\t\t\t\t\t\t\t\t\t\t\t<span class=\"elementor-toggle-icon elementor-toggle-icon-left\" aria-hidden=\"true\">\n\t\t\t\t\t\t\t\t\t\t\t\t\t\t\t<span class=\"elementor-toggle-icon-closed\"><i class=\"fas fa-plus\"><\/i><\/span>\n\t\t\t\t\t\t\t\t<span class=\"elementor-toggle-icon-opened\"><i class=\"elementor-toggle-icon-opened fas fa-minus\"><\/i><\/span>\n\t\t\t\t\t\t\t\t\t\t\t\t\t<\/span>\n\t\t\t\t\t\t\t\t\t\t\t\t<a class=\"elementor-toggle-title\" tabindex=\"0\">HACCP - Higiene e Seguran\u00e7a Alimentar<\/a>\n\t\t\t\t\t<\/div>\n\n\t\t\t\t\t<div id=\"elementor-tab-content-1281\" class=\"elementor-tab-content elementor-clearfix\" data-tab=\"1\" role=\"region\" aria-labelledby=\"elementor-tab-title-1281\"><p>An\u00e1lise de Perigos e Controlo de Pontos Cr\u00edticos nas Empresas que manipulam alimentos de forma a dar cumprimento \u00e0 Legisla\u00e7\u00e3o em vigor.<\/p><p>Os estabelecimentos devem estabelecer procedimentos baseados nos princ\u00edpios baseados no Sistema HACCP.<\/p><p>Os Associados destes sectores da \u00e1rea alimentar, podem contar com o apoio da nossa Equipa T\u00e9cnica Especializada para os ajudar no cumprimento de todos os requisitos legais impostos, garantido a seguran\u00e7a de Colaboradores e Consumidores do prado ao prato.<\/p><ul class=\"custom-list\"><li>Diagn\u00f3stico Inicial \u00e0 Empresa;<\/li><li>Elabora\u00e7\u00e3o do Dossier de Higiene e Seguran\u00e7a Alimentar;<\/li><li>Acompanhamento e revis\u00e3o peri\u00f3dica;<\/li><li>A\u00e7\u00f5es de sensibiliza\u00e7\u00e3o e forma\u00e7\u00e3o dos colaboradores em Boas Pr\u00e1ticas de Higiene e Fabrico;<\/li><li>Informa\u00e7\u00e3o relativa \u00e0 regulamenta\u00e7\u00e3o legal.<\/li><\/ul><p><strong>Links de Apoio<\/strong><\/p><ul class=\"custom-list\"><li><a class=\"link-text\" href=\"https:\/\/www.asae.gov.pt\/ \" target=\"_blank\" rel=\"noopener\">Autoridade de Seguran\u00e7a Alimentar e Econ\u00f3mica<\/a><\/li><li><a class=\"link-text\" href=\"https:\/\/www.act.gov.pt \" target=\"_blank\" rel=\"noopener\">Autoridade para as Condi\u00e7\u00f5es de Trabalho<\/a><\/li><li><a class=\"link-text\" href=\"https:\/\/osha.europa.eu\/pt\" target=\"_blank\" rel=\"noopener\">Ag\u00eancia Europeia para a Seguran\u00e7a e Sa\u00fade no Trabalho<\/a><\/li><li><a class=\"link-text\" href=\"https:\/\/www.ilo.org\/lisbon\/lang--pt\/index.htm\" target=\"_blank\" rel=\"noopener\">Organiza\u00e7\u00e3o Internacional do Trabalho<\/a><\/li><\/ul><\/div>\n\t\t\t\t<\/div>\n\t\t\t\t\t\t\t<div class=\"elementor-toggle-item\">\n\t\t\t\t\t<div id=\"elementor-tab-title-1282\" class=\"elementor-tab-title\" data-tab=\"2\" role=\"button\" aria-controls=\"elementor-tab-content-1282\" aria-expanded=\"false\">\n\t\t\t\t\t\t\t\t\t\t\t\t<span class=\"elementor-toggle-icon elementor-toggle-icon-left\" aria-hidden=\"true\">\n\t\t\t\t\t\t\t\t\t\t\t\t\t\t\t<span class=\"elementor-toggle-icon-closed\"><i class=\"fas fa-plus\"><\/i><\/span>\n\t\t\t\t\t\t\t\t<span class=\"elementor-toggle-icon-opened\"><i class=\"elementor-toggle-icon-opened fas fa-minus\"><\/i><\/span>\n\t\t\t\t\t\t\t\t\t\t\t\t\t<\/span>\n\t\t\t\t\t\t\t\t\t\t\t\t<a class=\"elementor-toggle-title\" tabindex=\"0\">SST \u2013 Sa\u00fade e Seguran\u00e7a no Trabalho<\/a>\n\t\t\t\t\t<\/div>\n\n\t\t\t\t\t<div id=\"elementor-tab-content-1282\" class=\"elementor-tab-content elementor-clearfix\" data-tab=\"2\" role=\"region\" aria-labelledby=\"elementor-tab-title-1282\"><p>Qualidade das condi\u00e7\u00f5es de trabalho e cumprimento dos requisitos legais s\u00e3o obriga\u00e7\u00f5es que todos os operadores econ\u00f3micos devem cumprir.<\/p><p>A Equipa T\u00e9cnica Especializada em Seguran\u00e7a e Sa\u00fade no Trabalho e os seus parceiros, prestam apoio aos Associados na informa\u00e7\u00e3o relevante nesta \u00e1rea.<\/p><ul class=\"custom-list\"><li>Esclarecimentos e a\u00e7\u00f5es de sensibiliza\u00e7\u00e3o em mat\u00e9ria de SST (Seguran\u00e7a e Sa\u00fade no Trabalho);<\/li><li>Informa\u00e7\u00e3o relativa \u00e0 identifica\u00e7\u00e3o, preven\u00e7\u00e3o e prote\u00e7\u00e3o de riscos decorrentes da atividade;<\/li><li>Colabora\u00e7\u00e3o na elabora\u00e7\u00e3o de relat\u00f3rio anual de sa\u00fade no trabalho;<\/li><li>Informa\u00e7\u00e3o relativa \u00e0 regulamenta\u00e7\u00e3o legal.<\/li><\/ul><p><strong>Links de Apoio<\/strong><\/p><ul class=\"custom-list\"><li><a class=\"link-text\" href=\"https:\/\/www.act.gov.pt\" target=\"_blank\" rel=\"noopener\">Autoridade para as Condi\u00e7\u00f5es de Trabalho<\/a><\/li><li><a class=\"link-text\" href=\"https:\/\/osha.europa.eu\/pt\" target=\"_blank\" rel=\"noopener\">Ag\u00eancia Europeia para a Seguran\u00e7a e Sa\u00fade no Trabalho<\/a><\/li><li><a class=\"link-text\" href=\"https:\/\/www.ilo.org\/lisbon\/lang--pt\/index.htm\" target=\"_blank\" rel=\"noopener\">Organiza\u00e7\u00e3o Internacional do Trabalho<\/a><\/li><li><a class=\"link-text\" href=\"https:\/\/www.asae.gov.pt\/\" target=\"_blank\" rel=\"noopener\">Autoridade de Seguran\u00e7a Alimentar e Econ\u00f3mica<\/a><\/li><\/ul><\/div>\n\t\t\t\t<\/div>\n\t\t\t\t\t\t\t<div class=\"elementor-toggle-item\">\n\t\t\t\t\t<div id=\"elementor-tab-title-1283\" class=\"elementor-tab-title\" data-tab=\"3\" role=\"button\" aria-controls=\"elementor-tab-content-1283\" aria-expanded=\"false\">\n\t\t\t\t\t\t\t\t\t\t\t\t<span class=\"elementor-toggle-icon elementor-toggle-icon-left\" aria-hidden=\"true\">\n\t\t\t\t\t\t\t\t\t\t\t\t\t\t\t<span class=\"elementor-toggle-icon-closed\"><i class=\"fas fa-plus\"><\/i><\/span>\n\t\t\t\t\t\t\t\t<span class=\"elementor-toggle-icon-opened\"><i class=\"elementor-toggle-icon-opened fas fa-minus\"><\/i><\/span>\n\t\t\t\t\t\t\t\t\t\t\t\t\t<\/span>\n\t\t\t\t\t\t\t\t\t\t\t\t<a class=\"elementor-toggle-title\" tabindex=\"0\">Ambiente<\/a>\n\t\t\t\t\t<\/div>\n\n\t\t\t\t\t<div id=\"elementor-tab-content-1283\" class=\"elementor-tab-content elementor-clearfix\" data-tab=\"3\" role=\"region\" aria-labelledby=\"elementor-tab-title-1283\"><p>Diariamente, as Empresas lidam com obrigatoriedades legais em mat\u00e9ria de Ambiente.<\/p><p>A Equipa T\u00e9cnica da ACIB e os seus parceiros, apoiam os Associados na otimiza\u00e7\u00e3o do sistema de gest\u00e3o ambiental de forma a dar cumprimento aos requisitos legais.<\/p><ul class=\"custom-list\"><li>Informa\u00e7\u00e3o relativa \u00e0 regulamenta\u00e7\u00e3o legal;<\/li><li>Apoio na submiss\u00e3o do MIRR \u2013 Mapa Integrado de Registo de Res\u00edduos e Inscri\u00e7\u00e3o no SILiAmb;<\/li><li>Esclarecimentos gerais em mat\u00e9ria de Ambiente e Gest\u00e3o de Res\u00edduos;<\/li><li>Auditorias a Sistemas de Gest\u00e3o Ambiental;<\/li><li>Apoio no processo de Licen\u00e7a Ambiental;<\/li><li>Informa\u00e7\u00e3o relativa \u00e0 regulamenta\u00e7\u00e3o legal.<\/li><\/ul><p><strong>Links de Apoio<\/strong><\/p><ul class=\"custom-list\"><li><a class=\"link-text\" href=\"https:\/\/apambiente.pt\/\" target=\"_blank\" rel=\"noopener\">Ag\u00eancia Portuguesa do Ambiente<\/a><\/li><li><a class=\"link-text\" href=\"https:\/\/www.ccdrc.pt\/\" target=\"_blank\" rel=\"noopener\">Comiss\u00e3o de Coordena\u00e7\u00e3o e Desenvolvimento Regional do Centro<\/a><\/li><li><a class=\"link-text\" href=\"https:\/\/www.asae.gov.pt\/\" target=\"_blank\" rel=\"noopener\">Autoridade de Seguran\u00e7a Alimentar e Econ\u00f3mica<\/a><\/li><\/ul><\/div>\n\t\t\t\t<\/div>\n\t\t\t\t\t\t\t\t<\/div>\n\t\t\t\t\t\t<\/div>\n\t\t\t\t<\/div>\n\t\t\t\t\t<\/div>\n\t\t<\/div>\n\t\t\t\t\t<\/div>\n\t\t<\/section>\n\t\t\t\t<section class=\"elementor-section elementor-top-section elementor-element elementor-element-9d21df0 elementor-section-boxed elementor-section-height-default elementor-section-height-default\" data-id=\"9d21df0\" data-element_type=\"section\" id=\"projetos\">\n\t\t\t\t\t\t<div class=\"elementor-container elementor-column-gap-default\">\n\t\t\t\t\t<div class=\"elementor-column elementor-col-100 elementor-top-column elementor-element elementor-element-ea4824f\" data-id=\"ea4824f\" data-element_type=\"column\">\n\t\t\t<div class=\"elementor-widget-wrap elementor-element-populated\">\n\t\t\t\t\t\t<div class=\"elementor-element elementor-element-ee02a33 elementor-widget elementor-widget-heading\" data-id=\"ee02a33\" data-element_type=\"widget\" data-widget_type=\"heading.default\">\n\t\t\t\t<div class=\"elementor-widget-container\">\n\t\t\t\t\t<h3 class=\"elementor-heading-title elementor-size-default\">PROJETOS <\/h3>\t\t\t\t<\/div>\n\t\t\t\t<\/div>\n\t\t\t\t<div class=\"elementor-element elementor-element-5c2e6ab elementor-widget-divider--view-line elementor-widget elementor-widget-divider\" data-id=\"5c2e6ab\" data-element_type=\"widget\" data-widget_type=\"divider.default\">\n\t\t\t\t<div class=\"elementor-widget-container\">\n\t\t\t\t\t\t\t<div class=\"elementor-divider\">\n\t\t\t<span class=\"elementor-divider-separator\">\n\t\t\t\t\t\t<\/span>\n\t\t<\/div>\n\t\t\t\t\t\t<\/div>\n\t\t\t\t<\/div>\n\t\t\t\t<div class=\"elementor-element elementor-element-2151b12 paragraph-text elementor-widget elementor-widget-text-editor\" data-id=\"2151b12\" data-element_type=\"widget\" data-widget_type=\"text-editor.default\">\n\t\t\t\t<div class=\"elementor-widget-container\">\n\t\t\t\t\t\t\t\t\tA ACIB est\u00e1 atenta a projetos financiados, que possam contribuir para a dinamiza\u00e7\u00e3o da atividade de gest\u00e3o empresarial e com isso, impulsionar a revis\u00e3o e inova\u00e7\u00e3o de processos de trabalho, que tornem as Empresas mais competitivas e assegurem a sua sustentabilidade.\t\t\t\t\t\t\t\t<\/div>\n\t\t\t\t<\/div>\n\t\t\t\t<div class=\"elementor-element elementor-element-d663f0b bold-green elementor-widget elementor-widget-toggle\" data-id=\"d663f0b\" data-element_type=\"widget\" data-widget_type=\"toggle.default\">\n\t\t\t\t<div class=\"elementor-widget-container\">\n\t\t\t\t\t\t\t<div class=\"elementor-toggle\">\n\t\t\t\t\t\t\t<div class=\"elementor-toggle-item\">\n\t\t\t\t\t<div id=\"elementor-tab-title-2241\" class=\"elementor-tab-title\" data-tab=\"1\" role=\"button\" aria-controls=\"elementor-tab-content-2241\" aria-expanded=\"false\">\n\t\t\t\t\t\t\t\t\t\t\t\t<span class=\"elementor-toggle-icon elementor-toggle-icon-left\" aria-hidden=\"true\">\n\t\t\t\t\t\t\t\t\t\t\t\t\t\t\t<span class=\"elementor-toggle-icon-closed\"><i class=\"fas fa-plus\"><\/i><\/span>\n\t\t\t\t\t\t\t\t<span class=\"elementor-toggle-icon-opened\"><i class=\"elementor-toggle-icon-opened fas fa-minus\"><\/i><\/span>\n\t\t\t\t\t\t\t\t\t\t\t\t\t<\/span>\n\t\t\t\t\t\t\t\t\t\t\t\t<a class=\"elementor-toggle-title\" tabindex=\"0\">QI PME 2020<\/a>\n\t\t\t\t\t<\/div>\n\n\t\t\t\t\t<div id=\"elementor-tab-content-2241\" class=\"elementor-tab-content elementor-clearfix\" data-tab=\"1\" role=\"region\" aria-labelledby=\"elementor-tab-title-2241\"><p><img decoding=\"async\" style=\"float: right;\" src=\"https:\/\/www.acib.pt\/wp-content\/uploads\/2022\/07\/qi-pme-1.png\" width=\"120px\" \/><br \/><strong>Identifica\u00e7\u00e3o e Enquadramento do projeto<\/strong><br \/><strong>Aviso:<\/strong> POCI-60-2016-08<br \/><strong>Projecto n\u00ba:<\/strong> POCI-03-3560-FSE-000372<br \/><strong>Programa Operacional: <\/strong>Programa Operacional Competitividade e Internacionaliza\u00e7\u00e3o<br \/><strong>Fundo<\/strong>: FSE<br \/>Prioridade de Investimento 8.5 Eixo III<br \/><strong>Tipologia da opera\u00e7\u00e3o:<\/strong> Forma\u00e7\u00e3o-Ac\u00e7\u00e3o para PME<br \/><strong>Organismo Interm\u00e9dio:<\/strong> CEC \u2013 Conselho Empresarial do Centro\/CCIC \u2013 C\u00e2mara de Com\u00e9rcio e Ind\u00fastria do centro<\/p><p><strong>Montantes Envolvidos<\/strong><br \/><strong>Custo Total eleg\u00edvel:<\/strong> 415 193,86 \u20ac<br \/><strong>Comparticipa\u00e7\u00e3o FSE:<\/strong> 193672 \u20ac<br \/><strong>Data de In\u00edcio do projecto:<\/strong> 29-05-2017<br \/><strong>Data de Fim do projecto:<\/strong> 31-07-2018<\/p><p><strong>S\u00edntese do Projecto<\/strong><br \/>Com este projecto pretende-se dar o contributo efectivo \u00e0s PME para a forma\u00e7\u00e3o dos empres\u00e1rios e gestores na reorganiza\u00e7\u00e3o e melhoria das capacidades de gest\u00e3o, nas tem\u00e1ticas seleccionadas. Este contributo efectivo \u00e9 alcan\u00e7ado atrav\u00e9s da implementa\u00e7\u00e3o de um programa estruturado de interven\u00e7\u00e3o no conjunto das PME abrangidas visando a obten\u00e7\u00e3o de solu\u00e7\u00f5es comuns e coerentes face a problemas ou oportunidades a explorar.<\/p><p><strong>Descri\u00e7\u00e3o e objectivos do Projecto<\/strong><br \/>Intensificar a forma\u00e7\u00e3o dos empres\u00e1rios e gestores para a reorganiza\u00e7\u00e3o e melhoria das capacidades de gest\u00e3o, assim como dos trabalhadores das empresas, apoiada em tem\u00e1ticas associadas \u00e0 inova\u00e7\u00e3o e mudan\u00e7a, atrav\u00e9s de:<\/p><ul class=\"custom-list\"><li>Aumento da qualifica\u00e7\u00e3o espec\u00edfica dos trabalhadores em dom\u00ednios relevantes para a estrat\u00e9gia de inova\u00e7\u00e3o, internacionaliza\u00e7\u00e3o e moderniza\u00e7\u00e3o das empresas;<\/li><li>Aumento das capacidades de gest\u00e3o das empresas para encetar processos de mudan\u00e7a e inova\u00e7\u00e3o;<\/li><li>Promo\u00e7\u00e3o de ac\u00e7\u00f5es de dinamiza\u00e7\u00e3o e sensibiliza\u00e7\u00e3o para a mudan\u00e7a e interc\u00e2mbio de boas pr\u00e1ticas;<\/li><\/ul><p><strong>Metodologia de Forma\u00e7\u00e3o-Ac\u00e7\u00e3o<\/strong><br \/>Esta metodologia utiliza em altern\u00e2ncia as vertentes de forma\u00e7\u00e3o (em sala) para empres\u00e1rios e colaboradores e de consultoria (on the job), visando a identifica\u00e7\u00e3o dos constrangimentos ao bom funcionamento global das empresas e a defini\u00e7\u00e3o e implementa\u00e7\u00e3o de ac\u00e7\u00f5es de melhoria, seguindo-se uma avalia\u00e7\u00e3o final da interven\u00e7\u00e3o.<br \/>Com base no diagn\u00f3stico ser\u00e3o definidas ac\u00e7\u00f5es espec\u00edficas nas \u00e1reas tem\u00e1ticas seleccionadas pelas empresas que permitam optimizar processos e procedimentos.<\/p><p><strong>\u00c1reas Tem\u00e1ticas do Projecto<\/strong><br \/>Considerando as principais tend\u00eancias do sector industrial em Portugal e as caracter\u00edsticas estruturais do tecido empresarial da Regi\u00e3o, foram identificadas duas \u00e1reas tem\u00e1ticas a enquadrar nesta interven\u00e7\u00e3o formativa com vista \u00e0 mudan\u00e7a organizacional nas empresas.<\/p><p><strong>Organiza\u00e7\u00e3o e Gest\u00e3o<\/strong><br \/>Introdu\u00e7\u00e3o de novos m\u00e9todos ou novas filosofias de organiza\u00e7\u00e3o do trabalho, refor\u00e7o das capacidades de gest\u00e3o, estudos e projectos, redesenho e melhoria de layout, ac\u00e7\u00f5es de benchmarking, diagn\u00f3stico e planeamento, melhoria das capacidades de desenvolvimento e distribui\u00e7\u00e3o de produtos, processos e servi\u00e7os.<\/p><p><strong>Gest\u00e3o Estrat\u00e9gica e Operacional *<\/strong><br \/>Capacitar os Empres\u00e1rios em novos modelos de neg\u00f3cios e compet\u00eancias de apoio \u00e0 gest\u00e3o e \u00e0 inova\u00e7\u00e3o aberta que estimulem parcerias e a coopera\u00e7\u00e3o empresarial, atrav\u00e9s da sua qualifica\u00e7\u00e3o, nesta tem\u00e1tica.<br \/>Forma\u00e7\u00e3o em \u00e1reas chave para a moderniza\u00e7\u00e3o dos estilos de lideran\u00e7a e de gest\u00e3o, de inova\u00e7\u00e3o e de coopera\u00e7\u00e3o empresarial.<\/p><p><strong>P\u00fablico &#8211; Alvo<\/strong><br \/>Micro e PME\u00b4s da Regi\u00e3o Centro<\/p><p><strong>Dura\u00e7\u00e3o da Interven\u00e7\u00e3o<\/strong><br \/>Maio de 2017 a Julho de 2018, de acordo com o seguinte padr\u00e3o:<\/p><div style=\"overflow-x: scroll;\"><table class=\"custom-tabela\"><tbody><tr><th style=\"text-align: center;\" colspan=\"6\">N\u00ba de trabalhadores a abranger por empresa<\/th><\/tr><tr><th style=\"text-align: center;\">Tipologia de Empresa<\/th><th style=\"text-align: center;\">Total Horas Forma\u00e7\u00e3o-a\u00e7\u00e3o<\/th><th style=\"text-align: center;\">N\u00ba Horas Forma\u00e7\u00e3o<\/th><th style=\"text-align: center;\">N\u00ba Horas Consultoria<\/th><th style=\"text-align: center;\">Forma\u00e7\u00e3o<\/th><th style=\"text-align: center;\">Consultoria<\/th><\/tr><tr><td>Micro<\/td><td>175<\/td><td>75<\/td><td>100<\/td><td>2<\/td><td>2<\/td><\/tr><tr><td>Pequena<\/td><td>200<\/td><td>100<\/td><td>100<\/td><td>3 a 6<\/td><td>3<\/td><\/tr><tr><td>M\u00e9dia<\/td><td>275<\/td><td>150<\/td><td>125<\/td><td>3 a 8<\/td><td>3<\/td><\/tr><tr><td>Empres\u00e1rios *<\/td><td>125<\/td><td>75<\/td><td>50<\/td><td>1<\/td><td>1<\/td><\/tr><\/tbody><\/table><\/div><p>*Esta tem\u00e1tica \u00e9 dirigida exclusivamente a empres\u00e1rios, podendo apenas participar um empres\u00e1rio por empresa.<\/p><p><strong>Financiamento<\/strong><br \/>90 % das despesas eleg\u00edveis<\/p><p><a class=\"link-text\" href=\"https:\/\/www.acib.pt\/wp-content\/uploads\/2022\/07\/ProcedimentoContratacaoPublica.pdf\" target=\"_blank\" rel=\"noopener\">Procedimento Contrata\u00e7\u00e3o P\u00fablica<\/a><br \/><a class=\"link-text\" href=\"#\" target=\"_blank\" rel=\"noopener\">Sess\u00e3o de Imers\u00e3o<\/a><\/p><div style=\"display: flex; align-items: center; flex-wrap: wrap; column-gap: 10px;\"><img decoding=\"async\" src=\"https:\/\/www.acib.pt\/wp-content\/uploads\/2022\/07\/CEC-1.png\" width=\"120px\" \/><br \/><img decoding=\"async\" src=\"https:\/\/www.acib.pt\/wp-content\/uploads\/2022\/07\/Compete2020.png\" width=\"120px\" \/><br \/><img decoding=\"async\" src=\"https:\/\/www.acib.pt\/wp-content\/uploads\/2022\/07\/Portugal_2020.png\" width=\"120px\" \/><br \/><img decoding=\"async\" src=\"https:\/\/www.acib.pt\/wp-content\/uploads\/2022\/07\/UE_FSE-png.png\" width=\"120px\" \/><\/div><\/div>\n\t\t\t\t<\/div>\n\t\t\t\t\t\t\t<div class=\"elementor-toggle-item\">\n\t\t\t\t\t<div id=\"elementor-tab-title-2242\" class=\"elementor-tab-title\" data-tab=\"2\" role=\"button\" aria-controls=\"elementor-tab-content-2242\" aria-expanded=\"false\">\n\t\t\t\t\t\t\t\t\t\t\t\t<span class=\"elementor-toggle-icon elementor-toggle-icon-left\" aria-hidden=\"true\">\n\t\t\t\t\t\t\t\t\t\t\t\t\t\t\t<span class=\"elementor-toggle-icon-closed\"><i class=\"fas fa-plus\"><\/i><\/span>\n\t\t\t\t\t\t\t\t<span class=\"elementor-toggle-icon-opened\"><i class=\"elementor-toggle-icon-opened fas fa-minus\"><\/i><\/span>\n\t\t\t\t\t\t\t\t\t\t\t\t\t<\/span>\n\t\t\t\t\t\t\t\t\t\t\t\t<a class=\"elementor-toggle-title\" tabindex=\"0\">Projeto Agroalimentar<\/a>\n\t\t\t\t\t<\/div>\n\n\t\t\t\t\t<div id=\"elementor-tab-content-2242\" class=\"elementor-tab-content elementor-clearfix\" data-tab=\"2\" role=\"region\" aria-labelledby=\"elementor-tab-title-2242\"><p><strong>Identifica\u00e7\u00e3o e Enquadramento do projeto<\/strong><br \/><strong>Aviso:<\/strong> 30\/SI\/2015<br \/><strong>Projecto n\u00ba:<\/strong> POCI-03-3560-FSE-000372<br \/><strong>Designa\u00e7\u00e3o:<\/strong> Projecto Conjunto Agroalimentar 2016\/2018 &#8211; Qualifica\u00e7\u00e3o para a Internacionaliza\u00e7\u00e3o<br \/><strong>Programa Operacional: <\/strong>Programa Operacional Competitividade e Internacionaliza\u00e7\u00e3o<br \/><strong>Fundo:<\/strong>FEDER<br \/><strong>Prioridade de Investimento:<\/strong> PI 3.3 \u2013 Concess\u00e3o de apoio \u00e0 cria\u00e7\u00e3o e ao alargamento de capacidades avan\u00e7adas de desenvolvimento de produtos e servi\u00e7os.<br \/><strong>Tipologia de Interven\u00e7\u00e3o:<\/strong> TI 53 Qualifica\u00e7\u00e3o e Inova\u00e7\u00e3o das PME<\/p><p><strong>Montantes Envolvidos<\/strong><br \/><strong>Custo Total eleg\u00edvel:<\/strong> 125 287.49 \u20ac<br \/><strong>Comparticipa\u00e7\u00e3o FEDER:<\/strong> 193672 \u20ac<br \/><strong>Data de In\u00edcio do projecto:<\/strong> 01-09-2016<br \/><strong>Data de Fim do projecto:<\/strong> 31-08-2018<\/p><p><strong>S\u00edntese do Projecto<\/strong><br \/>Com este Projecto pretende-se desenvolver um programa estruturado de interven\u00e7\u00e3o num conjunto de PME\u00b4s agroalimentares com solu\u00e7\u00f5es comuns e coerentes face ao desafio identificado, que reforcem capacidades de organiza\u00e7\u00e3o e gest\u00e3o das PME, nomeadamente atrav\u00e9s de investimento no desenvolvimento das capacidades estrat\u00e9gicas e de gest\u00e3o competitiva.<\/p><p>Actualmente o com\u00e9rcio de bens alimentares \u00e0 escala global \u00e9 suportada por normas e requisitos concebidos para garantir a seguran\u00e7a e qualidade dos produtos, bem com a sustentabilidade das cadeias de valor. Estas regras de com\u00e9rcio (entre pa\u00edses e\/ou aglomerados de distribuidores) existem como um misto de barreiras \/ filtros para acesso a mercados e clientes, como tamb\u00e9m para proteger os consumidores. Para qualquer player nacional do setor agroindustrial que pretenda aceder, de forma sustentada, a mercados externos e grandes cadeias de distribui\u00e7\u00e3o, \u00e9 condi\u00e7\u00e3o fundamental que cumpram com referenciais normativos internacionais reconhecidos por estes clientes \/ mercados.<\/p><p><strong>Descri\u00e7\u00e3o e objectivos do Projecto<\/strong><br \/>Apoiar a transi\u00e7\u00e3o, implementa\u00e7\u00e3o e\/ou certifica\u00e7\u00e3o, no \u00e2mbito de sistemas nacionais e internacionais de certifica\u00e7\u00e3o, de sistemas de gest\u00e3o da seguran\u00e7a alimentar (ISO, BRC, IFS \u2026) relevantes para a qualidade dos produtos, servi\u00e7os e processos de gest\u00e3o das empresas que visem a produ\u00e7\u00e3o de bens e servi\u00e7os transacion\u00e1veis e internacionaliz\u00e1veis.<\/p><p><strong>Lista de A\u00e7\u00f5es<\/strong><\/p><table class=\"custom-tabela\"><tbody><tr><th style=\"width: 10%; text-align: center;\">N\u00ba<\/th><th style=\"text-align: center;\">Designa\u00e7\u00e3o<\/th><\/tr><tr><td>1<\/td><td>Workshop de lan\u00e7amento do Projecto e Divulga\u00e7\u00e3o\/Angaria\u00e7\u00e3o de Participantes<\/td><\/tr><tr><td>2<\/td><td>Diagn\u00f3stico Internacionaliza\u00e7\u00e3o &amp; Gap Analysis<\/td><\/tr><tr><td>3<\/td><td>Workshop de Apresenta\u00e7\u00e3o de Resultados<\/td><\/tr><tr><td>4<\/td><td>Interven\u00e7\u00e3o de Melhoria &amp; Implementa\u00e7\u00e3o de Referenciais Internacionais de Seguran\u00e7a Alimentar<\/td><\/tr><tr><td>5<\/td><td>Interven\u00e7\u00e3o de Transi\u00e7\u00e3o ISSO 9001:2014<\/td><\/tr><tr><td>6<\/td><td>Verifica\u00e7\u00e3o da Interven\u00e7\u00e3o \u2013 Auditorias Internas<\/td><\/tr><tr><td>7<\/td><td>Verifica\u00e7\u00e3o da Interven\u00e7\u00e3o \u2013 Auditorias Externas<\/td><\/tr><tr><td>8<\/td><td>Semin\u00e1rio de Divulga\u00e7\u00e3o de Resultados do Projecto<\/td><\/tr><\/tbody><\/table><p><strong>P\u00fablico-alvo<\/strong><br \/>PME\u00b4s do Sector Agroalimentar<\/p><p><strong>Financiamento<\/strong><br \/>Empresas participantes &#8211; 50%<br \/>Promotor &#8211; 85%<\/p><p><a class=\"link-text\" href=\"https:\/\/www.acib.pt\/wp-content\/uploads\/2022\/07\/ProcedimentoContratacaoPublica2.pdf\" target=\"_blank\" rel=\"noopener\">Procedimento Contrata\u00e7\u00e3o P\u00fablica<\/a><br \/><a class=\"link-text\" href=\"https:\/\/www.acib.pt\/wp-content\/uploads\/2022\/07\/WorkshopApresentacao.pdf\" target=\"_blank\" rel=\"noopener\">Workshop de Apresenta\u00e7\u00e3o<\/a><br \/><a class=\"link-text\" href=\"https:\/\/www.acib.pt\/wp-content\/uploads\/2022\/07\/WorkshopApresentacaoResultadosDiagnostico.pdf\" target=\"_blank\" rel=\"noopener\">Workshop de Apresenta\u00e7\u00e3o de Resultados do Diagn\u00f3stico <\/a><br \/><a class=\"link-text\" href=\"https:\/\/www.acib.pt\/wp-content\/uploads\/2022\/07\/WorkshopEncerramento.pdf\" target=\"_blank\" rel=\"noopener\">Workshop de Encerramento<\/a><br \/><a class=\"link-text\" href=\"https:\/\/www.acib.pt\/wp-content\/uploads\/2022\/07\/BrochuraDiagnostico.pdf\" target=\"_blank\" rel=\"noopener\">Diagn\u00f3stico de Internacionaliza\u00e7\u00e3o &amp; GAP Analysis<\/a><br \/><a class=\"link-text\" href=\"https:\/\/www.acib.pt\/wp-content\/uploads\/2022\/07\/BrochuraResultados.pdf\" target=\"_blank\" rel=\"noopener\">Resultados da Implementa\u00e7\u00e3o &amp; Boas Pr\u00e1ticas<\/a><\/p><div style=\"display: flex; align-items: center; flex-wrap: wrap; column-gap: 10px;\"><img loading=\"lazy\" decoding=\"async\" class=\"alignnone size-medium wp-image-6107\" src=\"https:\/\/www.acib.pt\/wp-content\/uploads\/2023\/04\/agroalimentar-removebg-preview-300x63.png\" alt=\"\" width=\"300\" height=\"63\" srcset=\"https:\/\/www.acib.pt\/wp-content\/uploads\/2023\/04\/agroalimentar-removebg-preview-300x63.png 300w, https:\/\/www.acib.pt\/wp-content\/uploads\/2023\/04\/agroalimentar-removebg-preview.png 491w\" sizes=\"(max-width: 300px) 100vw, 300px\" \/><img decoding=\"async\" src=\"https:\/\/www.acib.pt\/wp-content\/uploads\/2022\/07\/Compete2020.png\" width=\"120px\" \/><br \/><img decoding=\"async\" src=\"https:\/\/www.acib.pt\/wp-content\/uploads\/2022\/07\/Portugal_2020.png\" width=\"120px\" \/><br \/><img decoding=\"async\" src=\"https:\/\/www.acib.pt\/wp-content\/uploads\/2022\/07\/UE_FSE-png.png\" width=\"120px\" \/><\/div><div>\u00a0<\/div><\/div>\n\t\t\t\t<\/div>\n\t\t\t\t\t\t\t<div class=\"elementor-toggle-item\">\n\t\t\t\t\t<div id=\"elementor-tab-title-2243\" class=\"elementor-tab-title\" data-tab=\"3\" role=\"button\" aria-controls=\"elementor-tab-content-2243\" aria-expanded=\"false\">\n\t\t\t\t\t\t\t\t\t\t\t\t<span class=\"elementor-toggle-icon elementor-toggle-icon-left\" aria-hidden=\"true\">\n\t\t\t\t\t\t\t\t\t\t\t\t\t\t\t<span class=\"elementor-toggle-icon-closed\"><i class=\"fas fa-plus\"><\/i><\/span>\n\t\t\t\t\t\t\t\t<span class=\"elementor-toggle-icon-opened\"><i class=\"elementor-toggle-icon-opened fas fa-minus\"><\/i><\/span>\n\t\t\t\t\t\t\t\t\t\t\t\t\t<\/span>\n\t\t\t\t\t\t\t\t\t\t\t\t<a class=\"elementor-toggle-title\" tabindex=\"0\">Forma\u00e7\u00e3o Modular<\/a>\n\t\t\t\t\t<\/div>\n\n\t\t\t\t\t<div id=\"elementor-tab-content-2243\" class=\"elementor-tab-content elementor-clearfix\" data-tab=\"3\" role=\"region\" aria-labelledby=\"elementor-tab-title-2243\"><p><img decoding=\"async\" style=\"float: right;\" src=\"https:\/\/www.acib.pt\/wp-content\/uploads\/2022\/07\/LOGO_ACIB-1.png\" width=\"160px\" \/><br \/><strong>Designa\u00e7\u00e3o do projeto:<\/strong> 1.08 &#8211; Forma\u00e7\u00e3o Modular para Empregados e Desempregados<br \/><strong>C\u00f3digo do projeto:<\/strong> Poise-01-3524-FSE-003325<br \/><strong>Objectivo principal:<\/strong> Potenciar a empregabilidade da popula\u00e7\u00e3o activa, designadamente empregados e desempregados<br \/><strong>Regi\u00e3o de interven\u00e7\u00e3o:<\/strong> Centro<br \/><strong>Entidade benefici\u00e1ria:<\/strong> ACIB &#8211; Associa\u00e7\u00e3o Comercial e Industrial da Bairrada<br \/><strong>Data de aprova\u00e7\u00e3o:<\/strong> 10-12-2020<br \/><strong>Data de conclus\u00e3o:<\/strong> 31-12-2022<br \/><strong>Custo total eleg\u00edvel:<\/strong> 116 230.08\u20ac<br \/><strong>Apoio financeiro da Uni\u00e3o Europeia:<\/strong> 98 795.57\u20ac<br \/><strong>Apoio financeiro p\u00fablico Nacional\/Regional:<\/strong> 17 434.51\u20ac<\/p><p><strong>Objectivos<\/strong><br \/>Responder \u00e0s necessidades de qualifica\u00e7\u00e3o dos activos empregados em contexto de mudan\u00e7a organizacional e processos de reestrutura\u00e7\u00e3o; aumentar as compet\u00eancias e os n\u00edveis de qualifica\u00e7\u00e3o dos mesmos; manter os n\u00edveis de emprego qualificado; aumentar oportunidades de empregabilidade atrav\u00e9s do refor\u00e7o de qualifica\u00e7\u00e3o profissional dos activos empregados e desempregados, aumentar o investimento dos trabalhadores em percursos de forma\u00e7\u00e3o modular ajustadas ao seu perfil e potenciar o reingresso ajustado de desempregados ao mercado de trabalho.<\/p><p><strong>Assim ser\u00e3o realizadas UFCD nas seguintes \u00e1reas:<\/strong><br \/><strong>341 &#8211; Com\u00e9rcio<\/strong><br \/><strong>862 \u2013 Seguran\u00e7a e Higiene no Trabalho<\/strong><br \/><strong>344 \u2013 Contabilidade e Fiscalidade<\/strong><br \/><strong>345 \u2013 Gest\u00e3o e Administra\u00e7\u00e3o<\/strong><br \/><strong>346 \u2013 Secretariado e Trabalho Administrativo<\/strong><br \/><strong>761 \u2013 Servi\u00e7os de Apoio a Crian\u00e7as e Jovens<\/strong><br \/><strong>762 \u2013 Trabalho Social de Orienta\u00e7\u00e3o<\/strong><br \/><strong>811 \u2013 Hotelaria e Restaura\u00e7\u00e3o<\/strong><\/p><p><strong>Resultados Esperados:<\/strong><\/p><ul class=\"custom-list\"><li>Participantes Empregados em Forma\u00e7\u00e3o = 664<\/li><li>Participantes Desempregados na Forma\u00e7\u00e3o= 74<\/li><li>Participantes Empregados com certifica\u00e7\u00e3o = 95%<\/li><li>Participantes Desempregados, com certifica\u00e7\u00e3o = 95%<\/li><\/ul><p><a class=\"link-text\" href=\"#\" target=\"_blank\" rel=\"noopener\"><br \/>Plano de Forma\u00e7\u00e3o<\/a><br \/><a class=\"link-text\" href=\"https:\/\/www.acib.pt\/wp-content\/uploads\/2022\/07\/IgualdadeOportunidades.jpg\" target=\"_blank\" rel=\"noopener\">Igualdade de Oportunidades<\/a><br \/><a class=\"link-text\" href=\"https:\/\/www.acib.pt\/wp-content\/uploads\/2022\/07\/IgualdadeGeneroOportunidades.jpg\">Igualdade de G\u00e9nero e Oportunidades<\/a><br \/><a class=\"link-text\" href=\"https:\/\/www.acib.pt\/wp-content\/uploads\/2022\/07\/FolhetoIgualdadGeneroOportunidades_f.jpg\" target=\"_blank\" rel=\"noopener\">Folheto Igualdade de G\u00e9nero e Oportunidades_f<\/a><br \/><a class=\"link-text\" href=\"https:\/\/www.acib.pt\/wp-content\/uploads\/2022\/07\/FolhetoIgualdadeGeneroOportunidades_v.jpg\" target=\"_blank\" rel=\"noopener\">Folheto Igualdade de G\u00e9nero e Oportunidades_v<\/a><\/p><div style=\"display: flex; align-items: center; flex-wrap: wrap; column-gap: 10px;\"><img decoding=\"async\" src=\"https:\/\/www.acib.pt\/wp-content\/uploads\/2022\/07\/AF-LOGO-POISE.png\" width=\"120px\" \/><br \/><img decoding=\"async\" src=\"https:\/\/www.acib.pt\/wp-content\/uploads\/2022\/07\/Portugal_2020.png\" width=\"120px\" \/><br \/><img decoding=\"async\" src=\"https:\/\/www.acib.pt\/wp-content\/uploads\/2022\/07\/UE_FSE-png.png\" width=\"120px\" \/><\/div><\/div>\n\t\t\t\t<\/div>\n\t\t\t\t\t\t\t<div class=\"elementor-toggle-item\">\n\t\t\t\t\t<div id=\"elementor-tab-title-2244\" class=\"elementor-tab-title\" data-tab=\"4\" role=\"button\" aria-controls=\"elementor-tab-content-2244\" aria-expanded=\"false\">\n\t\t\t\t\t\t\t\t\t\t\t\t<span class=\"elementor-toggle-icon elementor-toggle-icon-left\" aria-hidden=\"true\">\n\t\t\t\t\t\t\t\t\t\t\t\t\t\t\t<span class=\"elementor-toggle-icon-closed\"><i class=\"fas fa-plus\"><\/i><\/span>\n\t\t\t\t\t\t\t\t<span class=\"elementor-toggle-icon-opened\"><i class=\"elementor-toggle-icon-opened fas fa-minus\"><\/i><\/span>\n\t\t\t\t\t\t\t\t\t\t\t\t\t<\/span>\n\t\t\t\t\t\t\t\t\t\t\t\t<a class=\"elementor-toggle-title\" tabindex=\"0\">Programa Forma\u00e7\u00e3o-A\u00e7\u00e3o QI PME \u2013 2\u00ba Ciclo<\/a>\n\t\t\t\t\t<\/div>\n\n\t\t\t\t\t<div id=\"elementor-tab-content-2244\" class=\"elementor-tab-content elementor-clearfix\" data-tab=\"4\" role=\"region\" aria-labelledby=\"elementor-tab-title-2244\"><p><img decoding=\"async\" style=\"float: right;\" src=\"https:\/\/www.acib.pt\/wp-content\/uploads\/2022\/07\/qi-pme-1.png\" width=\"120px\" \/>Este Programa, visa refor\u00e7ar a competitividade das Micro e PME\u00b4S da Regi\u00e3o atrav\u00e9s do aumento da qualifica\u00e7\u00e3o dos seus colaboradores em dom\u00ednios relevantes para a estrat\u00e9gia de inova\u00e7\u00e3o, internacionaliza\u00e7\u00e3o e moderniza\u00e7\u00e3o; aumento da capacidade de gest\u00e3o das empresas para empreenderem processos de mudan\u00e7a\/inova\u00e7\u00e3o e Promo\u00e7\u00e3o de a\u00e7\u00f5es de dinamiza\u00e7\u00e3o e sensibiliza\u00e7\u00e3o para a mudan\u00e7a e interc\u00e2mbio de boas pr\u00e1ticas.<\/p><h5><strong>Ficha de Projeto<\/strong><\/h5><p><strong>Identifica\u00e7\u00e3o e Enquadramento do projecto<\/strong><\/p><p><span style=\"font-weight: 400;\"><span style=\"color: #000000;\">Aviso:<\/span> POCI-60-2019-06<\/span><span style=\"font-weight: 400;\"><br \/><\/span><span style=\"font-weight: 400;\"><span style=\"color: #000000;\">Projecto n\u00ba:<\/span> POCI-03-3560-FSE-000706<\/span><span style=\"font-weight: 400;\"><br \/><\/span><span style=\"font-weight: 400;\"><span style=\"color: #000000;\">Programa Operacional:<\/span> Programa Operacional Competitividade e Internacionaliza\u00e7\u00e3o<\/span><span style=\"font-weight: 400;\"><br \/><\/span><span style=\"font-weight: 400;\"><span style=\"color: #000000;\">Fundo:<\/span> FSE<\/span><\/p><p><span style=\"font-weight: 400;\"><span style=\"color: #000000;\">Prioridade de Investimento:<\/span> Adapta\u00e7\u00e3o dos trabalhadores das empresas e dos empres\u00e1rios \u00e0 mudan\u00e7a<\/span><span style=\"font-weight: 400;\"><br \/><\/span><span style=\"font-weight: 400;\"><span style=\"color: #000000;\">Tipologia da opera\u00e7\u00e3o<\/span><strong>:<\/strong> Forma\u00e7\u00e3o-Ac\u00e7\u00e3o para PME 2\u00ba Ciclo<\/span><span style=\"font-weight: 400;\"><br \/><\/span><span style=\"font-weight: 400;\"><span style=\"color: #000000;\">Organismo Interm\u00e9dio<\/span><strong>:<\/strong> CEC \u2013 Conselho Empresarial do Centro\/CCIC \u2013 C\u00e2mara de Com\u00e9rcio e Ind\u00fastria do centro<\/span><\/p><p><strong>Montantes Envolvidos<\/strong><\/p><p><span style=\"font-weight: 400;\"><span style=\"color: #000000;\">Custo Total eleg\u00edvel<\/span><strong>:<\/strong> 326 625.00 \u20ac<\/span><span style=\"font-weight: 400;\"><br \/><\/span><span style=\"font-weight: 400;\"><span style=\"color: #000000;\">Comparticipa\u00e7\u00e3o FSE<\/span>: 293 962.50 \u20ac<\/span><\/p><p><span style=\"font-weight: 400;\"><span style=\"color: #000000;\">Comparticipa\u00e7\u00e3o Privada<\/span>: 32 662.50\u20ac<\/span><span style=\"font-weight: 400;\"><br \/><\/span><span style=\"font-weight: 400;\"><span style=\"color: #000000;\">Data de In\u00edcio do projecto<\/span>: 2019-12-12 <\/span><span style=\"font-weight: 400;\"><br \/><\/span><span style=\"font-weight: 400;\"><span style=\"color: #000000;\">Data de Fim do projecto<\/span><strong>:<\/strong> 2023-06-30<\/span><\/p><p><strong>S\u00edntese do Projecto<\/strong><\/p><p><span style=\"font-weight: 400;\">Com este projecto pretende-se dar o contributo efectivo \u00e0s PME para a forma\u00e7\u00e3o dos empres\u00e1rios e gestores na reorganiza\u00e7\u00e3o e melhoria das capacidades de gest\u00e3o, nas tem\u00e1ticas seleccionadas. Este contributo efectivo \u00e9 alcan\u00e7ado atrav\u00e9s da implementa\u00e7\u00e3o de um programa estruturado de interven\u00e7\u00e3o no conjunto das 34 PME abrangidas visando a obten\u00e7\u00e3o de solu\u00e7\u00f5es comuns e coerentes face a problemas ou oportunidades a explorar.<\/span><\/p><p><strong>Descri\u00e7\u00e3o e objectivos do Projecto<\/strong><\/p><p><b>\u00a0<\/b><span style=\"font-weight: 400;\">Intensificar a forma\u00e7\u00e3o dos empres\u00e1rios e gestores para a reorganiza\u00e7\u00e3o e melhoria das capacidades de gest\u00e3o, assim como dos trabalhadores das empresas, apoiada em tem\u00e1ticas associadas \u00e0 inova\u00e7\u00e3o e mudan\u00e7a, atrav\u00e9s de:<\/span><span style=\"font-weight: 400;\"><br \/><\/span><span style=\"font-weight: 400;\">\u2022\u00a0\u00a0 \u00a0Aumento da qualifica\u00e7\u00e3o espec\u00edfica dos trabalhadores em dom\u00ednios relevantes para a estrat\u00e9gia de inova\u00e7\u00e3o, internacionaliza\u00e7\u00e3o e moderniza\u00e7\u00e3o das empresas;<\/span><span style=\"font-weight: 400;\"><br \/><\/span><span style=\"font-weight: 400;\">\u2022\u00a0\u00a0 \u00a0Aumento das capacidades de gest\u00e3o das empresas para encetar processos de mudan\u00e7a e inova\u00e7\u00e3o;<\/span><span style=\"font-weight: 400;\"><br \/><\/span><span style=\"font-weight: 400;\">\u2022\u00a0\u00a0 \u00a0Promo\u00e7\u00e3o de ac\u00e7\u00f5es de dinamiza\u00e7\u00e3o e sensibiliza\u00e7\u00e3o para a mudan\u00e7a e interc\u00e2mbio de boas pr\u00e1ticas.<\/span><\/p><p><strong>Metodologia de Forma\u00e7\u00e3o-Ac\u00e7\u00e3o<\/strong><\/p><p><span style=\"font-weight: 400;\">Esta metodologia utiliza em altern\u00e2ncia as vertentes de forma\u00e7\u00e3o (em sala) para empres\u00e1rios e colaboradores e de consultoria (on the job), visando a identifica\u00e7\u00e3o dos constrangimentos ao bom funcionamento global das empresas e a defini\u00e7\u00e3o e implementa\u00e7\u00e3o de ac\u00e7\u00f5es de melhoria, seguindo-se uma avalia\u00e7\u00e3o final da interven\u00e7\u00e3o.<\/span><\/p><p><span style=\"font-weight: 400;\">Com base no diagn\u00f3stico ser\u00e3o definidas ac\u00e7\u00f5es espec\u00edficas nas \u00e1reas tem\u00e1ticas seleccionadas pelas empresas que permitam optimizar processos e procedimentos.<\/span><\/p><p><span style=\"font-weight: 400;\"><br \/><\/span><strong>\u00c1reas Tem\u00e1ticas do Projecto<\/strong><\/p><p><span style=\"font-weight: 400;\">Considerando as principais tend\u00eancias do sector industrial em Portugal e as caracter\u00edsticas estruturais do tecido empresarial da Regi\u00e3o, foi identificada a \u00e1rea tem\u00e1tica a enquadrar nesta interven\u00e7\u00e3o formativa com vista \u00e0 mudan\u00e7a organizacional nas empresas. <br \/><\/span><\/p><p><strong>Organiza\u00e7\u00e3o e Gest\u00e3o: <\/strong><span style=\"font-weight: 400;\">Introdu\u00e7\u00e3o de novos m\u00e9todos ou novas filosofias de organiza\u00e7\u00e3o do trabalho, refor\u00e7o das capacidades de gest\u00e3o, estudos e projectos, redesenho e melhoria de layout, ac\u00e7\u00f5es de benchmarking, diagn\u00f3stico e planeamento, melhoria das capacidades de desenvolvimento e distribui\u00e7\u00e3o de produtos, processos e servi\u00e7os.<\/span><\/p><p><strong>\u00a0P\u00fablico \u2013 Alvo<\/strong><\/p><p><b>\u00a0<\/b><span style=\"font-weight: 400;\">Micro e PME\u00b4s da Regi\u00e3o Centro<\/span><\/p><p><strong>Dura\u00e7\u00e3o da Interven\u00e7\u00e3o<\/strong><\/p><p><b>\u00a0<\/b><span style=\"font-weight: 400;\">Dezembro de 2019 a Junho de 2023, de acordo com o seguinte padr\u00e3o:<\/span><\/p><div style=\"overflow-x: scroll;\"><table class=\"custom-tabela\"><tbody><tr><th style=\"text-align: center;\" colspan=\"6\">N\u00ba de trabalhadores a abranger por empresa<\/th><\/tr><tr><th style=\"text-align: center;\">Tipologia de Empresa<\/th><th style=\"text-align: center;\">Total Horas Forma\u00e7\u00e3o-a\u00e7\u00e3o<\/th><th style=\"text-align: center;\">N\u00ba Horas Forma\u00e7\u00e3o<\/th><th style=\"text-align: center;\">N\u00ba Horas Consultoria<\/th><th style=\"text-align: center;\">Forma\u00e7\u00e3o<\/th><th style=\"text-align: center;\">Consultoria<\/th><\/tr><tr><td>Micro<\/td><td>175<\/td><td>75<\/td><td>100<\/td><td>3* a 6**<\/td><td>3*<\/td><\/tr><tr><td>Pequena<\/td><td>200<\/td><td>100<\/td><td>100<\/td><td>3* a 6**<\/td><td>3*<\/td><\/tr><tr><td>M\u00e9dia<\/td><td>275<\/td><td>125<\/td><td>150<\/td><td>3* a 6**<\/td><td>3*<\/td><\/tr><\/tbody><\/table><\/div><p>*Valor m\u00e9dio m\u00e1ximo por PME em regime de forma\u00e7\u00e3o inter-empresa<br \/>**Cada a\u00e7\u00e3o \/ turma, em regime de forma\u00e7\u00e3o intra-empresa, tem de cumprir um m\u00ednimo de 6 formandos<\/p><p><strong>Financiamento<\/strong><br \/>90 % das despesas eleg\u00edveis<\/p><p><a href=\"https:\/\/www.acib.pt\/wp-content\/uploads\/2023\/05\/ACIB_QIPME_Anuncio.doc.pdf\">An\u00fancio de Contrata\u00e7\u00e3o I<\/a><\/p><p><a href=\"https:\/\/www.acib.pt\/wp-content\/uploads\/2023\/05\/Texto-site-Adjudicacao.doc.pdf\">Decis\u00e3o de Contrata\u00e7\u00e3o I<\/a><\/p><p><a href=\"https:\/\/www.acib.pt\/wp-content\/uploads\/2023\/05\/Anuncio-do-Concurso_QIPME_2022-II.docx.pdf\">An\u00fancio de Contrata\u00e7\u00e3o II<\/a><\/p><p><a href=\"https:\/\/www.acib.pt\/wp-content\/uploads\/2023\/05\/Texto-site-AdjudicacaoII.doc.pdf\">Decis\u00e3o de Contrata\u00e7\u00e3o II<\/a><\/p><p><strong>CONTACTO<\/strong><\/p><p>Clara Oliveira &#8211; Secret\u00e1ria Geral<\/p><p>+351 937 303 250 (Chamada para a rede m\u00f3vel nacional)<\/p><p><a href=\"mailto:apoioempresas@acib.pt\">apoioempresas@acib.pt<\/a><\/p><div style=\"display: flex; align-items: center; flex-wrap: wrap; column-gap: 10px;\"><img decoding=\"async\" src=\"https:\/\/www.acib.pt\/wp-content\/uploads\/2022\/07\/CEC-1.png\" width=\"120px\" \/><br \/><img decoding=\"async\" src=\"https:\/\/www.acib.pt\/wp-content\/uploads\/2022\/07\/Compete2020.png\" width=\"120px\" \/><br \/><img decoding=\"async\" src=\"https:\/\/www.acib.pt\/wp-content\/uploads\/2022\/07\/Portugal_2020.png\" width=\"120px\" \/><br \/><img decoding=\"async\" src=\"https:\/\/www.acib.pt\/wp-content\/uploads\/2022\/07\/UE_FSE-png.png\" width=\"120px\" \/><\/div><\/div>\n\t\t\t\t<\/div>\n\t\t\t\t\t\t\t<div class=\"elementor-toggle-item\">\n\t\t\t\t\t<div id=\"elementor-tab-title-2245\" class=\"elementor-tab-title\" data-tab=\"5\" role=\"button\" aria-controls=\"elementor-tab-content-2245\" aria-expanded=\"false\">\n\t\t\t\t\t\t\t\t\t\t\t\t<span class=\"elementor-toggle-icon elementor-toggle-icon-left\" aria-hidden=\"true\">\n\t\t\t\t\t\t\t\t\t\t\t\t\t\t\t<span class=\"elementor-toggle-icon-closed\"><i class=\"fas fa-plus\"><\/i><\/span>\n\t\t\t\t\t\t\t\t<span class=\"elementor-toggle-icon-opened\"><i class=\"elementor-toggle-icon-opened fas fa-minus\"><\/i><\/span>\n\t\t\t\t\t\t\t\t\t\t\t\t\t<\/span>\n\t\t\t\t\t\t\t\t\t\t\t\t<a class=\"elementor-toggle-title\" tabindex=\"0\">acelerar 2030<\/a>\n\t\t\t\t\t<\/div>\n\n\t\t\t\t\t<div id=\"elementor-tab-content-2245\" class=\"elementor-tab-content elementor-clearfix\" data-tab=\"5\" role=\"region\" aria-labelledby=\"elementor-tab-title-2245\"><p><img loading=\"lazy\" decoding=\"async\" class=\"alignnone size-medium wp-image-8092\" src=\"https:\/\/www.acib.pt\/wp-content\/uploads\/2024\/06\/Acelerar2030-Verde_Sem-Fundo-300x114.png\" alt=\"\" width=\"300\" height=\"114\" srcset=\"https:\/\/www.acib.pt\/wp-content\/uploads\/2024\/06\/Acelerar2030-Verde_Sem-Fundo-300x114.png 300w, https:\/\/www.acib.pt\/wp-content\/uploads\/2024\/06\/Acelerar2030-Verde_Sem-Fundo-1024x390.png 1024w, https:\/\/www.acib.pt\/wp-content\/uploads\/2024\/06\/Acelerar2030-Verde_Sem-Fundo-768x293.png 768w, https:\/\/www.acib.pt\/wp-content\/uploads\/2024\/06\/Acelerar2030-Verde_Sem-Fundo-1536x585.png 1536w, https:\/\/www.acib.pt\/wp-content\/uploads\/2024\/06\/Acelerar2030-Verde_Sem-Fundo-2048x781.png 2048w\" sizes=\"(max-width: 300px) 100vw, 300px\" \/><\/p><p>O\u00a0<strong><em>ACELERAR 2030 \u2013 Para um Centro + Digital\u00a0<\/em><\/strong>resultou de uma vontade coletiva de 22 entidades da NUT II Centro, liderada pelo\u00a0<a href=\"https:\/\/cec.org.pt\/\" target=\"_blank\" rel=\"noopener\">CEC-Conselho Empresarial do Centro | C\u00e2mara de Com\u00e9rcio e Ind\u00fastria do Centro<\/a><\/p><p>Em outubro de 2022 submeteu-se candidatura, em cons\u00f3rcio, ao abrigo do Aviso N.\u00ba 04\/C16-i02\/2022 \u2013 Concurso para a Apresenta\u00e7\u00e3o de Candidaturas para Desenvolvimento de Projetos no \u00e2mbito das Aceleradoras de Com\u00e9rcio Digital, que se insere na componente 16 do PRR \u201cEmpresas 4.0\u201d e que tem como foco a progressiva digitaliza\u00e7\u00e3o do tecido econ\u00f3mico.<\/p><p>Est\u00e3o envolvidas um total de 22 entidades associativas, com experi\u00eancia em projetos de liga\u00e7\u00e3o ao tecido empresarial e com capilaridade regional de atua\u00e7\u00e3o junto do sector empresarial de com\u00e9rcio e servi\u00e7os, garantindo uma cobertura de todo o territ\u00f3rio da NUT II Centro.<\/p><p><strong>CONTACTO<\/strong><\/p><p>Clara Oliveira\u00a0<\/p><p>Patr\u00edcia Rodrigues<\/p><p><a href=\"mailto:acelerar_acib@acelerar2030.pt\" target=\"_blank\" rel=\"noopener\">acelerar_acib@acelerar2030.pt<\/a><\/p><div style=\"display: flex; align-items: center; flex-wrap: wrap; column-gap: 10px;\"><p><img loading=\"lazy\" decoding=\"async\" class=\"alignnone size-medium wp-image-8141\" src=\"https:\/\/www.acib.pt\/wp-content\/uploads\/2024\/07\/cec-removebg-preview-300x117.png\" alt=\"\" width=\"300\" height=\"117\" srcset=\"https:\/\/www.acib.pt\/wp-content\/uploads\/2024\/07\/cec-removebg-preview-300x117.png 300w, https:\/\/www.acib.pt\/wp-content\/uploads\/2024\/07\/cec-removebg-preview.png 476w\" sizes=\"(max-width: 300px) 100vw, 300px\" \/><\/p><\/div><p><strong>Regi\u00e3o de Aveiro &#8211; Aceleradora de Com\u00e9rcio Digital\u00a0<\/strong><\/p><p><img loading=\"lazy\" decoding=\"async\" class=\"alignnone size-medium wp-image-8134\" src=\"https:\/\/www.acib.pt\/wp-content\/uploads\/2024\/07\/aca-removebg-preview-229x300.png\" alt=\"\" width=\"229\" height=\"300\" srcset=\"https:\/\/www.acib.pt\/wp-content\/uploads\/2024\/07\/aca-removebg-preview-229x300.png 229w, https:\/\/www.acib.pt\/wp-content\/uploads\/2024\/07\/aca-removebg-preview.png 261w\" sizes=\"(max-width: 229px) 100vw, 229px\" \/>\u00a0 \u00a0 \u00a0 \u00a0<img loading=\"lazy\" decoding=\"async\" class=\"alignnone size-medium wp-image-8132\" src=\"https:\/\/www.acib.pt\/wp-content\/uploads\/2024\/07\/Screenshot-2024-03-22-at-20.46.52-removebg-preview-225x300.png\" alt=\"\" width=\"225\" height=\"300\" srcset=\"https:\/\/www.acib.pt\/wp-content\/uploads\/2024\/07\/Screenshot-2024-03-22-at-20.46.52-removebg-preview-225x300.png 225w, https:\/\/www.acib.pt\/wp-content\/uploads\/2024\/07\/Screenshot-2024-03-22-at-20.46.52-removebg-preview.png 253w\" sizes=\"(max-width: 225px) 100vw, 225px\" \/>\u00a0 \u00a0 \u00a0 \u00a0 \u00a0 \u00a0 <img loading=\"lazy\" decoding=\"async\" class=\"alignnone size-medium wp-image-8133\" src=\"https:\/\/www.acib.pt\/wp-content\/uploads\/2024\/07\/sema-removebg-preview-209x300.png\" alt=\"\" width=\"209\" height=\"300\" srcset=\"https:\/\/www.acib.pt\/wp-content\/uploads\/2024\/07\/sema-removebg-preview-209x300.png 209w, https:\/\/www.acib.pt\/wp-content\/uploads\/2024\/07\/sema-removebg-preview.png 238w\" sizes=\"(max-width: 209px) 100vw, 209px\" \/><\/p><p><a href=\"https:\/\/acelerar2030.pt\/\"><strong>TUDO SOBRE O<\/strong><strong> PROJETO<\/strong><\/a><\/p><p><a href=\"https:\/\/www.acaveiro.pt\/wp-content\/uploads\/2024\/04\/Ficha-projeto-acelerar2030.pdf\"><span style=\"text-decoration: underline;\"><strong>FICHA DO PROJETO\u00a0<\/strong><\/span><\/a><\/p><p><img loading=\"lazy\" decoding=\"async\" class=\"alignnone wp-image-8140 size-large\" src=\"https:\/\/www.acib.pt\/wp-content\/uploads\/2024\/07\/BARRA_LOGOS-03-1024x148.png\" alt=\"\" width=\"800\" height=\"116\" srcset=\"https:\/\/www.acib.pt\/wp-content\/uploads\/2024\/07\/BARRA_LOGOS-03-1024x148.png 1024w, https:\/\/www.acib.pt\/wp-content\/uploads\/2024\/07\/BARRA_LOGOS-03-300x43.png 300w, https:\/\/www.acib.pt\/wp-content\/uploads\/2024\/07\/BARRA_LOGOS-03-768x111.png 768w, https:\/\/www.acib.pt\/wp-content\/uploads\/2024\/07\/BARRA_LOGOS-03-1536x222.png 1536w, https:\/\/www.acib.pt\/wp-content\/uploads\/2024\/07\/BARRA_LOGOS-03-2048x296.png 2048w\" sizes=\"(max-width: 800px) 100vw, 800px\" \/><\/p><div style=\"display: flex; align-items: center; flex-wrap: wrap; column-gap: 10px;\">\u00a0<\/div><\/div>\n\t\t\t\t<\/div>\n\t\t\t\t\t\t\t<div class=\"elementor-toggle-item\">\n\t\t\t\t\t<div id=\"elementor-tab-title-2246\" class=\"elementor-tab-title\" data-tab=\"6\" role=\"button\" aria-controls=\"elementor-tab-content-2246\" aria-expanded=\"false\">\n\t\t\t\t\t\t\t\t\t\t\t\t<span class=\"elementor-toggle-icon elementor-toggle-icon-left\" aria-hidden=\"true\">\n\t\t\t\t\t\t\t\t\t\t\t\t\t\t\t<span class=\"elementor-toggle-icon-closed\"><i class=\"fas fa-plus\"><\/i><\/span>\n\t\t\t\t\t\t\t\t<span class=\"elementor-toggle-icon-opened\"><i class=\"elementor-toggle-icon-opened fas fa-minus\"><\/i><\/span>\n\t\t\t\t\t\t\t\t\t\t\t\t\t<\/span>\n\t\t\t\t\t\t\t\t\t\t\t\t<a class=\"elementor-toggle-title\" tabindex=\"0\">Anadia Digit@ll | BAIRROS COMERCIAIS DIGITAIS<\/a>\n\t\t\t\t\t<\/div>\n\n\t\t\t\t\t<div id=\"elementor-tab-content-2246\" class=\"elementor-tab-content elementor-clearfix\" data-tab=\"6\" role=\"region\" aria-labelledby=\"elementor-tab-title-2246\"><p><strong>DESIGNA\u00c7\u00c3O DO PROJETO:<\/strong>\u00a0Anadia Digit@ll | BAIRROS COMERCIAIS DIGITAIS<\/p><p><strong>C\u00d3DIGO DO PROJETO<\/strong>: PRR &#8211; Projeto n\u00ba 5354.<\/p><p><strong>OBJETIVO PRINCIPAL:<\/strong><\/p><p>O objetivo geral do projeto \u00e9 fomentar o desenvolvimento dos setores do com\u00e9rcio e dos servi\u00e7os abertos ao consumidor, atrav\u00e9s da digitaliza\u00e7\u00e3o dos operadores econ\u00f3micos presentes na \u00e1rea de interven\u00e7\u00e3o e dos seus modelos de neg\u00f3cio, alavancando o crescimento econ\u00f3mico local com a realiza\u00e7\u00e3o de investimentos em tecnologia e no respeito aos princ\u00edpios da sustentabilidade e inclus\u00e3o.<\/p><p><strong>ENTIDADE PROMOTORA:<\/strong>\u00a0MUNICIPIO DE ANADIA em cons\u00f3rcio com a ACIB \u2013 Associa\u00e7\u00e3o Comercial e Industrial da Bairrada<\/p><p><strong>DATA DE APROVA\u00c7\u00c3O:<\/strong>\u00a017.10.2023<\/p><p><strong>DATA DE CONCLUS\u00c3O:<\/strong>\u00a030.09.2025<\/p><p><strong>CUSTO TOTAL ELEGIVEL:<\/strong>\u00a0835.001,28\u20ac<\/p><p><strong>OBJETIVOS, ATIVIDADES E RESULTADOS ESPERADOS:<\/strong><\/p><p>Este projeto tem uma \u00e1rea de interven\u00e7\u00e3o definida como \u2018Bairro\u2019 obrigatoriamente delimitada como \u00e1rea de interven\u00e7\u00e3o das a\u00e7\u00f5es a implementar. Prev\u00ea-se assim que no final da execu\u00e7\u00e3o do projeto o com\u00e9rcio local se encontre com um n\u00edvel de qualifica\u00e7\u00e3o digital mais elevado n\u00e3o s\u00f3 pela forma\u00e7\u00e3o ministrada, mas tamb\u00e9m ela introdu\u00e7\u00e3o pela proximidade da digitaliza\u00e7\u00e3o aos seus neg\u00f3cios e intrdua\u00e7\u00e3 das tecnologias. Todos os agentes econ\u00f3micos ter\u00e3o a oportunidade de integrar o markeplace e APP m\u00f3vel e assim promover e estar apto para comercializar os seus produtos e servi\u00e7os a n\u00edvel nacional e regional. Ao mesmo tempo est\u00e1 previsto investimento em equipamentos e infraestruturas que permitir\u00e3o que o \u2018Bairro\u2019 se torne um espa\u00e7o mais digital e mais acess\u00edvel, atrav\u00e9s da integra\u00e7\u00e3o de solu\u00e7\u00f5es tecnol\u00f3gicas \u2013 Refor\u00e7o da rede wifi, ilumina\u00e7\u00e3o p\u00fablica inteligente, bancos digitais, paragem de autocarro inteligente, mupies, cacifos, estacionamento inteligente e smart counters.<\/p><p>Um caminho para Anadia\u00a0<em>Smart Citie<\/em>\u00a0sempre enquadrado com os objetivos para o desenvolvimento Sustent\u00e1vel definidos em candidatura: igualdade de g\u00e9nero, trabalho digno e crescimento econ\u00f3mico, redu\u00e7\u00e3o das desigualdades, cidades e comunidades sustent\u00e1vel, a\u00e7\u00e3o clim\u00e1tica, paz, justi\u00e7a e institui\u00e7\u00f5es eficazes.<\/p><p><a class=\"writer_file_document pdf\" href=\"https:\/\/www.acib.pt\/wp-content\/uploads\/2024\/08\/pdf-e1723125695361.png\" target=\"_blank\" rel=\"noopener\"><img loading=\"lazy\" decoding=\"async\" class=\"alignnone wp-image-8189\" src=\"https:\/\/www.acib.pt\/wp-content\/uploads\/2024\/08\/pdf-150x150.png\" alt=\"\" width=\"25\" height=\"25\" \/><\/a><a class=\"writer_file_document pdf\" href=\"https:\/\/www.cm-anadia.pt\/cmanadia\/uploads\/writer_file\/document\/3679\/ficha_de_projeto_anadia_digital.pdf\" target=\"_blank\" rel=\"noopener\" data-smiledocument=\"smiledocument\">Ficha de Projeto Anadia Digital<\/a><\/p><p>Consulte a apresenta\u00e7\u00e3o do projeto Anadia Digit@ll | BAIRROS COMERCIAIS DIGITAIS:<strong>\u00a0\u00a0<a href=\"https:\/\/drive.google.com\/file\/d\/1FM1sK89iJIBYY57oT2y-Lja3t-xf5os8\/view?usp=drive_link\" target=\"_blank\" rel=\"noopener\">AQUI<\/a><\/strong><\/p><p>Veja o v\u00eddeo de apresenta\u00e7\u00e3o do projeto:\u00a0<strong><a href=\"https:\/\/drive.google.com\/file\/d\/1T9m6Jx-lXS2SWRmiGJowYEYT0r4H2Fts\/view?usp=drive_link\" target=\"_blank\" rel=\"noopener\">AQUI<\/a><\/strong><\/p><p>Visualize as fotos da inaugura\u00e7\u00e3o do Gabinete de Apoio ao Com\u00e9rcio Local:<strong>\u00a0<a href=\"https:\/\/drive.google.com\/file\/d\/1rkjns3bG_naniI6OqBKATEXS4ZCRfYz_\/view?usp=drive_link\" target=\"_blank\" rel=\"noopener\">AQUI<\/a><\/strong><\/p><p><img loading=\"lazy\" decoding=\"async\" class=\"alignnone wp-image-8140\" src=\"https:\/\/www.acib.pt\/wp-content\/uploads\/2024\/07\/BARRA_LOGOS-03-1024x148.png\" alt=\"\" width=\"600\" height=\"87\" srcset=\"https:\/\/www.acib.pt\/wp-content\/uploads\/2024\/07\/BARRA_LOGOS-03-1024x148.png 1024w, https:\/\/www.acib.pt\/wp-content\/uploads\/2024\/07\/BARRA_LOGOS-03-300x43.png 300w, https:\/\/www.acib.pt\/wp-content\/uploads\/2024\/07\/BARRA_LOGOS-03-768x111.png 768w, https:\/\/www.acib.pt\/wp-content\/uploads\/2024\/07\/BARRA_LOGOS-03-1536x222.png 1536w, https:\/\/www.acib.pt\/wp-content\/uploads\/2024\/07\/BARRA_LOGOS-03-2048x296.png 2048w\" sizes=\"(max-width: 600px) 100vw, 600px\" \/><\/p><div style=\"display: flex; align-items: center; flex-wrap: wrap; column-gap: 10px;\">\u00a0<\/div><\/div>\n\t\t\t\t<\/div>\n\t\t\t\t\t\t\t<div class=\"elementor-toggle-item\">\n\t\t\t\t\t<div id=\"elementor-tab-title-2247\" class=\"elementor-tab-title\" data-tab=\"7\" role=\"button\" aria-controls=\"elementor-tab-content-2247\" aria-expanded=\"false\">\n\t\t\t\t\t\t\t\t\t\t\t\t<span class=\"elementor-toggle-icon elementor-toggle-icon-left\" aria-hidden=\"true\">\n\t\t\t\t\t\t\t\t\t\t\t\t\t\t\t<span class=\"elementor-toggle-icon-closed\"><i class=\"fas fa-plus\"><\/i><\/span>\n\t\t\t\t\t\t\t\t<span class=\"elementor-toggle-icon-opened\"><i class=\"elementor-toggle-icon-opened fas fa-minus\"><\/i><\/span>\n\t\t\t\t\t\t\t\t\t\t\t\t\t<\/span>\n\t\t\t\t\t\t\t\t\t\t\t\t<a class=\"elementor-toggle-title\" tabindex=\"0\">Bairro Comercial Digital de Oliveira do Bairro<\/a>\n\t\t\t\t\t<\/div>\n\n\t\t\t\t\t<div id=\"elementor-tab-content-2247\" class=\"elementor-tab-content elementor-clearfix\" data-tab=\"7\" role=\"region\" aria-labelledby=\"elementor-tab-title-2247\"><p>O projeto \u201cBairro Comercial Digital de Oliveira do Bairro\u201d pretende dinamizar a zona central da cidade de Oliveira do Bairro, dando-lhe uma nova din\u00e2mica, suportada pelas novas tecnologias e pela digitaliza\u00e7\u00e3o das trocas comerciais.<\/p><p>A zona comercial abrangida pela opera\u00e7\u00e3o contempla um total de 140 estabelecimentos, dos quais 71 do setor comercial, 8 do setor HORECA e 61 do setor de servi\u00e7os.<\/p><p>O projeto conta com um investimento previsto de 750.000,23 euros, tendo origem numa candidatura do Munic\u00edpio, em cons\u00f3rcio com a\u00a0<a href=\"https:\/\/www.acib.pt\/\">ACIB &#8211; Associa\u00e7\u00e3o Comercial e Industrial da Bairrada<\/a>, no \u00e2mbito do\u00a0<a title=\"Site PRR\" href=\"https:\/\/recuperarportugal.gov.pt\/prr\/\" target=\"_blank\" rel=\"noopener\">PRR \u2013 Plano de Recupera\u00e7\u00e3o e Resili\u00eancia<\/a>.<\/p><p class=\"wm-smile-h5 \"><strong>Ficha de Projeto<\/strong><\/p><p><img loading=\"lazy\" decoding=\"async\" class=\"alignleft wp-image-8189\" src=\"https:\/\/www.acib.pt\/wp-content\/uploads\/2024\/08\/pdf-300x300.png\" alt=\"\" width=\"25\" height=\"25\" \/><a class=\"writer_file_document pdf\" href=\"https:\/\/www.cm-olb.pt\/oliveiradobairro\/uploads\/writer_file\/document\/2164\/ficha_de_projeto.pdf\" target=\"_blank\" rel=\"noopener\" data-smiledocument=\"smiledocument\">Ficha de Projeto Bairro Comercial de Oliveira do Bairro<\/a><\/p><p><img loading=\"lazy\" decoding=\"async\" class=\"alignnone wp-image-8140\" src=\"https:\/\/www.acib.pt\/wp-content\/uploads\/2024\/07\/BARRA_LOGOS-03-1024x148.png\" alt=\"\" width=\"600\" height=\"87\" srcset=\"https:\/\/www.acib.pt\/wp-content\/uploads\/2024\/07\/BARRA_LOGOS-03-1024x148.png 1024w, https:\/\/www.acib.pt\/wp-content\/uploads\/2024\/07\/BARRA_LOGOS-03-300x43.png 300w, https:\/\/www.acib.pt\/wp-content\/uploads\/2024\/07\/BARRA_LOGOS-03-768x111.png 768w, https:\/\/www.acib.pt\/wp-content\/uploads\/2024\/07\/BARRA_LOGOS-03-1536x222.png 1536w, https:\/\/www.acib.pt\/wp-content\/uploads\/2024\/07\/BARRA_LOGOS-03-2048x296.png 2048w\" sizes=\"(max-width: 600px) 100vw, 600px\" \/><\/p><div style=\"display: flex; align-items: center; flex-wrap: wrap; column-gap: 10px;\">\u00a0<\/div><\/div>\n\t\t\t\t<\/div>\n\t\t\t\t\t\t\t\t<\/div>\n\t\t\t\t\t\t<\/div>\n\t\t\t\t<\/div>\n\t\t\t\t\t<\/div>\n\t\t<\/div>\n\t\t\t\t\t<\/div>\n\t\t<\/section>\n\t\t\t\t<section class=\"elementor-section elementor-top-section elementor-element elementor-element-e7a8609 elementor-section-boxed elementor-section-height-default elementor-section-height-default\" data-id=\"e7a8609\" data-element_type=\"section\" id=\"espacos-equipamentos-eventos\">\n\t\t\t\t\t\t<div class=\"elementor-container elementor-column-gap-default\">\n\t\t\t\t\t<div class=\"elementor-column elementor-col-100 elementor-top-column elementor-element elementor-element-ab348a0\" data-id=\"ab348a0\" data-element_type=\"column\">\n\t\t\t<div class=\"elementor-widget-wrap elementor-element-populated\">\n\t\t\t\t\t\t<div class=\"elementor-element elementor-element-ab7d57c elementor-widget elementor-widget-heading\" data-id=\"ab7d57c\" data-element_type=\"widget\" data-widget_type=\"heading.default\">\n\t\t\t\t<div class=\"elementor-widget-container\">\n\t\t\t\t\t<h3 class=\"elementor-heading-title elementor-size-default\">ESPA\u00c7OS, EQUIPAMENTOS E EVENTOS<\/h3>\t\t\t\t<\/div>\n\t\t\t\t<\/div>\n\t\t\t\t<div class=\"elementor-element elementor-element-e53d93c elementor-widget-divider--view-line elementor-widget elementor-widget-divider\" data-id=\"e53d93c\" data-element_type=\"widget\" data-widget_type=\"divider.default\">\n\t\t\t\t<div class=\"elementor-widget-container\">\n\t\t\t\t\t\t\t<div class=\"elementor-divider\">\n\t\t\t<span class=\"elementor-divider-separator\">\n\t\t\t\t\t\t<\/span>\n\t\t<\/div>\n\t\t\t\t\t\t<\/div>\n\t\t\t\t<\/div>\n\t\t\t\t<div class=\"elementor-element elementor-element-e48f435 paragraph-text elementor-widget elementor-widget-text-editor\" data-id=\"e48f435\" data-element_type=\"widget\" data-widget_type=\"text-editor.default\">\n\t\t\t\t<div class=\"elementor-widget-container\">\n\t\t\t\t\t\t\t\t\tA ACIB tem muito gosto em ajudar o Associado a prosperar na sua atividade.\t\t\t\t\t\t\t\t<\/div>\n\t\t\t\t<\/div>\n\t\t\t\t<div class=\"elementor-element elementor-element-84201d1 paragraph-text elementor-widget elementor-widget-text-editor\" data-id=\"84201d1\" data-element_type=\"widget\" data-widget_type=\"text-editor.default\">\n\t\t\t\t<div class=\"elementor-widget-container\">\n\t\t\t\t\t\t\t\t\tUma das formas de colaborar com as atividades das Empresas nossas Associadas, \u00e9 a disponibiliza\u00e7\u00e3o de espa\u00e7os, equipamentos e servi\u00e7os de apoio \u00e0 organiza\u00e7\u00e3o de eventos: Reuni\u00f5es, Workshops, Apresenta\u00e7\u00f5es, Lan\u00e7amentos de produtos, etc.\t\t\t\t\t\t\t\t<\/div>\n\t\t\t\t<\/div>\n\t\t\t\t<div class=\"elementor-element elementor-element-a5abb26 paragraph-text elementor-widget elementor-widget-text-editor\" data-id=\"a5abb26\" data-element_type=\"widget\" data-widget_type=\"text-editor.default\">\n\t\t\t\t<div class=\"elementor-widget-container\">\n\t\t\t\t\t\t\t\t\tDa organiza\u00e7\u00e3o \u00e0 log\u00edstica, cooperamos em tudo o que for necess\u00e1rio para elevar o desempenho das a\u00e7\u00f5es empresariais ao melhor n\u00edvel poss\u00edvel.\t\t\t\t\t\t\t\t<\/div>\n\t\t\t\t<\/div>\n\t\t\t\t<div class=\"elementor-element elementor-element-aa9d7d5 paragraph-text elementor-widget elementor-widget-text-editor\" data-id=\"aa9d7d5\" data-element_type=\"widget\" data-widget_type=\"text-editor.default\">\n\t\t\t\t<div class=\"elementor-widget-container\">\n\t\t\t\t\t\t\t\t\t<ul class=\"custom-list\"><li><p>Salas de Forma\u00e7\u00e3o e Audit\u00f3rio, com capacidades de 10 a 200 pessoas;<\/p><\/li><li>Show-Room; para exposi\u00e7\u00f5es e apresenta\u00e7\u00f5es \/ lan\u00e7amentos de produto;<\/li><li>Equipamento Audiovisual;<\/li><li>Estacionamento, de grande capacidade.<\/li><\/ul>\t\t\t\t\t\t\t\t<\/div>\n\t\t\t\t<\/div>\n\t\t\t\t<div class=\"elementor-element elementor-element-82b4395 paragraph-text elementor-widget elementor-widget-text-editor\" data-id=\"82b4395\" data-element_type=\"widget\" data-widget_type=\"text-editor.default\">\n\t\t\t\t<div class=\"elementor-widget-container\">\n\t\t\t\t\t\t\t\t\t<p><a class=\"btn-saber-mais\" href=\"https:\/\/www.acib.pt\/index.php\/pedido-de-proposta-para-aluguer-do-espaco\/\" target=\"_blank\" rel=\"noopener\">Pedir Proposta<\/a><\/p>\t\t\t\t\t\t\t\t<\/div>\n\t\t\t\t<\/div>\n\t\t\t\t\t<\/div>\n\t\t<\/div>\n\t\t\t\t\t<\/div>\n\t\t<\/section>\n\t\t\t\t<\/div>\n\t\t","protected":false},"excerpt":{"rendered":"<p>SERVI\u00c7OS A ACIB integra uma Equipa T\u00e9cnica, com profissionais qualificados em val\u00eancias distintas, que lidam diariamente com as Empresas, ouvindo e percebendo as suas necessidades, partilhando informa\u00e7\u00e3o que seja relevante para os Empres\u00e1rios e Gestores.A experi\u00eancia adquirida, junto \u00e0 realidade empresarial da Regi\u00e3o, possibilitou desenvolver v\u00e1rios Servi\u00e7os especializados, para apoio ao Empres\u00e1rio Associado, em \u00e1reas [&hellip;]<\/p>\n","protected":false},"author":1,"featured_media":0,"parent":0,"menu_order":0,"comment_status":"closed","ping_status":"closed","template":"","meta":{"footnotes":""},"class_list":["post-4823","page","type-page","status-publish","hentry"],"yoast_head":"<!-- This site is optimized with the Yoast SEO plugin v26.1.1 - https:\/\/yoast.com\/wordpress\/plugins\/seo\/ -->\n<title>Servi\u00e7os - ACIB - Associa\u00e7\u00e3o Comercial e Industrial da Bairrada<\/title>\n<meta name=\"robots\" content=\"index, follow, max-snippet:-1, max-image-preview:large, max-video-preview:-1\" \/>\n<link rel=\"canonical\" href=\"https:\/\/www.acib.pt\/index.php\/servicos\/\" \/>\n<meta property=\"og:locale\" content=\"pt_PT\" \/>\n<meta property=\"og:type\" content=\"article\" \/>\n<meta property=\"og:title\" content=\"Servi\u00e7os - ACIB - Associa\u00e7\u00e3o Comercial e Industrial da Bairrada\" \/>\n<meta property=\"og:description\" content=\"SERVI\u00c7OS A ACIB integra uma Equipa T\u00e9cnica, com profissionais qualificados em val\u00eancias distintas, que lidam diariamente com as Empresas, ouvindo e percebendo as suas necessidades, partilhando informa\u00e7\u00e3o que seja relevante para os Empres\u00e1rios e Gestores.A experi\u00eancia adquirida, junto \u00e0 realidade empresarial da Regi\u00e3o, possibilitou desenvolver v\u00e1rios Servi\u00e7os especializados, para apoio ao Empres\u00e1rio Associado, em \u00e1reas [&hellip;]\" \/>\n<meta property=\"og:url\" content=\"https:\/\/www.acib.pt\/index.php\/servicos\/\" \/>\n<meta property=\"og:site_name\" content=\"ACIB - Associa\u00e7\u00e3o Comercial e Industrial da Bairrada\" \/>\n<meta property=\"article:modified_time\" content=\"2026-04-14T14:56:33+00:00\" \/>\n<meta property=\"og:image\" content=\"https:\/\/www.acib.pt\/wp-content\/uploads\/2025\/10\/ACIB-Formacao-Empilhadores.png\" \/>\n<meta name=\"twitter:card\" content=\"summary_large_image\" \/>\n<meta name=\"twitter:label1\" content=\"Tempo estimado de leitura\" \/>\n\t<meta name=\"twitter:data1\" content=\"39 minutos\" \/>\n<script type=\"application\/ld+json\" class=\"yoast-schema-graph\">{\"@context\":\"https:\/\/schema.org\",\"@graph\":[{\"@type\":\"WebPage\",\"@id\":\"https:\/\/www.acib.pt\/index.php\/servicos\/\",\"url\":\"https:\/\/www.acib.pt\/index.php\/servicos\/\",\"name\":\"Servi\u00e7os - ACIB - Associa\u00e7\u00e3o Comercial e Industrial da Bairrada\",\"isPartOf\":{\"@id\":\"https:\/\/www.acib.pt\/#website\"},\"primaryImageOfPage\":{\"@id\":\"https:\/\/www.acib.pt\/index.php\/servicos\/#primaryimage\"},\"image\":{\"@id\":\"https:\/\/www.acib.pt\/index.php\/servicos\/#primaryimage\"},\"thumbnailUrl\":\"https:\/\/www.acib.pt\/wp-content\/uploads\/2025\/10\/ACIB-Formacao-Empilhadores.png\",\"datePublished\":\"2022-09-12T13:53:32+00:00\",\"dateModified\":\"2026-04-14T14:56:33+00:00\",\"breadcrumb\":{\"@id\":\"https:\/\/www.acib.pt\/index.php\/servicos\/#breadcrumb\"},\"inLanguage\":\"pt-PT\",\"potentialAction\":[{\"@type\":\"ReadAction\",\"target\":[\"https:\/\/www.acib.pt\/index.php\/servicos\/\"]}]},{\"@type\":\"ImageObject\",\"inLanguage\":\"pt-PT\",\"@id\":\"https:\/\/www.acib.pt\/index.php\/servicos\/#primaryimage\",\"url\":\"https:\/\/www.acib.pt\/wp-content\/uploads\/2025\/10\/ACIB-Formacao-Empilhadores.png\",\"contentUrl\":\"https:\/\/www.acib.pt\/wp-content\/uploads\/2025\/10\/ACIB-Formacao-Empilhadores.png\"},{\"@type\":\"BreadcrumbList\",\"@id\":\"https:\/\/www.acib.pt\/index.php\/servicos\/#breadcrumb\",\"itemListElement\":[{\"@type\":\"ListItem\",\"position\":1,\"name\":\"In\u00edcio\",\"item\":\"https:\/\/www.acib.pt\/\"},{\"@type\":\"ListItem\",\"position\":2,\"name\":\"Servi\u00e7os\"}]},{\"@type\":\"WebSite\",\"@id\":\"https:\/\/www.acib.pt\/#website\",\"url\":\"https:\/\/www.acib.pt\/\",\"name\":\"ACIB - Associa\u00e7\u00e3o Comercial e Industrial da Bairrada\",\"description\":\"\",\"publisher\":{\"@id\":\"https:\/\/www.acib.pt\/#organization\"},\"potentialAction\":[{\"@type\":\"SearchAction\",\"target\":{\"@type\":\"EntryPoint\",\"urlTemplate\":\"https:\/\/www.acib.pt\/?s={search_term_string}\"},\"query-input\":{\"@type\":\"PropertyValueSpecification\",\"valueRequired\":true,\"valueName\":\"search_term_string\"}}],\"inLanguage\":\"pt-PT\"},{\"@type\":\"Organization\",\"@id\":\"https:\/\/www.acib.pt\/#organization\",\"name\":\"ACIB - Associa\u00e7\u00e3o Comercial e Industrial da Bairrada\",\"url\":\"https:\/\/www.acib.pt\/\",\"logo\":{\"@type\":\"ImageObject\",\"inLanguage\":\"pt-PT\",\"@id\":\"https:\/\/www.acib.pt\/#\/schema\/logo\/image\/\",\"url\":\"https:\/\/www.acib.pt\/wp-content\/uploads\/2022\/05\/logo-header.png\",\"contentUrl\":\"https:\/\/www.acib.pt\/wp-content\/uploads\/2022\/05\/logo-header.png\",\"width\":566,\"height\":800,\"caption\":\"ACIB - Associa\u00e7\u00e3o Comercial e Industrial da Bairrada\"},\"image\":{\"@id\":\"https:\/\/www.acib.pt\/#\/schema\/logo\/image\/\"}}]}<\/script>\n<!-- \/ Yoast SEO plugin. -->","yoast_head_json":{"title":"Servi\u00e7os - ACIB - Associa\u00e7\u00e3o Comercial e Industrial da Bairrada","robots":{"index":"index","follow":"follow","max-snippet":"max-snippet:-1","max-image-preview":"max-image-preview:large","max-video-preview":"max-video-preview:-1"},"canonical":"https:\/\/www.acib.pt\/index.php\/servicos\/","og_locale":"pt_PT","og_type":"article","og_title":"Servi\u00e7os - ACIB - Associa\u00e7\u00e3o Comercial e Industrial da Bairrada","og_description":"SERVI\u00c7OS A ACIB integra uma Equipa T\u00e9cnica, com profissionais qualificados em val\u00eancias distintas, que lidam diariamente com as Empresas, ouvindo e percebendo as suas necessidades, partilhando informa\u00e7\u00e3o que seja relevante para os Empres\u00e1rios e Gestores.A experi\u00eancia adquirida, junto \u00e0 realidade empresarial da Regi\u00e3o, possibilitou desenvolver v\u00e1rios Servi\u00e7os especializados, para apoio ao Empres\u00e1rio Associado, em \u00e1reas [&hellip;]","og_url":"https:\/\/www.acib.pt\/index.php\/servicos\/","og_site_name":"ACIB - Associa\u00e7\u00e3o Comercial e Industrial da Bairrada","article_modified_time":"2026-04-14T14:56:33+00:00","og_image":[{"url":"https:\/\/www.acib.pt\/wp-content\/uploads\/2025\/10\/ACIB-Formacao-Empilhadores.png","type":"","width":"","height":""}],"twitter_card":"summary_large_image","twitter_misc":{"Tempo estimado de leitura":"39 minutos"},"schema":{"@context":"https:\/\/schema.org","@graph":[{"@type":"WebPage","@id":"https:\/\/www.acib.pt\/index.php\/servicos\/","url":"https:\/\/www.acib.pt\/index.php\/servicos\/","name":"Servi\u00e7os - ACIB - Associa\u00e7\u00e3o Comercial e Industrial da Bairrada","isPartOf":{"@id":"https:\/\/www.acib.pt\/#website"},"primaryImageOfPage":{"@id":"https:\/\/www.acib.pt\/index.php\/servicos\/#primaryimage"},"image":{"@id":"https:\/\/www.acib.pt\/index.php\/servicos\/#primaryimage"},"thumbnailUrl":"https:\/\/www.acib.pt\/wp-content\/uploads\/2025\/10\/ACIB-Formacao-Empilhadores.png","datePublished":"2022-09-12T13:53:32+00:00","dateModified":"2026-04-14T14:56:33+00:00","breadcrumb":{"@id":"https:\/\/www.acib.pt\/index.php\/servicos\/#breadcrumb"},"inLanguage":"pt-PT","potentialAction":[{"@type":"ReadAction","target":["https:\/\/www.acib.pt\/index.php\/servicos\/"]}]},{"@type":"ImageObject","inLanguage":"pt-PT","@id":"https:\/\/www.acib.pt\/index.php\/servicos\/#primaryimage","url":"https:\/\/www.acib.pt\/wp-content\/uploads\/2025\/10\/ACIB-Formacao-Empilhadores.png","contentUrl":"https:\/\/www.acib.pt\/wp-content\/uploads\/2025\/10\/ACIB-Formacao-Empilhadores.png"},{"@type":"BreadcrumbList","@id":"https:\/\/www.acib.pt\/index.php\/servicos\/#breadcrumb","itemListElement":[{"@type":"ListItem","position":1,"name":"In\u00edcio","item":"https:\/\/www.acib.pt\/"},{"@type":"ListItem","position":2,"name":"Servi\u00e7os"}]},{"@type":"WebSite","@id":"https:\/\/www.acib.pt\/#website","url":"https:\/\/www.acib.pt\/","name":"ACIB - Associa\u00e7\u00e3o Comercial e Industrial da Bairrada","description":"","publisher":{"@id":"https:\/\/www.acib.pt\/#organization"},"potentialAction":[{"@type":"SearchAction","target":{"@type":"EntryPoint","urlTemplate":"https:\/\/www.acib.pt\/?s={search_term_string}"},"query-input":{"@type":"PropertyValueSpecification","valueRequired":true,"valueName":"search_term_string"}}],"inLanguage":"pt-PT"},{"@type":"Organization","@id":"https:\/\/www.acib.pt\/#organization","name":"ACIB - Associa\u00e7\u00e3o Comercial e Industrial da Bairrada","url":"https:\/\/www.acib.pt\/","logo":{"@type":"ImageObject","inLanguage":"pt-PT","@id":"https:\/\/www.acib.pt\/#\/schema\/logo\/image\/","url":"https:\/\/www.acib.pt\/wp-content\/uploads\/2022\/05\/logo-header.png","contentUrl":"https:\/\/www.acib.pt\/wp-content\/uploads\/2022\/05\/logo-header.png","width":566,"height":800,"caption":"ACIB - Associa\u00e7\u00e3o Comercial e Industrial da Bairrada"},"image":{"@id":"https:\/\/www.acib.pt\/#\/schema\/logo\/image\/"}}]}},"_links":{"self":[{"href":"https:\/\/www.acib.pt\/index.php\/wp-json\/wp\/v2\/pages\/4823","targetHints":{"allow":["GET"]}}],"collection":[{"href":"https:\/\/www.acib.pt\/index.php\/wp-json\/wp\/v2\/pages"}],"about":[{"href":"https:\/\/www.acib.pt\/index.php\/wp-json\/wp\/v2\/types\/page"}],"author":[{"embeddable":true,"href":"https:\/\/www.acib.pt\/index.php\/wp-json\/wp\/v2\/users\/1"}],"replies":[{"embeddable":true,"href":"https:\/\/www.acib.pt\/index.php\/wp-json\/wp\/v2\/comments?post=4823"}],"version-history":[{"count":1149,"href":"https:\/\/www.acib.pt\/index.php\/wp-json\/wp\/v2\/pages\/4823\/revisions"}],"predecessor-version":[{"id":11024,"href":"https:\/\/www.acib.pt\/index.php\/wp-json\/wp\/v2\/pages\/4823\/revisions\/11024"}],"wp:attachment":[{"href":"https:\/\/www.acib.pt\/index.php\/wp-json\/wp\/v2\/media?parent=4823"}],"curies":[{"name":"wp","href":"https:\/\/api.w.org\/{rel}","templated":true}]}}